{"id":38033,"date":"2018-03-06T08:18:02","date_gmt":"2018-03-06T07:18:02","guid":{"rendered":"http:\/\/fabrykachlodu.pl\/sklep\/?page_id=38033"},"modified":"2019-06-24T14:56:54","modified_gmt":"2019-06-24T12:56:54","slug":"wynajem-klimatyzacji","status":"publish","type":"page","link":"https:\/\/www.fabrykachlodu.pl\/sklep\/wynajem-klimatyzacji\/","title":{"rendered":"Wynajem klimatyzacji"},"content":{"rendered":"<div class=\"wpb-content-wrapper\">[vc_row][vc_column][vc_column_text]<img fetchpriority=\"high\" decoding=\"async\" class=\"alignnone size-full wp-image-38630\" src=\"http:\/\/fabrykachlodu.pl\/sklep\/wp-content\/uploads\/2018\/03\/klimatyzacja.do_.salonu.jpg\" alt=\"\" width=\"1235\" height=\"433\" srcset=\"https:\/\/www.fabrykachlodu.pl\/sklep\/wp-content\/uploads\/2018\/03\/klimatyzacja.do_.salonu.jpg 1235w, https:\/\/www.fabrykachlodu.pl\/sklep\/wp-content\/uploads\/2018\/03\/klimatyzacja.do_.salonu-600x210.jpg 600w, https:\/\/www.fabrykachlodu.pl\/sklep\/wp-content\/uploads\/2018\/03\/klimatyzacja.do_.salonu-64x22.jpg 64w, https:\/\/www.fabrykachlodu.pl\/sklep\/wp-content\/uploads\/2018\/03\/klimatyzacja.do_.salonu-300x105.jpg 300w, https:\/\/www.fabrykachlodu.pl\/sklep\/wp-content\/uploads\/2018\/03\/klimatyzacja.do_.salonu-768x269.jpg 768w, https:\/\/www.fabrykachlodu.pl\/sklep\/wp-content\/uploads\/2018\/03\/klimatyzacja.do_.salonu-1024x359.jpg 1024w\" sizes=\"(max-width: 1235px) 100vw, 1235px\" \/>[\/vc_column_text][vc_separator][\/vc_column][\/vc_row][vc_row][vc_column width=&#8221;2\/3&#8243;]<div id=\"ultimate-heading-301369f26a24c713b\" class=\"uvc-heading ult-adjust-bottom-margin ultimate-heading-301369f26a24c713b uvc-5108  uvc-heading-default-font-sizes\" data-hspacer=\"no_spacer\"  data-halign=\"center\" style=\"text-align:center\"><div class=\"uvc-heading-spacer no_spacer\" style=\"top\"><\/div><div class=\"uvc-main-heading ult-responsive\"  data-ultimate-target='.uvc-heading.ultimate-heading-301369f26a24c713b h2'  data-responsive-json-new='{\"font-size\":\"\",\"line-height\":\"\"}' ><h2 style=\"--font-weight:theme;\">Wynajem Klimatyzacji w Warszawie<\/h2><\/div><div class=\"uvc-sub-heading ult-responsive\"  data-ultimate-target='.uvc-heading.ultimate-heading-301369f26a24c713b .uvc-sub-heading '  data-responsive-json-new='{\"font-size\":\"\",\"line-height\":\"\"}'  style=\"font-weight:normal;\">Program pilota\u017cowy Fabryki Ch\u0142odu, gdzie klimatyzacja montowana jest na czas okre\u015blony.<\/div><\/div>[vc_empty_space][vc_column_text]Cena zawiera wynajem kompletnego systemu ch\u0142odz\u0105cego (jednostki wewn\u0119trznej oraz zewn\u0119trznej).<\/p>\n<p><strong>Najwa\u017cniejsze zalety<\/strong><br \/>\n<ul class=\"standard-arrow list-divider\"><li><p>Brak konieczno\u015bci przegl\u0105d\u00f3w i naprawy<\/p>\n<\/li><li><p>Bez zb\u0119dnej inwestycji<\/p>\n<\/li><li><p>Sezonowe rozwi\u0105zanie<\/p>\n<\/li><li><p>Szybki monta\u017c i wymiana<\/p>\n<\/li><li><p>Zawsze najnowszy model<\/p>\n<\/li>\n<\/ul>[\/vc_column_text]<div id=\"ultimate-heading-470169f26a24c730a\" class=\"uvc-heading ult-adjust-bottom-margin ultimate-heading-470169f26a24c730a uvc-2086  uvc-heading-default-font-sizes\" data-hspacer=\"no_spacer\"  data-halign=\"left\" style=\"text-align:left\"><div class=\"uvc-heading-spacer no_spacer\" style=\"top\"><\/div><div class=\"uvc-main-heading ult-responsive\"  data-ultimate-target='.uvc-heading.ultimate-heading-470169f26a24c730a h2'  data-responsive-json-new='{\"font-size\":\"\",\"line-height\":\"\"}' ><h2 style=\"--font-weight:theme;\">Szybki monta\u017c i uruchomienie!<\/h2><\/div><div class=\"uvc-sub-heading ult-responsive\"  data-ultimate-target='.uvc-heading.ultimate-heading-470169f26a24c730a .uvc-sub-heading '  data-responsive-json-new='{\"font-size\":\"\",\"line-height\":\"\"}'  style=\"font-weight:normal;\">Z wierceniem lub bez. Na czym to polega i co zyskujesz?<\/div><\/div>[vc_empty_space][vc_column_text css_animation=&#8221;bounceIn&#8221;]\n<div class=\"mceTemp\"><\/div>\n<p><strong style=\"color: #111111; font-family: 'normal Arial', Helvetica, sans-serif; font-size: 14px;\">Szybki Monta\u017c &#8211; BEZ WIERCENIA<\/strong><\/p>\n<ul class=\"standard-arrow list-divider\"><li><p>Brak otwor\u00f3w na przewodym, na \u015bruby<\/p>\n<\/li><li><p>Opaska okienna, jednostki na stojakach<\/p>\n<\/li><li><p>Mo\u017cliwo\u015b\u0107 zamkni\u0119cia okna<\/p>\n<\/li><li><p>Potrzebne gniazdko elektryczne<\/p>\n<\/li><li><p>Monta\u017c i uruchomienie &#8211; oko\u0142o 1.5 godziny<\/p>\n<\/li>\n<\/ul>\n<div id=\"attachment_39532\" style=\"width: 552px\" class=\"wp-caption aligncenter\"><img decoding=\"async\" aria-describedby=\"caption-attachment-39532\" class=\"wp-image-39532 size-full\" src=\"https:\/\/www.fabrykachlodu.pl\/sklep\/view\/uploads\/2019\/06\/montaz.tymczasowy.klimatyzacji.png\" alt=\"montaz tymczasowy\" width=\"542\" height=\"333\" srcset=\"https:\/\/www.fabrykachlodu.pl\/sklep\/wp-content\/uploads\/2019\/06\/montaz.tymczasowy.klimatyzacji.png 542w, https:\/\/www.fabrykachlodu.pl\/sklep\/wp-content\/uploads\/2019\/06\/montaz.tymczasowy.klimatyzacji-64x39.png 64w, https:\/\/www.fabrykachlodu.pl\/sklep\/wp-content\/uploads\/2019\/06\/montaz.tymczasowy.klimatyzacji-300x184.png 300w\" sizes=\"(max-width: 542px) 100vw, 542px\" \/><p id=\"caption-attachment-39532\" class=\"wp-caption-text\">Urz\u0105dzenia na stojakach. Opaska w okinie celem przeprowadzenia przewod\u00f3w. Przewody QUICKCONNECT aby od\u0142\u0105czy\u0107 celem zamkni\u0119cia okna.<\/p><\/div>\n<div id=\"attachment_39543\" style=\"width: 849px\" class=\"wp-caption aligncenter\"><img decoding=\"async\" aria-describedby=\"caption-attachment-39543\" class=\"wp-image-39543 size-full\" src=\"https:\/\/www.fabrykachlodu.pl\/sklep\/view\/uploads\/2019\/06\/montaz.tymczasowy.klimatyzatora.bez_.wiercenia.jpg\" alt=\"\" width=\"839\" height=\"193\" srcset=\"https:\/\/www.fabrykachlodu.pl\/sklep\/wp-content\/uploads\/2019\/06\/montaz.tymczasowy.klimatyzatora.bez_.wiercenia.jpg 839w, https:\/\/www.fabrykachlodu.pl\/sklep\/wp-content\/uploads\/2019\/06\/montaz.tymczasowy.klimatyzatora.bez_.wiercenia-600x138.jpg 600w, https:\/\/www.fabrykachlodu.pl\/sklep\/wp-content\/uploads\/2019\/06\/montaz.tymczasowy.klimatyzatora.bez_.wiercenia-64x15.jpg 64w, https:\/\/www.fabrykachlodu.pl\/sklep\/wp-content\/uploads\/2019\/06\/montaz.tymczasowy.klimatyzatora.bez_.wiercenia-300x69.jpg 300w, https:\/\/www.fabrykachlodu.pl\/sklep\/wp-content\/uploads\/2019\/06\/montaz.tymczasowy.klimatyzatora.bez_.wiercenia-768x177.jpg 768w\" sizes=\"(max-width: 839px) 100vw, 839px\" \/><p id=\"caption-attachment-39543\" class=\"wp-caption-text\">Przewody QUICKCONNECT.<\/p><\/div>\n[\/vc_column_text][vc_empty_space][vc_column_text css_animation=&#8221;bounceIn&#8221;]<strong>Szybki Monta\u017c &#8211; Z WIERCENIEM<\/strong><br \/>\n<ul class=\"standard-arrow list-divider\"><li><p>Jeden otw\u00f3r w scianie 50mm, maskowany, uszczelniany na zime<\/p>\n<\/li><li><p>Brak opaski okiennej<\/p>\n<\/li><li><p>Postawienie na wieszakach wewn\u0105trz lub na zewn\u0105trz, lub przywiercenie do sciany<\/p>\n<\/li><li><p>Potrzebne gniazdko elektryczne<\/p>\n<\/li><li><p>Monta\u017c oko\u0142o 2.5 godziny<\/p>\n<\/li>\n<\/ul>\n<p><strong><img loading=\"lazy\" decoding=\"async\" class=\"aligncenter wp-image-39542 size-full\" src=\"https:\/\/www.fabrykachlodu.pl\/sklep\/view\/uploads\/2019\/06\/klimatyzator.bez_.wiercenia.jpg\" alt=\"\" width=\"740\" height=\"191\" srcset=\"https:\/\/www.fabrykachlodu.pl\/sklep\/wp-content\/uploads\/2019\/06\/klimatyzator.bez_.wiercenia.jpg 740w, https:\/\/www.fabrykachlodu.pl\/sklep\/wp-content\/uploads\/2019\/06\/klimatyzator.bez_.wiercenia-600x155.jpg 600w, https:\/\/www.fabrykachlodu.pl\/sklep\/wp-content\/uploads\/2019\/06\/klimatyzator.bez_.wiercenia-64x17.jpg 64w, https:\/\/www.fabrykachlodu.pl\/sklep\/wp-content\/uploads\/2019\/06\/klimatyzator.bez_.wiercenia-300x77.jpg 300w\" sizes=\"(max-width: 740px) 100vw, 740px\" \/><\/strong><\/p>\n<p>Teraz, kiedy wiesz na czym polega szybki monta\u017c, zapraszamy do wybory klimatyzatora.[\/vc_column_text][vc_empty_space][\/vc_column][vc_column width=&#8221;1\/3&#8243;][vc_column_text]<strong>Warunki oferty<\/strong><br \/>\n<ul class=\"standard-arrow list-divider\"><li><p>Minimalny okres wynajmu &#8211; 1 miesi\u0105c<\/p>\n<\/li><li><p>Zwrotna kaucja<\/p>\n<\/li><li><p>Spe\u0142nienie warunk\u00f3w technicznych<\/p>\n<\/li><li><p>Dost\u0119p do lokalizacji<\/p>\n<\/li><\/ul>[\/vc_column_text]<div class=\"standard-arrow list-divider bullet-top\"><ul>\n<li>Wybierz model<\/li>\n<li>Potwierd\u017a dat\u0119 instalacji<\/li>\n<li>Potwierd\u017a dat\u0119 odbioru klimatyzatora<\/li>\n<\/ul>\n<\/div>[vc_empty_space][\/vc_column][\/vc_row][vc_row][vc_column]<div class=\"woocommerce columns-5 \"><div class=\"wf-container dt-products  woo-hover products loading-effect-fade-in description-on-hover cart-btn-on-img wc-img-hover hide-description wc-grid\" data-padding=\"0px\" data-cur-page=\"1\" data-desktop-columns-num=\"4\" data-v-tablet-columns-num=\"2\" data-h-tablet-columns-num=\"3\" data-phone-columns-num=\"1\">\n\n<article class=\"post visible description-off add-to-wishlist-after_add_to_cart product type-product post-38144 status-publish first instock product_cat-fujitsu product_cat-tani-klimatyzator-do-ogrzewania-zima product_cat-wszystkie-produkty product_tag-nordic has-post-thumbnail sale taxable shipping-taxable purchasable product-type-variable has-default-attributes\">\n\n\t\n\t<span class=\"onsale\">Promocja!<\/span>\n\t<figure class=\"woocom-project\">\n\t<div class=\"woo-buttons-on-img\">\n\n\t\t<a href=\"https:\/\/www.fabrykachlodu.pl\/sklep\/produkt\/chcesz-ogrzewac-klima-ten-model-moze-zastapic-tradycyjne-ogrzewanie\/\" class=\"alignnone layzr-bg\"><img loading=\"lazy\" decoding=\"async\" width=\"300\" height=\"300\" src=\"data:image\/svg+xml;charset=utf-8,%3Csvg xmlns%3D&#039;http%3A%2F%2Fwww.w3.org%2F2000%2Fsvg&#039; viewBox%3D&#039;0 0 300 300&#039;%2F%3E\" class=\"attachment-woocommerce_thumbnail size-woocommerce_thumbnail lazy-load preload-me\" alt=\"chcesz ogrzewa\u0107 klim\u0105?\" data-src=\"https:\/\/www.fabrykachlodu.pl\/sklep\/wp-content\/uploads\/2018\/03\/Klimatyzator.do_.mieszkania.wne\u0328trzaLMCE-300x300.jpg\" data-srcset=\"https:\/\/www.fabrykachlodu.pl\/sklep\/wp-content\/uploads\/2018\/03\/Klimatyzator.do_.mieszkania.wne\u0328trzaLMCE-300x300.jpg 300w, https:\/\/www.fabrykachlodu.pl\/sklep\/wp-content\/uploads\/2018\/03\/Klimatyzator.do_.mieszkania.wne\u0328trzaLMCE-200x200.jpg 200w, https:\/\/www.fabrykachlodu.pl\/sklep\/wp-content\/uploads\/2018\/03\/Klimatyzator.do_.mieszkania.wne\u0328trzaLMCE-600x600.jpg 600w, https:\/\/www.fabrykachlodu.pl\/sklep\/wp-content\/uploads\/2018\/03\/Klimatyzator.do_.mieszkania.wne\u0328trzaLMCE-64x64.jpg 64w, https:\/\/www.fabrykachlodu.pl\/sklep\/wp-content\/uploads\/2018\/03\/Klimatyzator.do_.mieszkania.wne\u0328trzaLMCE-150x150.jpg 150w, https:\/\/www.fabrykachlodu.pl\/sklep\/wp-content\/uploads\/2018\/03\/Klimatyzator.do_.mieszkania.wne\u0328trzaLMCE-768x768.jpg 768w, https:\/\/www.fabrykachlodu.pl\/sklep\/wp-content\/uploads\/2018\/03\/Klimatyzator.do_.mieszkania.wne\u0328trzaLMCE.jpg 1000w\" title=\"Chcesz ogrzewa\u0107 klim\u0105? ASYG09LZCA AOYG09LZCAN NORDIC NORDIC FUJITSU\" \/><img loading=\"lazy\" decoding=\"async\" width=\"300\" height=\"300\" src=\"data:image\/svg+xml;charset=utf-8,%3Csvg xmlns%3D&#039;http%3A%2F%2Fwww.w3.org%2F2000%2Fsvg&#039; viewBox%3D&#039;0 0 300 300&#039;%2F%3E\" class=\"show-on-hover back-image lazy-load preload-me\" alt=\"Chcesz ogrzewa\u0107 klim\u0105? ASYG09LZCA AOYG09LZCAN NORDIC NORDIC FUJITSU\" data-src=\"https:\/\/www.fabrykachlodu.pl\/sklep\/wp-content\/uploads\/2018\/02\/pilot.fujitsu-lm-asyg14lmce-aoyg14lmce-300x300.jpg\" data-srcset=\"https:\/\/www.fabrykachlodu.pl\/sklep\/wp-content\/uploads\/2018\/02\/pilot.fujitsu-lm-asyg14lmce-aoyg14lmce-300x300.jpg 300w, https:\/\/www.fabrykachlodu.pl\/sklep\/wp-content\/uploads\/2018\/02\/pilot.fujitsu-lm-asyg14lmce-aoyg14lmce-200x200.jpg 200w, https:\/\/www.fabrykachlodu.pl\/sklep\/wp-content\/uploads\/2018\/02\/pilot.fujitsu-lm-asyg14lmce-aoyg14lmce-150x150.jpg 150w\" title=\"Chcesz ogrzewa\u0107 klim\u0105? ASYG09LZCA AOYG09LZCAN NORDIC NORDIC FUJITSU\" \/><\/a>\n\t<\/div>\n\t<figcaption class=\"woocom-list-content\">\n\n\t\t<div class=\"woocommerce-product-details__short-description\">\n\t<h5>Najwa\u017cniejsze zalety<\/h5>\n<ul class=\"standard-arrow list-divider\"><li><p>Pot\u0119\u017cna moc grzewcza <\/p>\n<\/li><li><p>Wydajna oszcz\u0119dno\u015b\u0107 energii<\/p>\n<\/li><li><p>Tryb cichej pracy<\/p>\n<\/li><li><p>Praca w niskiej temperaturze otoczenia <\/p>\n<\/li><\/ul>\n<\/div>\n\n<div\n\tclass=\"yith-wcwl-add-to-wishlist add-to-wishlist-38144  wishlist-fragment on-first-load\"\n\tdata-fragment-ref=\"38144\"\n\tdata-fragment-options=\"{&quot;base_url&quot;:&quot;&quot;,&quot;in_default_wishlist&quot;:false,&quot;is_single&quot;:false,&quot;show_exists&quot;:false,&quot;product_id&quot;:38144,&quot;parent_product_id&quot;:38144,&quot;product_type&quot;:&quot;variable&quot;,&quot;show_view&quot;:false,&quot;browse_wishlist_text&quot;:&quot;Przegl\\u0105daj list\\u0119&quot;,&quot;already_in_wishslist_text&quot;:&quot;Dodano!&quot;,&quot;product_added_text&quot;:&quot;Zapisano!&quot;,&quot;heading_icon&quot;:&quot;&quot;,&quot;available_multi_wishlist&quot;:false,&quot;disable_wishlist&quot;:false,&quot;show_count&quot;:false,&quot;ajax_loading&quot;:false,&quot;loop_position&quot;:&quot;after_add_to_cart&quot;,&quot;item&quot;:&quot;add_to_wishlist&quot;}\"\n>\n\t<\/div>\n\n\t<\/figcaption>\n<\/figure>\n\n<\/article>\n\n\n\n<article class=\"post visible description-off add-to-wishlist-after_add_to_cart product type-product post-38195 status-publish instock product_cat-fujitsu product_cat-lt-nordic-chlodzenie-i-ogrzewanie-montaz-sprzedaz product_cat-wszystkie-produkty product_tag-nordic has-post-thumbnail taxable shipping-taxable purchasable product-type-variable has-default-attributes\">\n\n\t<figure class=\"woocom-project\">\n\t<div class=\"woo-buttons-on-img\">\n\n\t\t<a href=\"https:\/\/www.fabrykachlodu.pl\/sklep\/produkt\/wynajem-klimatyzatorow-w-warszawie-ktore-moga-dobrze-chlodzic-jak-i-mocno-grzac-ordic\/\" class=\"alignnone layzr-bg\"><img loading=\"lazy\" decoding=\"async\" width=\"300\" height=\"300\" src=\"data:image\/svg+xml;charset=utf-8,%3Csvg xmlns%3D&#039;http%3A%2F%2Fwww.w3.org%2F2000%2Fsvg&#039; viewBox%3D&#039;0 0 300 300&#039;%2F%3E\" class=\"attachment-woocommerce_thumbnail size-woocommerce_thumbnail lazy-load preload-me\" alt=\"ASYG09LTCB.klimatyzator.tani\" data-src=\"https:\/\/www.fabrykachlodu.pl\/sklep\/wp-content\/uploads\/2018\/03\/ASYG09LTCB.klimatyzator.tani_-300x300.jpg\" data-srcset=\"https:\/\/www.fabrykachlodu.pl\/sklep\/wp-content\/uploads\/2018\/03\/ASYG09LTCB.klimatyzator.tani_-300x300.jpg 300w, https:\/\/www.fabrykachlodu.pl\/sklep\/wp-content\/uploads\/2018\/03\/ASYG09LTCB.klimatyzator.tani_-200x200.jpg 200w, https:\/\/www.fabrykachlodu.pl\/sklep\/wp-content\/uploads\/2018\/03\/ASYG09LTCB.klimatyzator.tani_-600x600.jpg 600w, https:\/\/www.fabrykachlodu.pl\/sklep\/wp-content\/uploads\/2018\/03\/ASYG09LTCB.klimatyzator.tani_-64x64.jpg 64w, https:\/\/www.fabrykachlodu.pl\/sklep\/wp-content\/uploads\/2018\/03\/ASYG09LTCB.klimatyzator.tani_-150x150.jpg 150w, https:\/\/www.fabrykachlodu.pl\/sklep\/wp-content\/uploads\/2018\/03\/ASYG09LTCB.klimatyzator.tani_-768x768.jpg 768w, https:\/\/www.fabrykachlodu.pl\/sklep\/wp-content\/uploads\/2018\/03\/ASYG09LTCB.klimatyzator.tani_.jpg 1000w\" title=\"Wynajem klimatyzator\u00f3w mocno ch\u0142odz\u0105 i grzej\u0105 ASYG09LTCB AOYG09LTCN NORDIC NORDIC FUJITSU\" \/><img loading=\"lazy\" decoding=\"async\" width=\"300\" height=\"300\" src=\"data:image\/svg+xml;charset=utf-8,%3Csvg xmlns%3D&#039;http%3A%2F%2Fwww.w3.org%2F2000%2Fsvg&#039; viewBox%3D&#039;0 0 300 300&#039;%2F%3E\" class=\"show-on-hover back-image lazy-load preload-me\" alt=\"Wynajem klimatyzator\u00f3w mocno ch\u0142odz\u0105 i grzej\u0105 ASYG09LTCB AOYG09LTCN NORDIC NORDIC FUJITSU\" data-src=\"https:\/\/www.fabrykachlodu.pl\/sklep\/wp-content\/uploads\/2018\/02\/pilot.fujitsu-lm-asyg14lmce-aoyg14lmce-300x300.jpg\" data-srcset=\"https:\/\/www.fabrykachlodu.pl\/sklep\/wp-content\/uploads\/2018\/02\/pilot.fujitsu-lm-asyg14lmce-aoyg14lmce-300x300.jpg 300w, https:\/\/www.fabrykachlodu.pl\/sklep\/wp-content\/uploads\/2018\/02\/pilot.fujitsu-lm-asyg14lmce-aoyg14lmce-200x200.jpg 200w, https:\/\/www.fabrykachlodu.pl\/sklep\/wp-content\/uploads\/2018\/02\/pilot.fujitsu-lm-asyg14lmce-aoyg14lmce-150x150.jpg 150w\" title=\"Wynajem klimatyzator\u00f3w mocno ch\u0142odz\u0105 i grzej\u0105 ASYG09LTCB AOYG09LTCN NORDIC NORDIC FUJITSU\" \/><\/a>\n\t<\/div>\n\t<figcaption class=\"woocom-list-content\">\n\n\t\t<div class=\"woocommerce-product-details__short-description\">\n\t<h5>Najwa\u017cniejsze zalety<\/h5>\n<ul class=\"standard-arrow list-divider\"><li><p>Pot\u0119\u017cna moc grzewcza <\/p>\n<\/li><li><p>Wydajna oszcz\u0119dno\u015b\u0107 energii<\/p>\n<\/li><li><p>Tryb cichej pracy<\/p>\n<\/li><li><p>Praca w niskiej temperaturze otoczenia <\/p>\n<\/li><\/ul>\n<\/div>\n\n<div\n\tclass=\"yith-wcwl-add-to-wishlist add-to-wishlist-38195  wishlist-fragment on-first-load\"\n\tdata-fragment-ref=\"38195\"\n\tdata-fragment-options=\"{&quot;base_url&quot;:&quot;&quot;,&quot;in_default_wishlist&quot;:false,&quot;is_single&quot;:false,&quot;show_exists&quot;:false,&quot;product_id&quot;:38195,&quot;parent_product_id&quot;:38195,&quot;product_type&quot;:&quot;variable&quot;,&quot;show_view&quot;:false,&quot;browse_wishlist_text&quot;:&quot;Przegl\\u0105daj list\\u0119&quot;,&quot;already_in_wishslist_text&quot;:&quot;Dodano!&quot;,&quot;product_added_text&quot;:&quot;Zapisano!&quot;,&quot;heading_icon&quot;:&quot;&quot;,&quot;available_multi_wishlist&quot;:false,&quot;disable_wishlist&quot;:false,&quot;show_count&quot;:false,&quot;ajax_loading&quot;:false,&quot;loop_position&quot;:&quot;after_add_to_cart&quot;,&quot;item&quot;:&quot;add_to_wishlist&quot;}\"\n>\n\t<\/div>\n\n\t<\/figcaption>\n<\/figure>\n\n<\/article>\n\n<\/div><\/div><div class=\"woocommerce columns-5 \"><div class=\"wf-container dt-products  woo-hover products loading-effect-fade-in description-on-hover cart-btn-on-img wc-img-hover hide-description wc-grid\" data-padding=\"0px\" data-cur-page=\"1\" data-desktop-columns-num=\"4\" data-v-tablet-columns-num=\"2\" data-h-tablet-columns-num=\"3\" data-phone-columns-num=\"1\">\n\n<article class=\"post visible description-off add-to-wishlist-after_add_to_cart product type-product post-38128 status-publish first instock product_cat-fujitsu product_cat-dobry-klimatyzator-do-biura-sklepu-czy-mieszkania product_cat-wszystkie-produkty product_tag-nocriax has-post-thumbnail taxable shipping-taxable purchasable product-type-variable has-default-attributes\">\n\n\t<figure class=\"woocom-project\">\n\t<div class=\"woo-buttons-on-img\">\n\n\t\t<a href=\"https:\/\/www.fabrykachlodu.pl\/sklep\/produkt\/dobra-klimatyzacja-nocriax-zapewni-komfort-i-oszczednosc-energii\/\" class=\"alignnone layzr-bg\"><img loading=\"lazy\" decoding=\"async\" width=\"300\" height=\"300\" src=\"data:image\/svg+xml;charset=utf-8,%3Csvg xmlns%3D&#039;http%3A%2F%2Fwww.w3.org%2F2000%2Fsvg&#039; viewBox%3D&#039;0 0 300 300&#039;%2F%3E\" class=\"attachment-woocommerce_thumbnail size-woocommerce_thumbnail lazy-load preload-me\" alt=\"Dobra klimatyzacja Warszawa\" data-src=\"https:\/\/www.fabrykachlodu.pl\/sklep\/wp-content\/uploads\/2018\/03\/nocriaX.klimatyzator.cena_.tanio_-1-300x300.jpg\" data-srcset=\"https:\/\/www.fabrykachlodu.pl\/sklep\/wp-content\/uploads\/2018\/03\/nocriaX.klimatyzator.cena_.tanio_-1-300x300.jpg 300w, https:\/\/www.fabrykachlodu.pl\/sklep\/wp-content\/uploads\/2018\/03\/nocriaX.klimatyzator.cena_.tanio_-1-200x200.jpg 200w, https:\/\/www.fabrykachlodu.pl\/sklep\/wp-content\/uploads\/2018\/03\/nocriaX.klimatyzator.cena_.tanio_-1-600x600.jpg 600w, https:\/\/www.fabrykachlodu.pl\/sklep\/wp-content\/uploads\/2018\/03\/nocriaX.klimatyzator.cena_.tanio_-1-64x64.jpg 64w, https:\/\/www.fabrykachlodu.pl\/sklep\/wp-content\/uploads\/2018\/03\/nocriaX.klimatyzator.cena_.tanio_-1-150x150.jpg 150w, https:\/\/www.fabrykachlodu.pl\/sklep\/wp-content\/uploads\/2018\/03\/nocriaX.klimatyzator.cena_.tanio_-1-768x768.jpg 768w, https:\/\/www.fabrykachlodu.pl\/sklep\/wp-content\/uploads\/2018\/03\/nocriaX.klimatyzator.cena_.tanio_-1.jpg 1000w\" title=\"Dobra klimatyzacja ASYG09KXCA AOYG09KXCA nocriaX nocriaX FUJITSU\" \/><img loading=\"lazy\" decoding=\"async\" width=\"300\" height=\"300\" src=\"data:image\/svg+xml;charset=utf-8,%3Csvg xmlns%3D&#039;http%3A%2F%2Fwww.w3.org%2F2000%2Fsvg&#039; viewBox%3D&#039;0 0 300 300&#039;%2F%3E\" class=\"show-on-hover back-image lazy-load preload-me\" alt=\"Dobra klimatyzacja ASYG09KXCA AOYG09KXCA nocriaX nocriaX FUJITSU\" data-src=\"https:\/\/www.fabrykachlodu.pl\/sklep\/wp-content\/uploads\/2018\/02\/pilot.fujitsu-lm-asyg14lmce-aoyg14lmce-300x300.jpg\" data-srcset=\"https:\/\/www.fabrykachlodu.pl\/sklep\/wp-content\/uploads\/2018\/02\/pilot.fujitsu-lm-asyg14lmce-aoyg14lmce-300x300.jpg 300w, https:\/\/www.fabrykachlodu.pl\/sklep\/wp-content\/uploads\/2018\/02\/pilot.fujitsu-lm-asyg14lmce-aoyg14lmce-200x200.jpg 200w, https:\/\/www.fabrykachlodu.pl\/sklep\/wp-content\/uploads\/2018\/02\/pilot.fujitsu-lm-asyg14lmce-aoyg14lmce-150x150.jpg 150w\" title=\"Dobra klimatyzacja ASYG09KXCA AOYG09KXCA nocriaX nocriaX FUJITSU\" \/><\/a>\n\t<\/div>\n\t<figcaption class=\"woocom-list-content\">\n\n\t\t<div class=\"woocommerce-product-details__short-description\">\n\t<h5>Najwa\u017cniejsze zalety<\/h5>\n<ul class=\"standard-arrow list-divider\"><li><p>Nowa technologia rozdzia\u0142u i cyrkulacji powietrza<\/p>\n<\/li><li><p>Komfortowe grzanie i ch\u0142odzenie<\/p>\n<\/li><li><p>Filtr samoczyszcz\u0105cy<\/p>\n<\/li><li><p>Czujnik temperatury otoczenia i obecno\u015bci cz\u0142owieka<\/p>\n<\/li><\/ul>\n<\/div>\n\n<div\n\tclass=\"yith-wcwl-add-to-wishlist add-to-wishlist-38128  wishlist-fragment on-first-load\"\n\tdata-fragment-ref=\"38128\"\n\tdata-fragment-options=\"{&quot;base_url&quot;:&quot;&quot;,&quot;in_default_wishlist&quot;:false,&quot;is_single&quot;:false,&quot;show_exists&quot;:false,&quot;product_id&quot;:38128,&quot;parent_product_id&quot;:38128,&quot;product_type&quot;:&quot;variable&quot;,&quot;show_view&quot;:false,&quot;browse_wishlist_text&quot;:&quot;Przegl\\u0105daj list\\u0119&quot;,&quot;already_in_wishslist_text&quot;:&quot;Dodano!&quot;,&quot;product_added_text&quot;:&quot;Zapisano!&quot;,&quot;heading_icon&quot;:&quot;&quot;,&quot;available_multi_wishlist&quot;:false,&quot;disable_wishlist&quot;:false,&quot;show_count&quot;:false,&quot;ajax_loading&quot;:false,&quot;loop_position&quot;:&quot;after_add_to_cart&quot;,&quot;item&quot;:&quot;add_to_wishlist&quot;}\"\n>\n\t<\/div>\n\n\t<\/figcaption>\n<\/figure>\n\n<\/article>\n\n\n\n<article class=\"post visible description-off add-to-wishlist-after_add_to_cart product type-product post-38102 status-publish instock product_cat-fujitsu product_cat-kupno-wynajem-klimatyzacji-w-warszawie product_cat-wszystkie-produkty has-post-thumbnail taxable shipping-taxable purchasable product-type-variable has-default-attributes\">\n\n\t<figure class=\"woocom-project\">\n\t<div class=\"woo-buttons-on-img\">\n\n\t\t<a href=\"https:\/\/www.fabrykachlodu.pl\/sklep\/produkt\/asyg07kgta-aoyg07kgca\/\" class=\"alignnone layzr-bg\"><img loading=\"lazy\" decoding=\"async\" width=\"300\" height=\"300\" src=\"data:image\/svg+xml;charset=utf-8,%3Csvg xmlns%3D&#039;http%3A%2F%2Fwww.w3.org%2F2000%2Fsvg&#039; viewBox%3D&#039;0 0 300 300&#039;%2F%3E\" class=\"attachment-woocommerce_thumbnail size-woocommerce_thumbnail lazy-load preload-me\" alt=\"Wypo\u017cyczalnia klimatyzator\u00f3w Warszawa\" data-src=\"https:\/\/www.fabrykachlodu.pl\/sklep\/wp-content\/uploads\/2018\/03\/TANIA.KLIMATYZACJA.DO_.BIURA_.MALA_.TANIA_-300x300.jpg\" data-srcset=\"https:\/\/www.fabrykachlodu.pl\/sklep\/wp-content\/uploads\/2018\/03\/TANIA.KLIMATYZACJA.DO_.BIURA_.MALA_.TANIA_-300x300.jpg 300w, https:\/\/www.fabrykachlodu.pl\/sklep\/wp-content\/uploads\/2018\/03\/TANIA.KLIMATYZACJA.DO_.BIURA_.MALA_.TANIA_-200x200.jpg 200w, https:\/\/www.fabrykachlodu.pl\/sklep\/wp-content\/uploads\/2018\/03\/TANIA.KLIMATYZACJA.DO_.BIURA_.MALA_.TANIA_-600x600.jpg 600w, https:\/\/www.fabrykachlodu.pl\/sklep\/wp-content\/uploads\/2018\/03\/TANIA.KLIMATYZACJA.DO_.BIURA_.MALA_.TANIA_-64x64.jpg 64w, https:\/\/www.fabrykachlodu.pl\/sklep\/wp-content\/uploads\/2018\/03\/TANIA.KLIMATYZACJA.DO_.BIURA_.MALA_.TANIA_-150x150.jpg 150w, https:\/\/www.fabrykachlodu.pl\/sklep\/wp-content\/uploads\/2018\/03\/TANIA.KLIMATYZACJA.DO_.BIURA_.MALA_.TANIA_-768x768.jpg 768w, https:\/\/www.fabrykachlodu.pl\/sklep\/wp-content\/uploads\/2018\/03\/TANIA.KLIMATYZACJA.DO_.BIURA_.MALA_.TANIA_.jpg 1000w\" title=\"FUJITSU ASYG07KGTA AOYG07KGCA FUJITSU\" \/><img loading=\"lazy\" decoding=\"async\" width=\"300\" height=\"300\" src=\"data:image\/svg+xml;charset=utf-8,%3Csvg xmlns%3D&#039;http%3A%2F%2Fwww.w3.org%2F2000%2Fsvg&#039; viewBox%3D&#039;0 0 300 300&#039;%2F%3E\" class=\"show-on-hover back-image lazy-load preload-me\" alt=\"FUJITSU ASYG07KGTA AOYG07KGCA FUJITSU\" data-src=\"https:\/\/www.fabrykachlodu.pl\/sklep\/wp-content\/uploads\/2018\/02\/pilot.fujitsu-lm-asyg14lmce-aoyg14lmce-300x300.jpg\" data-srcset=\"https:\/\/www.fabrykachlodu.pl\/sklep\/wp-content\/uploads\/2018\/02\/pilot.fujitsu-lm-asyg14lmce-aoyg14lmce-300x300.jpg 300w, https:\/\/www.fabrykachlodu.pl\/sklep\/wp-content\/uploads\/2018\/02\/pilot.fujitsu-lm-asyg14lmce-aoyg14lmce-200x200.jpg 200w, https:\/\/www.fabrykachlodu.pl\/sklep\/wp-content\/uploads\/2018\/02\/pilot.fujitsu-lm-asyg14lmce-aoyg14lmce-150x150.jpg 150w\" title=\"FUJITSU ASYG07KGTA AOYG07KGCA FUJITSU\" \/><\/a>\n\t<\/div>\n\t<figcaption class=\"woocom-list-content\">\n\n\t\t<div class=\"woocommerce-product-details__short-description\">\n\t<h5>Najwa\u017cniejsze zalety<\/h5>\n<ul class=\"standard-arrow list-divider\"><li><p>Zaawansowany technologicznie<\/p>\n<\/li><li><p>Ergonomiczny i funkcjonalny<\/p>\n<\/li><li><p>Przyjazny dla \u015brodowiska, pracuje na nowym czynniku ch\u0142odniczm R32<\/p>\n<\/li><li><p>Zdobywca nagrody GOOD DESIGN AWARD 2017<\/p>\n<\/li><\/ul>\n<\/div>\n\n<div\n\tclass=\"yith-wcwl-add-to-wishlist add-to-wishlist-38102  wishlist-fragment on-first-load\"\n\tdata-fragment-ref=\"38102\"\n\tdata-fragment-options=\"{&quot;base_url&quot;:&quot;&quot;,&quot;in_default_wishlist&quot;:false,&quot;is_single&quot;:false,&quot;show_exists&quot;:false,&quot;product_id&quot;:38102,&quot;parent_product_id&quot;:38102,&quot;product_type&quot;:&quot;variable&quot;,&quot;show_view&quot;:false,&quot;browse_wishlist_text&quot;:&quot;Przegl\\u0105daj list\\u0119&quot;,&quot;already_in_wishslist_text&quot;:&quot;Dodano!&quot;,&quot;product_added_text&quot;:&quot;Zapisano!&quot;,&quot;heading_icon&quot;:&quot;&quot;,&quot;available_multi_wishlist&quot;:false,&quot;disable_wishlist&quot;:false,&quot;show_count&quot;:false,&quot;ajax_loading&quot;:false,&quot;loop_position&quot;:&quot;after_add_to_cart&quot;,&quot;item&quot;:&quot;add_to_wishlist&quot;}\"\n>\n\t<\/div>\n\n\t<\/figcaption>\n<\/figure>\n\n<\/article>\n\n\n\n<article class=\"post visible description-off add-to-wishlist-after_add_to_cart product type-product post-38210 status-publish instock product_cat-fujitsu product_cat-lf product_cat-wszystkie-produkty has-post-thumbnail taxable shipping-taxable purchasable product-type-variable has-default-attributes\">\n\n\t<figure class=\"woocom-project\">\n\t<div class=\"woo-buttons-on-img\">\n\n\t\t<a href=\"https:\/\/www.fabrykachlodu.pl\/sklep\/produkt\/ogrzewanie-klimatyzacja-ogrzewanie-cieplym-powietrzem\/\" class=\"alignnone layzr-bg\"><img loading=\"lazy\" decoding=\"async\" width=\"300\" height=\"300\" src=\"data:image\/svg+xml;charset=utf-8,%3Csvg xmlns%3D&#039;http%3A%2F%2Fwww.w3.org%2F2000%2Fsvg&#039; viewBox%3D&#039;0 0 300 300&#039;%2F%3E\" class=\"attachment-woocommerce_thumbnail size-woocommerce_thumbnail lazy-load preload-me\" alt=\"FUJITSU-ASYG24LFCC.tania.klimatyzacja\" data-src=\"https:\/\/www.fabrykachlodu.pl\/sklep\/wp-content\/uploads\/2018\/03\/FUJITSU-ASYG24LFCC.tania_.klimatyzacja-300x300.jpg\" data-srcset=\"https:\/\/www.fabrykachlodu.pl\/sklep\/wp-content\/uploads\/2018\/03\/FUJITSU-ASYG24LFCC.tania_.klimatyzacja-300x300.jpg 300w, https:\/\/www.fabrykachlodu.pl\/sklep\/wp-content\/uploads\/2018\/03\/FUJITSU-ASYG24LFCC.tania_.klimatyzacja-200x200.jpg 200w, https:\/\/www.fabrykachlodu.pl\/sklep\/wp-content\/uploads\/2018\/03\/FUJITSU-ASYG24LFCC.tania_.klimatyzacja-600x600.jpg 600w, https:\/\/www.fabrykachlodu.pl\/sklep\/wp-content\/uploads\/2018\/03\/FUJITSU-ASYG24LFCC.tania_.klimatyzacja-64x64.jpg 64w, https:\/\/www.fabrykachlodu.pl\/sklep\/wp-content\/uploads\/2018\/03\/FUJITSU-ASYG24LFCC.tania_.klimatyzacja-150x150.jpg 150w, https:\/\/www.fabrykachlodu.pl\/sklep\/wp-content\/uploads\/2018\/03\/FUJITSU-ASYG24LFCC.tania_.klimatyzacja-768x768.jpg 768w, https:\/\/www.fabrykachlodu.pl\/sklep\/wp-content\/uploads\/2018\/03\/FUJITSU-ASYG24LFCC.tania_.klimatyzacja.jpg 1000w\" title=\"Ogrzewanie klimatyzacj\u0105 ogrzewanie ciep\u0142ym powietrzem FUJITSU ASYG18LFCA AOYG18LFC FUJITSU\" \/><img loading=\"lazy\" decoding=\"async\" width=\"300\" height=\"300\" src=\"data:image\/svg+xml;charset=utf-8,%3Csvg xmlns%3D&#039;http%3A%2F%2Fwww.w3.org%2F2000%2Fsvg&#039; viewBox%3D&#039;0 0 300 300&#039;%2F%3E\" class=\"show-on-hover back-image lazy-load preload-me\" alt=\"Ogrzewanie klimatyzacj\u0105 ogrzewanie ciep\u0142ym powietrzem FUJITSU ASYG18LFCA AOYG18LFC FUJITSU\" data-src=\"https:\/\/www.fabrykachlodu.pl\/sklep\/wp-content\/uploads\/2018\/02\/pilot.fujitsu-lm-asyg14lmce-aoyg14lmce-300x300.jpg\" data-srcset=\"https:\/\/www.fabrykachlodu.pl\/sklep\/wp-content\/uploads\/2018\/02\/pilot.fujitsu-lm-asyg14lmce-aoyg14lmce-300x300.jpg 300w, https:\/\/www.fabrykachlodu.pl\/sklep\/wp-content\/uploads\/2018\/02\/pilot.fujitsu-lm-asyg14lmce-aoyg14lmce-200x200.jpg 200w, https:\/\/www.fabrykachlodu.pl\/sklep\/wp-content\/uploads\/2018\/02\/pilot.fujitsu-lm-asyg14lmce-aoyg14lmce-150x150.jpg 150w\" title=\"Ogrzewanie klimatyzacj\u0105 ogrzewanie ciep\u0142ym powietrzem FUJITSU ASYG18LFCA AOYG18LFC FUJITSU\" \/><\/a>\n\t<\/div>\n\t<figcaption class=\"woocom-list-content\">\n\n\t\t<div class=\"woocommerce-product-details__short-description\">\n\t<h5>Najwa\u017cniejsze zalety<\/h5>\n<ul class=\"standard-arrow list-divider\"><li><p>Du\u017ca moc ch\u0142odnicza i grzewcza<\/p>\n<\/li><li><p>Do wi\u0119kszych przestrzeni<\/p>\n<\/li><li><p>Tryb cichej pracy<\/p>\n<\/li><li><p>Praca w niskiej temperaturze otoczenia <\/p>\n<\/li><\/ul>\n<\/div>\n\n<div\n\tclass=\"yith-wcwl-add-to-wishlist add-to-wishlist-38210  wishlist-fragment on-first-load\"\n\tdata-fragment-ref=\"38210\"\n\tdata-fragment-options=\"{&quot;base_url&quot;:&quot;&quot;,&quot;in_default_wishlist&quot;:false,&quot;is_single&quot;:false,&quot;show_exists&quot;:false,&quot;product_id&quot;:38210,&quot;parent_product_id&quot;:38210,&quot;product_type&quot;:&quot;variable&quot;,&quot;show_view&quot;:false,&quot;browse_wishlist_text&quot;:&quot;Przegl\\u0105daj list\\u0119&quot;,&quot;already_in_wishslist_text&quot;:&quot;Dodano!&quot;,&quot;product_added_text&quot;:&quot;Zapisano!&quot;,&quot;heading_icon&quot;:&quot;&quot;,&quot;available_multi_wishlist&quot;:false,&quot;disable_wishlist&quot;:false,&quot;show_count&quot;:false,&quot;ajax_loading&quot;:false,&quot;loop_position&quot;:&quot;after_add_to_cart&quot;,&quot;item&quot;:&quot;add_to_wishlist&quot;}\"\n>\n\t<\/div>\n\n\t<\/figcaption>\n<\/figure>\n\n<\/article>\n\n<\/div><\/div><div class=\"woocommerce columns-5 \"><div class=\"wf-container dt-products  woo-hover products loading-effect-fade-in description-on-hover cart-btn-on-img wc-img-hover hide-description wc-grid\" data-padding=\"0px\" data-cur-page=\"1\" data-desktop-columns-num=\"4\" data-v-tablet-columns-num=\"2\" data-h-tablet-columns-num=\"3\" data-phone-columns-num=\"1\">\n\n<article class=\"post visible description-off add-to-wishlist-after_add_to_cart product type-product post-38065 status-publish first instock product_cat-fujitsu product_cat-klimatyzator-do-serwerowni product_cat-wszystkie-produkty has-post-thumbnail sale taxable shipping-taxable purchasable product-type-variable\">\n\n\t\n\t<span class=\"onsale\">Promocja!<\/span>\n\t<figure class=\"woocom-project\">\n\t<div class=\"woo-buttons-on-img\">\n\n\t\t<a href=\"https:\/\/www.fabrykachlodu.pl\/sklep\/produkt\/klimatyzator-do-serwerowni-mozesz-juz-dzis-kupic-lub-wynajac\/\" class=\"alignnone layzr-bg\"><img loading=\"lazy\" decoding=\"async\" width=\"300\" height=\"300\" src=\"data:image\/svg+xml;charset=utf-8,%3Csvg xmlns%3D&#039;http%3A%2F%2Fwww.w3.org%2F2000%2Fsvg&#039; viewBox%3D&#039;0 0 300 300&#039;%2F%3E\" class=\"attachment-woocommerce_thumbnail size-woocommerce_thumbnail lazy-load preload-me\" alt=\"Klimatyzator do serwerowni mo\u017cesz kupi\u0107 lub wynaj\u0105\u0107.\" data-src=\"https:\/\/www.fabrykachlodu.pl\/sklep\/wp-content\/uploads\/2018\/03\/ASYG36LMTA-AOYG36LMTA-300x300.jpg\" data-srcset=\"https:\/\/www.fabrykachlodu.pl\/sklep\/wp-content\/uploads\/2018\/03\/ASYG36LMTA-AOYG36LMTA-300x300.jpg 300w, https:\/\/www.fabrykachlodu.pl\/sklep\/wp-content\/uploads\/2018\/03\/ASYG36LMTA-AOYG36LMTA-200x200.jpg 200w, https:\/\/www.fabrykachlodu.pl\/sklep\/wp-content\/uploads\/2018\/03\/ASYG36LMTA-AOYG36LMTA-150x150.jpg 150w\" title=\"Klimatyzator do serwerowni LM ASYG30LMTA AOYG30LMTA FUJITSU\" \/><img loading=\"lazy\" decoding=\"async\" width=\"300\" height=\"300\" src=\"data:image\/svg+xml;charset=utf-8,%3Csvg xmlns%3D&#039;http%3A%2F%2Fwww.w3.org%2F2000%2Fsvg&#039; viewBox%3D&#039;0 0 300 300&#039;%2F%3E\" class=\"show-on-hover back-image lazy-load preload-me\" alt=\"Klimatyzator do serwerowni LM ASYG30LMTA AOYG30LMTA FUJITSU\" data-src=\"https:\/\/www.fabrykachlodu.pl\/sklep\/wp-content\/uploads\/2018\/02\/pilot.fujitsu-lm-asyg14lmce-aoyg14lmce-300x300.jpg\" data-srcset=\"https:\/\/www.fabrykachlodu.pl\/sklep\/wp-content\/uploads\/2018\/02\/pilot.fujitsu-lm-asyg14lmce-aoyg14lmce-300x300.jpg 300w, https:\/\/www.fabrykachlodu.pl\/sklep\/wp-content\/uploads\/2018\/02\/pilot.fujitsu-lm-asyg14lmce-aoyg14lmce-200x200.jpg 200w, https:\/\/www.fabrykachlodu.pl\/sklep\/wp-content\/uploads\/2018\/02\/pilot.fujitsu-lm-asyg14lmce-aoyg14lmce-150x150.jpg 150w\" title=\"Klimatyzator do serwerowni LM ASYG30LMTA AOYG30LMTA FUJITSU\" \/><\/a>\n\t<\/div>\n\t<figcaption class=\"woocom-list-content\">\n\n\t\t<div class=\"woocommerce-product-details__short-description\">\n\t<h5>Najwa\u017cniejsze zalety<\/h5>\n<ul class=\"standard-arrow list-divider\"><li><p>Idealne rozwi\u0105zanie<\/p>\n<p>do serwerowni<\/p>\n<\/li><li><p>Przystosowany do pracy ca\u0142orocznej<\/p>\n<\/li><li><p>Prosty w czyszczeniu klimatyzator typu ON\/OFF<\/p>\n<\/li><li><p>Alternatywa dla klimatyzacji kana\u0142owej<\/p>\n<\/li><\/ul>\n<\/div>\n\n<div\n\tclass=\"yith-wcwl-add-to-wishlist add-to-wishlist-38065  wishlist-fragment on-first-load\"\n\tdata-fragment-ref=\"38065\"\n\tdata-fragment-options=\"{&quot;base_url&quot;:&quot;&quot;,&quot;in_default_wishlist&quot;:false,&quot;is_single&quot;:false,&quot;show_exists&quot;:false,&quot;product_id&quot;:38065,&quot;parent_product_id&quot;:38065,&quot;product_type&quot;:&quot;variable&quot;,&quot;show_view&quot;:false,&quot;browse_wishlist_text&quot;:&quot;Przegl\\u0105daj list\\u0119&quot;,&quot;already_in_wishslist_text&quot;:&quot;Dodano!&quot;,&quot;product_added_text&quot;:&quot;Zapisano!&quot;,&quot;heading_icon&quot;:&quot;&quot;,&quot;available_multi_wishlist&quot;:false,&quot;disable_wishlist&quot;:false,&quot;show_count&quot;:false,&quot;ajax_loading&quot;:false,&quot;loop_position&quot;:&quot;after_add_to_cart&quot;,&quot;item&quot;:&quot;add_to_wishlist&quot;}\"\n>\n\t<\/div>\n\n\t<\/figcaption>\n<\/figure>\n\n<\/article>\n\n\n\n<article class=\"post visible description-off add-to-wishlist-after_add_to_cart product type-product post-38210 status-publish instock product_cat-fujitsu product_cat-lf product_cat-wszystkie-produkty has-post-thumbnail taxable shipping-taxable purchasable product-type-variable has-default-attributes\">\n\n\t<figure class=\"woocom-project\">\n\t<div class=\"woo-buttons-on-img\">\n\n\t\t<a href=\"https:\/\/www.fabrykachlodu.pl\/sklep\/produkt\/ogrzewanie-klimatyzacja-ogrzewanie-cieplym-powietrzem\/\" class=\"alignnone layzr-bg\"><img loading=\"lazy\" decoding=\"async\" width=\"300\" height=\"300\" src=\"data:image\/svg+xml;charset=utf-8,%3Csvg xmlns%3D&#039;http%3A%2F%2Fwww.w3.org%2F2000%2Fsvg&#039; viewBox%3D&#039;0 0 300 300&#039;%2F%3E\" class=\"attachment-woocommerce_thumbnail size-woocommerce_thumbnail lazy-load preload-me\" alt=\"FUJITSU-ASYG24LFCC.tania.klimatyzacja\" data-src=\"https:\/\/www.fabrykachlodu.pl\/sklep\/wp-content\/uploads\/2018\/03\/FUJITSU-ASYG24LFCC.tania_.klimatyzacja-300x300.jpg\" data-srcset=\"https:\/\/www.fabrykachlodu.pl\/sklep\/wp-content\/uploads\/2018\/03\/FUJITSU-ASYG24LFCC.tania_.klimatyzacja-300x300.jpg 300w, https:\/\/www.fabrykachlodu.pl\/sklep\/wp-content\/uploads\/2018\/03\/FUJITSU-ASYG24LFCC.tania_.klimatyzacja-200x200.jpg 200w, https:\/\/www.fabrykachlodu.pl\/sklep\/wp-content\/uploads\/2018\/03\/FUJITSU-ASYG24LFCC.tania_.klimatyzacja-600x600.jpg 600w, https:\/\/www.fabrykachlodu.pl\/sklep\/wp-content\/uploads\/2018\/03\/FUJITSU-ASYG24LFCC.tania_.klimatyzacja-64x64.jpg 64w, https:\/\/www.fabrykachlodu.pl\/sklep\/wp-content\/uploads\/2018\/03\/FUJITSU-ASYG24LFCC.tania_.klimatyzacja-150x150.jpg 150w, https:\/\/www.fabrykachlodu.pl\/sklep\/wp-content\/uploads\/2018\/03\/FUJITSU-ASYG24LFCC.tania_.klimatyzacja-768x768.jpg 768w, https:\/\/www.fabrykachlodu.pl\/sklep\/wp-content\/uploads\/2018\/03\/FUJITSU-ASYG24LFCC.tania_.klimatyzacja.jpg 1000w\" title=\"Ogrzewanie klimatyzacj\u0105 ogrzewanie ciep\u0142ym powietrzem FUJITSU ASYG18LFCA AOYG18LFC FUJITSU\" \/><img loading=\"lazy\" decoding=\"async\" width=\"300\" height=\"300\" src=\"data:image\/svg+xml;charset=utf-8,%3Csvg xmlns%3D&#039;http%3A%2F%2Fwww.w3.org%2F2000%2Fsvg&#039; viewBox%3D&#039;0 0 300 300&#039;%2F%3E\" class=\"show-on-hover back-image lazy-load preload-me\" alt=\"Ogrzewanie klimatyzacj\u0105 ogrzewanie ciep\u0142ym powietrzem FUJITSU ASYG18LFCA AOYG18LFC FUJITSU\" data-src=\"https:\/\/www.fabrykachlodu.pl\/sklep\/wp-content\/uploads\/2018\/02\/pilot.fujitsu-lm-asyg14lmce-aoyg14lmce-300x300.jpg\" data-srcset=\"https:\/\/www.fabrykachlodu.pl\/sklep\/wp-content\/uploads\/2018\/02\/pilot.fujitsu-lm-asyg14lmce-aoyg14lmce-300x300.jpg 300w, https:\/\/www.fabrykachlodu.pl\/sklep\/wp-content\/uploads\/2018\/02\/pilot.fujitsu-lm-asyg14lmce-aoyg14lmce-200x200.jpg 200w, https:\/\/www.fabrykachlodu.pl\/sklep\/wp-content\/uploads\/2018\/02\/pilot.fujitsu-lm-asyg14lmce-aoyg14lmce-150x150.jpg 150w\" title=\"Ogrzewanie klimatyzacj\u0105 ogrzewanie ciep\u0142ym powietrzem FUJITSU ASYG18LFCA AOYG18LFC FUJITSU\" \/><\/a>\n\t<\/div>\n\t<figcaption class=\"woocom-list-content\">\n\n\t\t<div class=\"woocommerce-product-details__short-description\">\n\t<h5>Najwa\u017cniejsze zalety<\/h5>\n<ul class=\"standard-arrow list-divider\"><li><p>Du\u017ca moc ch\u0142odnicza i grzewcza<\/p>\n<\/li><li><p>Do wi\u0119kszych przestrzeni<\/p>\n<\/li><li><p>Tryb cichej pracy<\/p>\n<\/li><li><p>Praca w niskiej temperaturze otoczenia <\/p>\n<\/li><\/ul>\n<\/div>\n\n<div\n\tclass=\"yith-wcwl-add-to-wishlist add-to-wishlist-38210  wishlist-fragment on-first-load\"\n\tdata-fragment-ref=\"38210\"\n\tdata-fragment-options=\"{&quot;base_url&quot;:&quot;&quot;,&quot;in_default_wishlist&quot;:false,&quot;is_single&quot;:false,&quot;show_exists&quot;:false,&quot;product_id&quot;:38210,&quot;parent_product_id&quot;:38210,&quot;product_type&quot;:&quot;variable&quot;,&quot;show_view&quot;:false,&quot;browse_wishlist_text&quot;:&quot;Przegl\\u0105daj list\\u0119&quot;,&quot;already_in_wishslist_text&quot;:&quot;Dodano!&quot;,&quot;product_added_text&quot;:&quot;Zapisano!&quot;,&quot;heading_icon&quot;:&quot;&quot;,&quot;available_multi_wishlist&quot;:false,&quot;disable_wishlist&quot;:false,&quot;show_count&quot;:false,&quot;ajax_loading&quot;:false,&quot;loop_position&quot;:&quot;after_add_to_cart&quot;,&quot;item&quot;:&quot;add_to_wishlist&quot;}\"\n>\n\t<\/div>\n\n\t<\/figcaption>\n<\/figure>\n\n<\/article>\n\n\n\n<article class=\"post visible description-off add-to-wishlist-after_add_to_cart product type-product post-38168 status-publish instock product_cat-fujitsu product_cat-klimatyzator-nordic-fujitsu-ogrzewanie-i-chlodzenie product_cat-wszystkie-produkty product_tag-nordic has-post-thumbnail sale taxable shipping-taxable purchasable product-type-variable has-default-attributes\">\n\n\t\n\t<span class=\"onsale\">Promocja!<\/span>\n\t<figure class=\"woocom-project\">\n\t<div class=\"woo-buttons-on-img\">\n\n\t\t<a href=\"https:\/\/www.fabrykachlodu.pl\/sklep\/produkt\/wynajem-klimatyzacji-warszawa\/\" class=\"alignnone layzr-bg\"><img loading=\"lazy\" decoding=\"async\" width=\"300\" height=\"300\" src=\"data:image\/svg+xml;charset=utf-8,%3Csvg xmlns%3D&#039;http%3A%2F%2Fwww.w3.org%2F2000%2Fsvg&#039; viewBox%3D&#039;0 0 300 300&#039;%2F%3E\" class=\"attachment-woocommerce_thumbnail size-woocommerce_thumbnail lazy-load preload-me\" alt=\"Wynajem klimatyzacji Warszawa\" data-src=\"https:\/\/www.fabrykachlodu.pl\/sklep\/wp-content\/uploads\/2018\/03\/AASYG14LMCB-AOYG14LMCBN-NORDIC-300x300.jpg\" data-srcset=\"https:\/\/www.fabrykachlodu.pl\/sklep\/wp-content\/uploads\/2018\/03\/AASYG14LMCB-AOYG14LMCBN-NORDIC-300x300.jpg 300w, https:\/\/www.fabrykachlodu.pl\/sklep\/wp-content\/uploads\/2018\/03\/AASYG14LMCB-AOYG14LMCBN-NORDIC-200x200.jpg 200w, https:\/\/www.fabrykachlodu.pl\/sklep\/wp-content\/uploads\/2018\/03\/AASYG14LMCB-AOYG14LMCBN-NORDIC-600x600.jpg 600w, https:\/\/www.fabrykachlodu.pl\/sklep\/wp-content\/uploads\/2018\/03\/AASYG14LMCB-AOYG14LMCBN-NORDIC-64x64.jpg 64w, https:\/\/www.fabrykachlodu.pl\/sklep\/wp-content\/uploads\/2018\/03\/AASYG14LMCB-AOYG14LMCBN-NORDIC-150x150.jpg 150w, https:\/\/www.fabrykachlodu.pl\/sklep\/wp-content\/uploads\/2018\/03\/AASYG14LMCB-AOYG14LMCBN-NORDIC-768x768.jpg 768w, https:\/\/www.fabrykachlodu.pl\/sklep\/wp-content\/uploads\/2018\/03\/AASYG14LMCB-AOYG14LMCBN-NORDIC.jpg 1000w\" title=\"Wynajem klimatyzacji Warszawa ASYG09LMCB AOYG09LMCBN NORDIC NORDIC FUJITSU\" \/><img loading=\"lazy\" decoding=\"async\" width=\"300\" height=\"300\" src=\"data:image\/svg+xml;charset=utf-8,%3Csvg xmlns%3D&#039;http%3A%2F%2Fwww.w3.org%2F2000%2Fsvg&#039; viewBox%3D&#039;0 0 300 300&#039;%2F%3E\" class=\"show-on-hover back-image lazy-load preload-me\" alt=\"Wynajem klimatyzacji Warszawa ASYG09LMCB AOYG09LMCBN NORDIC NORDIC FUJITSU\" data-src=\"https:\/\/www.fabrykachlodu.pl\/sklep\/wp-content\/uploads\/2018\/02\/pilot.fujitsu-lm-asyg14lmce-aoyg14lmce-300x300.jpg\" data-srcset=\"https:\/\/www.fabrykachlodu.pl\/sklep\/wp-content\/uploads\/2018\/02\/pilot.fujitsu-lm-asyg14lmce-aoyg14lmce-300x300.jpg 300w, https:\/\/www.fabrykachlodu.pl\/sklep\/wp-content\/uploads\/2018\/02\/pilot.fujitsu-lm-asyg14lmce-aoyg14lmce-200x200.jpg 200w, https:\/\/www.fabrykachlodu.pl\/sklep\/wp-content\/uploads\/2018\/02\/pilot.fujitsu-lm-asyg14lmce-aoyg14lmce-150x150.jpg 150w\" title=\"Wynajem klimatyzacji Warszawa ASYG09LMCB AOYG09LMCBN NORDIC NORDIC FUJITSU\" \/><\/a>\n\t<\/div>\n\t<figcaption class=\"woocom-list-content\">\n\n\t\t<div class=\"woocommerce-product-details__short-description\">\n\t<h5>Najwa\u017cniejsze zalety<\/h5>\n<ul class=\"standard-arrow list-divider\"><li><p>Pot\u0119\u017cna moc grzewcza <\/p>\n<\/li><li><p>Wydajna oszcz\u0119dno\u015b\u0107 energii<\/p>\n<\/li><li><p>Tryb cichej pracy<\/p>\n<\/li><li><p>Praca w niskiej temperaturze otoczenia <\/p>\n<\/li><\/ul>\n<\/div>\n\n<div\n\tclass=\"yith-wcwl-add-to-wishlist add-to-wishlist-38168  wishlist-fragment on-first-load\"\n\tdata-fragment-ref=\"38168\"\n\tdata-fragment-options=\"{&quot;base_url&quot;:&quot;&quot;,&quot;in_default_wishlist&quot;:false,&quot;is_single&quot;:false,&quot;show_exists&quot;:false,&quot;product_id&quot;:38168,&quot;parent_product_id&quot;:38168,&quot;product_type&quot;:&quot;variable&quot;,&quot;show_view&quot;:false,&quot;browse_wishlist_text&quot;:&quot;Przegl\\u0105daj list\\u0119&quot;,&quot;already_in_wishslist_text&quot;:&quot;Dodano!&quot;,&quot;product_added_text&quot;:&quot;Zapisano!&quot;,&quot;heading_icon&quot;:&quot;&quot;,&quot;available_multi_wishlist&quot;:false,&quot;disable_wishlist&quot;:false,&quot;show_count&quot;:false,&quot;ajax_loading&quot;:false,&quot;loop_position&quot;:&quot;after_add_to_cart&quot;,&quot;item&quot;:&quot;add_to_wishlist&quot;}\"\n>\n\t<\/div>\n\n\t<\/figcaption>\n<\/figure>\n\n<\/article>\n\n<\/div><\/div>[\/vc_column][\/vc_row][vc_row][vc_column][vc_column_text]\n[\/vc_column_text][\/vc_column][\/vc_row]\n<\/div>","protected":false},"excerpt":{"rendered":"<p>[vc_row][vc_column][vc_column_text][\/vc_column_text][vc_separator][\/vc_column][\/vc_row][vc_row][vc_column width=&#8221;2\/3&#8243;][vc_empty_space][vc_column_text]Cena zawiera wynajem kompletnego systemu ch\u0142odz\u0105cego (jednostki wewn\u0119trznej oraz zewn\u0119trznej). Najwa\u017cniejsze zalety [\/vc_column_text][vc_empty_space][vc_column_text css_animation=&#8221;bounceIn&#8221;] Szybki Monta\u017c &#8211; BEZ WIERCENIA [\/vc_column_text][vc_empty_space][vc_column_text css_animation=&#8221;bounceIn&#8221;]Szybki Monta\u017c &#8211; Z WIERCENIEM Teraz, kiedy wiesz na czym polega szybki monta\u017c, zapraszamy do wybory klimatyzatora.[\/vc_column_text][vc_empty_space][\/vc_column][vc_column width=&#8221;1\/3&#8243;][vc_column_text]Warunki oferty [\/vc_column_text][vc_empty_space][\/vc_column][\/vc_row][vc_row][vc_column][\/vc_column][\/vc_row][vc_row][vc_column][vc_column_text] [\/vc_column_text][\/vc_column][\/vc_row]<\/p>\n","protected":false},"author":1,"featured_media":0,"parent":0,"menu_order":0,"comment_status":"closed","ping_status":"closed","template":"","meta":{"footnotes":""},"yoast_head":"<!-- This site is optimized with the Yoast SEO plugin v22.1 - https:\/\/yoast.com\/wordpress\/plugins\/seo\/ -->\n<title>Wynajem klimatyzacji Warszawa biurowa sklepowa domowa mieszkania<\/title>\n<meta name=\"description\" content=\"Wynajem klimatyzacji Warszawa biurowa sklepowa domowa mieszkania INSTALACJA DO 50% TANIEJ w mieszkaniu, biurze lub sklepie \u2013 KIEDY Klimatyzacje KUPUJESZ!\" \/>\n<meta name=\"robots\" content=\"index, follow, max-snippet:-1, max-image-preview:large, max-video-preview:-1\" \/>\n<link rel=\"canonical\" href=\"https:\/\/www.fabrykachlodu.pl\/sklep\/wynajem-klimatyzacji\/\" \/>\n<meta name=\"twitter:label1\" content=\"Szacowany czas czytania\" \/>\n\t<meta name=\"twitter:data1\" content=\"3 minuty\" \/>\n<script type=\"application\/ld+json\" class=\"yoast-schema-graph\">{\"@context\":\"https:\/\/schema.org\",\"@graph\":[{\"@type\":\"WebPage\",\"@id\":\"https:\/\/www.fabrykachlodu.pl\/sklep\/wynajem-klimatyzacji\/\",\"url\":\"https:\/\/www.fabrykachlodu.pl\/sklep\/wynajem-klimatyzacji\/\",\"name\":\"Wynajem klimatyzacji Warszawa biurowa sklepowa domowa mieszkania\",\"isPartOf\":{\"@id\":\"https:\/\/www.fabrykachlodu.pl\/sklep\/#website\"},\"datePublished\":\"2018-03-06T07:18:02+00:00\",\"dateModified\":\"2019-06-24T12:56:54+00:00\",\"description\":\"Wynajem klimatyzacji Warszawa biurowa sklepowa domowa mieszkania INSTALACJA DO 50% TANIEJ w mieszkaniu, biurze lub sklepie \u2013 KIEDY Klimatyzacje KUPUJESZ!\",\"breadcrumb\":{\"@id\":\"https:\/\/www.fabrykachlodu.pl\/sklep\/wynajem-klimatyzacji\/#breadcrumb\"},\"inLanguage\":\"pl-PL\",\"potentialAction\":[{\"@type\":\"ReadAction\",\"target\":[\"https:\/\/www.fabrykachlodu.pl\/sklep\/wynajem-klimatyzacji\/\"]}]},{\"@type\":\"BreadcrumbList\",\"@id\":\"https:\/\/www.fabrykachlodu.pl\/sklep\/wynajem-klimatyzacji\/#breadcrumb\",\"itemListElement\":[{\"@type\":\"ListItem\",\"position\":1,\"name\":\"Strona g\u0142\u00f3wna\",\"item\":\"https:\/\/www.fabrykachlodu.pl\/sklep\/\"},{\"@type\":\"ListItem\",\"position\":2,\"name\":\"Wynajem klimatyzacji\"}]},{\"@type\":\"WebSite\",\"@id\":\"https:\/\/www.fabrykachlodu.pl\/sklep\/#website\",\"url\":\"https:\/\/www.fabrykachlodu.pl\/sklep\/\",\"name\":\"\u00b0FC Sklep Internetowy monta\u017c klimatyzacji pomp ciep\u0142a\",\"description\":\"\u00b0FC monta\u017c klimatyzacji pomp ciep\u0142a z nami to szybki i tani wyb\u00f3r.  Us\u0142ugi monta\u017cowe i serwisowe W Warszawie i okolicach..\",\"potentialAction\":[{\"@type\":\"SearchAction\",\"target\":{\"@type\":\"EntryPoint\",\"urlTemplate\":\"https:\/\/www.fabrykachlodu.pl\/sklep\/?s={search_term_string}\"},\"query-input\":\"required name=search_term_string\"}],\"inLanguage\":\"pl-PL\"}]}<\/script>\n<!-- \/ Yoast SEO plugin. -->","yoast_head_json":{"title":"Wynajem klimatyzacji Warszawa biurowa sklepowa domowa mieszkania","description":"Wynajem klimatyzacji Warszawa biurowa sklepowa domowa mieszkania INSTALACJA DO 50% TANIEJ w mieszkaniu, biurze lub sklepie \u2013 KIEDY Klimatyzacje KUPUJESZ!","robots":{"index":"index","follow":"follow","max-snippet":"max-snippet:-1","max-image-preview":"max-image-preview:large","max-video-preview":"max-video-preview:-1"},"canonical":"https:\/\/www.fabrykachlodu.pl\/sklep\/wynajem-klimatyzacji\/","twitter_misc":{"Szacowany czas czytania":"3 minuty"},"schema":{"@context":"https:\/\/schema.org","@graph":[{"@type":"WebPage","@id":"https:\/\/www.fabrykachlodu.pl\/sklep\/wynajem-klimatyzacji\/","url":"https:\/\/www.fabrykachlodu.pl\/sklep\/wynajem-klimatyzacji\/","name":"Wynajem klimatyzacji Warszawa biurowa sklepowa domowa mieszkania","isPartOf":{"@id":"https:\/\/www.fabrykachlodu.pl\/sklep\/#website"},"datePublished":"2018-03-06T07:18:02+00:00","dateModified":"2019-06-24T12:56:54+00:00","description":"Wynajem klimatyzacji Warszawa biurowa sklepowa domowa mieszkania INSTALACJA DO 50% TANIEJ w mieszkaniu, biurze lub sklepie \u2013 KIEDY Klimatyzacje KUPUJESZ!","breadcrumb":{"@id":"https:\/\/www.fabrykachlodu.pl\/sklep\/wynajem-klimatyzacji\/#breadcrumb"},"inLanguage":"pl-PL","potentialAction":[{"@type":"ReadAction","target":["https:\/\/www.fabrykachlodu.pl\/sklep\/wynajem-klimatyzacji\/"]}]},{"@type":"BreadcrumbList","@id":"https:\/\/www.fabrykachlodu.pl\/sklep\/wynajem-klimatyzacji\/#breadcrumb","itemListElement":[{"@type":"ListItem","position":1,"name":"Strona g\u0142\u00f3wna","item":"https:\/\/www.fabrykachlodu.pl\/sklep\/"},{"@type":"ListItem","position":2,"name":"Wynajem klimatyzacji"}]},{"@type":"WebSite","@id":"https:\/\/www.fabrykachlodu.pl\/sklep\/#website","url":"https:\/\/www.fabrykachlodu.pl\/sklep\/","name":"\u00b0FC Sklep Internetowy monta\u017c klimatyzacji pomp ciep\u0142a","description":"\u00b0FC monta\u017c klimatyzacji pomp ciep\u0142a z nami to szybki i tani wyb\u00f3r.  Us\u0142ugi monta\u017cowe i serwisowe W Warszawie i okolicach..","potentialAction":[{"@type":"SearchAction","target":{"@type":"EntryPoint","urlTemplate":"https:\/\/www.fabrykachlodu.pl\/sklep\/?s={search_term_string}"},"query-input":"required name=search_term_string"}],"inLanguage":"pl-PL"}]}},"_links":{"self":[{"href":"https:\/\/www.fabrykachlodu.pl\/sklep\/wp-json\/wp\/v2\/pages\/38033"}],"collection":[{"href":"https:\/\/www.fabrykachlodu.pl\/sklep\/wp-json\/wp\/v2\/pages"}],"about":[{"href":"https:\/\/www.fabrykachlodu.pl\/sklep\/wp-json\/wp\/v2\/types\/page"}],"author":[{"embeddable":true,"href":"https:\/\/www.fabrykachlodu.pl\/sklep\/wp-json\/wp\/v2\/users\/1"}],"replies":[{"embeddable":true,"href":"https:\/\/www.fabrykachlodu.pl\/sklep\/wp-json\/wp\/v2\/comments?post=38033"}],"version-history":[{"count":0,"href":"https:\/\/www.fabrykachlodu.pl\/sklep\/wp-json\/wp\/v2\/pages\/38033\/revisions"}],"wp:attachment":[{"href":"https:\/\/www.fabrykachlodu.pl\/sklep\/wp-json\/wp\/v2\/media?parent=38033"}],"curies":[{"name":"wp","href":"https:\/\/api.w.org\/{rel}","templated":true}]}}