{"id":37917,"date":"2018-02-28T11:39:11","date_gmt":"2018-02-28T10:39:11","guid":{"rendered":"http:\/\/fabrykachlodu.pl\/sklep\/?post_type=product&#038;p=37917"},"modified":"2022-06-30T22:20:50","modified_gmt":"2022-06-30T20:20:50","slug":"maly-klimatyzator-z-funkcja-grzania-pokoju-salonu-sypialni","status":"publish","type":"product","link":"https:\/\/www.fabrykachlodu.pl\/sklep\/produkt\/maly-klimatyzator-z-funkcja-grzania-pokoju-salonu-sypialni\/","title":{"rendered":"Chcesz dogrzewa\u0107 i ch\u0142odzi\u0107 pok\u00f3j salon lub sypialnie?"},"content":{"rendered":"<p>Klimatyzator \u015bcienny do dogrzewania i ch\u0142odzenie pokoju salonu sypialni Klimatyzatory \u015bcienne marki FUJITSU to najwy\u017cszej jako\u015bci urz\u0105dzenia, cechuj\u0105ce si\u0119 wysok\u0105 wydajno\u015bci\u0105 i niskim<\/p>\n<p>zu\u017cyciem energii. Urz\u0105dzenie LMCE wyr\u00f3\u017cnia si\u0119 w ofercie klimatyzator\u00f3w \u015bciennych nowoczesnym, a zarazem<\/p>\n<p>uniwersalnym wygl\u0105dem, kt\u00f3ry sprawia, \u017ce urz\u0105dzenie idealnie pasuje do ka\u017cdego typu wn\u0119trz.<\/p>\n<p>Jest to ma\u0142y klimatyzator z serii LLC g\u0142\u00f3wnie do pomieszcze\u0144 o powierzchni oko\u0142o 25-35m2. Sprawdza si\u0119 w ma\u0142ych mieszkaniach, ma\u0142ym sklepie czy w biurze. Posiada funkcje automatyki dzi\u0119ki czemu programowanie oraz dalsza obs\u0142uga jest w zasadzie automatyczna. Polecamy fachowy monta\u017c w m.st. Warszawa, dzi\u0119ki czemu okresowe czyszczenie lub potencjalny serwis pogwarancyjny b\u0119dzie konkurencyjny cenowo.<\/p>\n<p>DANE TECHNICZNE ORAZ POMOCNE MATERIA\u0141Y\u2013 Klimatyzator ASYG09LLCE AOYG09LLCE<\/p>\n<div class=\"su-tabs su-tabs-style-default su-tabs-mobile-stack\" data-active=\"1\" data-scroll-offset=\"0\" data-anchor-in-url=\"no\"><div class=\"su-tabs-nav\"><span class=\"\" data-url=\"\" data-target=\"blank\" tabindex=\"0\" role=\"button\">Opis funkcji<\/span><span class=\"\" data-url=\"\" data-target=\"blank\" tabindex=\"0\" role=\"button\">Opis funkcji<\/span><span class=\"\" data-url=\"\" data-target=\"blank\" tabindex=\"0\" role=\"button\">Funkcje<\/span><span class=\"\" data-url=\"\" data-target=\"blank\" tabindex=\"0\" role=\"button\">Energooszcz\u0119dno\u015b\u0107<\/span><span class=\"\" data-url=\"\" data-target=\"blank\" tabindex=\"0\" role=\"button\">Por\u00f3wnanie SERII LL ASYG 07,09,12<\/span><\/div><div class=\"su-tabs-panes\"><div class=\"su-tabs-pane su-u-clearfix su-u-trim\" data-title=\"Opis funkcji\">\n<div class=\"su-document su-u-responsive-media-yes\"><iframe src=\"\/\/docs.google.com\/viewer?embedded=true&url=http:\/\/fabrykachlodu.pl\/sklep\/wp-content\/uploads\/2018\/03\/opis.funkcji.pdf\" width=\"600\" height=\"400\" class=\"su-document\" title=\"\"><\/iframe><\/div>\n<\/div>\n<div class=\"su-tabs-pane su-u-clearfix su-u-trim\" data-title=\"Opis funkcji\">\n<div class=\"su-document su-u-responsive-media-yes\"><iframe src=\"\/\/docs.google.com\/viewer?embedded=true&url=http:\/\/fabrykachlodu.pl\/sklep\/wp-content\/uploads\/2018\/03\/energooszczednosc.pdf\" width=\"600\" height=\"400\" class=\"su-document\" title=\"\"><\/iframe><\/div>\n<\/div>\n<div class=\"su-tabs-pane su-u-clearfix su-u-trim\" data-title=\"Funkcje\">\n<div class=\"su-document su-u-responsive-media-yes\"><iframe src=\"\/\/docs.google.com\/viewer?embedded=true&url=http:\/\/fabrykachlodu.pl\/sklep\/wp-content\/uploads\/2018\/03\/specyfikacja.funkcji.pdf\" width=\"600\" height=\"400\" class=\"su-document\" title=\"\"><\/iframe><\/div>\n<\/div>\n<div class=\"su-tabs-pane su-u-clearfix su-u-trim\" data-title=\"Energooszcz\u0119dno\u015b\u0107\">\n<div class=\"su-document su-u-responsive-media-yes\"><iframe src=\"\/\/docs.google.com\/viewer?embedded=true&url=http:\/\/fabrykachlodu.pl\/sklep\/wp-content\/uploads\/2018\/03\/FUNKCJE.pdf\" width=\"600\" height=\"400\" class=\"su-document\" title=\"\"><\/iframe><\/div>\n<\/div>\n<div class=\"su-tabs-pane su-u-clearfix su-u-trim\" data-title=\"Por\u00f3wnanie SERII LL ASYG 07,09,12\">\n<div class=\"su-document su-u-responsive-media-yes\"><iframe src=\"\/\/docs.google.com\/viewer?embedded=true&url=http:\/\/fabrykachlodu.pl\/sklep\/wp-content\/uploads\/2018\/03\/seriaLL.klimatyzatory.pdf\" width=\"600\" height=\"400\" class=\"su-document\" title=\"\"><\/iframe><\/div>\n<\/div><\/div><\/div>\n<p>Dokumenty si\u0119 nie wy\u015bwietlaj\u0105? <input type=\"button\" value=\"Od\u015bwie\u017c stron\u0119\" onclick=\"location.reload();\"> <\/p>\n<div class=\"su-note\"  style=\"border-color:#e5e5e5;border-radius:3px;-moz-border-radius:3px;-webkit-border-radius:3px;\"><div class=\"su-note-inner su-u-clearfix su-u-trim\" style=\"background-color:#ffffff;border-color:#ffffff;color:#afafaf;border-radius:3px;-moz-border-radius:3px;-webkit-border-radius:3px;\">Jakie s\u0105 konsekwencje stosowania gaz\u00f3w zubo\u017caj\u0105cych warstw\u0119 ozonow\u0105 np. freonowych? (ustawa F-gazowa)<\/p>\n<p>Og\u00f3lnie Fujitsu kieruje si\u0119 unijnym planem dzia\u0142ania 20\/20\/20, zak\u0142adaj\u0105cym zwi\u0119kszenie udzia\u0142u \u017ar\u00f3de\u0142 energii odnawialnej o 20%, zmniejszenie emisji CO2 o 20% i zmniejszenie zu\u017cycia energii pierwotnej o 20% do roku 2020. Jednak seria LLC zasilana jest czynnikiem ch\u0142odniczym R410 (Freon). Radzimy stosowa\u0107 produkty z czynnikiem ch\u0142odniczym R32. Do roku 2020 na rynku europejskim zabraknie gaz\u00f3w freonowych, przez co dalsze u\u017cytkowanie b\u0119dzie utrudnione oraz koszt gaz\u00f3w zamiennych stosunkowo wy\u017cszy. <strong>Co mog\u0119 zrobi\u0107?<\/strong> Nasza nowa us\u0142uga to wynajem modelu FUJITSU premium, kt\u00f3ry dzia\u0142a na gazie ekologicznym. Minimalny okres wynajmu klimatyzacji to 3,6,9 miesi\u0119cy. Aby skorzysta\u0107 z wynajmu konieczne jest posiadanie ruroci\u0105gu, gniazda elektrycznego, hak\u00f3w mocuj\u0105cych jednostk\u0119 zewn\u0119trzna. <a href=\"http:\/\/fabrykachlodu.pl\/sklep\/wynajem-klimatyzacji\/\">Dowiedz si\u0119 wi\u0119cej o wynajmie klimatyzacji<\/a><\/p>\n<\/div><\/div>\n<p>Klimatyzator do dogrzewania i ch\u0142odzenie pokoju salonu sypialni mo\u017ce by\u0107 zainstalowany w Warszawie ju\u017c nast\u0119pnego dnia.<\/p>\n","protected":false},"excerpt":{"rendered":"<h5>Najwa\u017cniejsze zalety<\/h5>\n[dt_list style=\"1\" bullet_position=\"middle\" dividers=\"true\"][dt_list_item image=\"\"]Kompaktowa konstrukcja[\/dt_list_item][dt_list_item image=\"\"]Wysoka efektywno\u015b\u0107[\/dt_list_item][dt_list_item image=\"\"]Programator on-off[\/dt_list_item][dt_list_item image=\"\"]Cicha praca [\/dt_list_item][\/dt_list]\n","protected":false},"featured_media":37953,"template":"","meta":[],"product_cat":[191,216,189],"product_tag":[],"yoast_head":"<!-- This site is optimized with the Yoast SEO plugin v22.1 - https:\/\/yoast.com\/wordpress\/plugins\/seo\/ -->\n<title>Ma\u0142y klimatyzator z funkcja grzania pokoju salonu sypialni<\/title>\n<meta name=\"description\" content=\"FUJITSU LLC jest to ma\u0142y klimatyzator - w \u00b0FC kupisz, wynajmiesz klimatyzacje g\u0142\u00f3wnie do pomieszcze\u0144 o powierzchni oko\u0142o 25-35m2. Ma\u0142y klimatyzatorz funkcja grzania pokoju salonu sypialni w sklepie internetowym jest taniej\" \/>\n<meta name=\"robots\" content=\"index, follow, max-snippet:-1, max-image-preview:large, max-video-preview:-1\" \/>\n<link rel=\"canonical\" href=\"https:\/\/www.fabrykachlodu.pl\/sklep\/produkt\/maly-klimatyzator-z-funkcja-grzania-pokoju-salonu-sypialni\/\" \/>\n<meta name=\"twitter:label1\" content=\"Szacowany czas czytania\" \/>\n\t<meta name=\"twitter:data1\" content=\"2 minuty\" \/>\n<script type=\"application\/ld+json\" class=\"yoast-schema-graph\">{\"@context\":\"https:\/\/schema.org\",\"@graph\":[{\"@type\":\"WebPage\",\"@id\":\"https:\/\/www.fabrykachlodu.pl\/sklep\/produkt\/maly-klimatyzator-z-funkcja-grzania-pokoju-salonu-sypialni\/\",\"url\":\"https:\/\/www.fabrykachlodu.pl\/sklep\/produkt\/maly-klimatyzator-z-funkcja-grzania-pokoju-salonu-sypialni\/\",\"name\":\"Ma\u0142y klimatyzator z funkcja grzania pokoju salonu sypialni\",\"isPartOf\":{\"@id\":\"https:\/\/www.fabrykachlodu.pl\/sklep\/#website\"},\"datePublished\":\"2018-02-28T10:39:11+00:00\",\"dateModified\":\"2022-06-30T20:20:50+00:00\",\"description\":\"FUJITSU LLC jest to ma\u0142y klimatyzator - w \u00b0FC kupisz, wynajmiesz klimatyzacje g\u0142\u00f3wnie do pomieszcze\u0144 o powierzchni oko\u0142o 25-35m2. Ma\u0142y klimatyzatorz funkcja grzania pokoju salonu sypialni w sklepie internetowym jest taniej\",\"breadcrumb\":{\"@id\":\"https:\/\/www.fabrykachlodu.pl\/sklep\/produkt\/maly-klimatyzator-z-funkcja-grzania-pokoju-salonu-sypialni\/#breadcrumb\"},\"inLanguage\":\"pl-PL\",\"potentialAction\":[{\"@type\":\"ReadAction\",\"target\":[\"https:\/\/www.fabrykachlodu.pl\/sklep\/produkt\/maly-klimatyzator-z-funkcja-grzania-pokoju-salonu-sypialni\/\"]}]},{\"@type\":\"BreadcrumbList\",\"@id\":\"https:\/\/www.fabrykachlodu.pl\/sklep\/produkt\/maly-klimatyzator-z-funkcja-grzania-pokoju-salonu-sypialni\/#breadcrumb\",\"itemListElement\":[{\"@type\":\"ListItem\",\"position\":1,\"name\":\"Strona g\u0142\u00f3wna\",\"item\":\"https:\/\/www.fabrykachlodu.pl\/sklep\/\"},{\"@type\":\"ListItem\",\"position\":2,\"name\":\"Szukasz klimatzyacji biurowej sklepowej lub do mieszkania?\",\"item\":\"https:\/\/www.fabrykachlodu.pl\/sklep\/\"},{\"@type\":\"ListItem\",\"position\":3,\"name\":\"FUJITSU\",\"item\":\"https:\/\/www.fabrykachlodu.pl\/sklep\/product-category\/fujitsu\/\"},{\"@type\":\"ListItem\",\"position\":4,\"name\":\"Na\u015bcienny\",\"item\":\"https:\/\/www.fabrykachlodu.pl\/sklep\/product-category\/fujitsu\/nascienny-fujitsu\/\"},{\"@type\":\"ListItem\",\"position\":5,\"name\":\"LLCE\",\"item\":\"https:\/\/www.fabrykachlodu.pl\/sklep\/product-category\/fujitsu\/nascienny-fujitsu\/klimatyzacja-do-malego-mieszkania-biura-sklepu\/\"},{\"@type\":\"ListItem\",\"position\":6,\"name\":\"Chcesz dogrzewa\u0107 i ch\u0142odzi\u0107 pok\u00f3j salon lub sypialnie?\"}]},{\"@type\":\"WebSite\",\"@id\":\"https:\/\/www.fabrykachlodu.pl\/sklep\/#website\",\"url\":\"https:\/\/www.fabrykachlodu.pl\/sklep\/\",\"name\":\"\u00b0FC Sklep Internetowy monta\u017c klimatyzacji pomp ciep\u0142a\",\"description\":\"\u00b0FC monta\u017c klimatyzacji pomp ciep\u0142a z nami to szybki i tani wyb\u00f3r.  Us\u0142ugi monta\u017cowe i serwisowe W Warszawie i okolicach..\",\"potentialAction\":[{\"@type\":\"SearchAction\",\"target\":{\"@type\":\"EntryPoint\",\"urlTemplate\":\"https:\/\/www.fabrykachlodu.pl\/sklep\/?s={search_term_string}\"},\"query-input\":\"required name=search_term_string\"}],\"inLanguage\":\"pl-PL\"}]}<\/script>\n<!-- \/ Yoast SEO plugin. -->","yoast_head_json":{"title":"Ma\u0142y klimatyzator z funkcja grzania pokoju salonu sypialni","description":"FUJITSU LLC jest to ma\u0142y klimatyzator - w \u00b0FC kupisz, wynajmiesz klimatyzacje g\u0142\u00f3wnie do pomieszcze\u0144 o powierzchni oko\u0142o 25-35m2. Ma\u0142y klimatyzatorz funkcja grzania pokoju salonu sypialni w sklepie internetowym jest taniej","robots":{"index":"index","follow":"follow","max-snippet":"max-snippet:-1","max-image-preview":"max-image-preview:large","max-video-preview":"max-video-preview:-1"},"canonical":"https:\/\/www.fabrykachlodu.pl\/sklep\/produkt\/maly-klimatyzator-z-funkcja-grzania-pokoju-salonu-sypialni\/","twitter_misc":{"Szacowany czas czytania":"2 minuty"},"schema":{"@context":"https:\/\/schema.org","@graph":[{"@type":"WebPage","@id":"https:\/\/www.fabrykachlodu.pl\/sklep\/produkt\/maly-klimatyzator-z-funkcja-grzania-pokoju-salonu-sypialni\/","url":"https:\/\/www.fabrykachlodu.pl\/sklep\/produkt\/maly-klimatyzator-z-funkcja-grzania-pokoju-salonu-sypialni\/","name":"Ma\u0142y klimatyzator z funkcja grzania pokoju salonu sypialni","isPartOf":{"@id":"https:\/\/www.fabrykachlodu.pl\/sklep\/#website"},"datePublished":"2018-02-28T10:39:11+00:00","dateModified":"2022-06-30T20:20:50+00:00","description":"FUJITSU LLC jest to ma\u0142y klimatyzator - w \u00b0FC kupisz, wynajmiesz klimatyzacje g\u0142\u00f3wnie do pomieszcze\u0144 o powierzchni oko\u0142o 25-35m2. Ma\u0142y klimatyzatorz funkcja grzania pokoju salonu sypialni w sklepie internetowym jest taniej","breadcrumb":{"@id":"https:\/\/www.fabrykachlodu.pl\/sklep\/produkt\/maly-klimatyzator-z-funkcja-grzania-pokoju-salonu-sypialni\/#breadcrumb"},"inLanguage":"pl-PL","potentialAction":[{"@type":"ReadAction","target":["https:\/\/www.fabrykachlodu.pl\/sklep\/produkt\/maly-klimatyzator-z-funkcja-grzania-pokoju-salonu-sypialni\/"]}]},{"@type":"BreadcrumbList","@id":"https:\/\/www.fabrykachlodu.pl\/sklep\/produkt\/maly-klimatyzator-z-funkcja-grzania-pokoju-salonu-sypialni\/#breadcrumb","itemListElement":[{"@type":"ListItem","position":1,"name":"Strona g\u0142\u00f3wna","item":"https:\/\/www.fabrykachlodu.pl\/sklep\/"},{"@type":"ListItem","position":2,"name":"Szukasz klimatzyacji biurowej sklepowej lub do mieszkania?","item":"https:\/\/www.fabrykachlodu.pl\/sklep\/"},{"@type":"ListItem","position":3,"name":"FUJITSU","item":"https:\/\/www.fabrykachlodu.pl\/sklep\/product-category\/fujitsu\/"},{"@type":"ListItem","position":4,"name":"Na\u015bcienny","item":"https:\/\/www.fabrykachlodu.pl\/sklep\/product-category\/fujitsu\/nascienny-fujitsu\/"},{"@type":"ListItem","position":5,"name":"LLCE","item":"https:\/\/www.fabrykachlodu.pl\/sklep\/product-category\/fujitsu\/nascienny-fujitsu\/klimatyzacja-do-malego-mieszkania-biura-sklepu\/"},{"@type":"ListItem","position":6,"name":"Chcesz dogrzewa\u0107 i ch\u0142odzi\u0107 pok\u00f3j salon lub sypialnie?"}]},{"@type":"WebSite","@id":"https:\/\/www.fabrykachlodu.pl\/sklep\/#website","url":"https:\/\/www.fabrykachlodu.pl\/sklep\/","name":"\u00b0FC Sklep Internetowy monta\u017c klimatyzacji pomp ciep\u0142a","description":"\u00b0FC monta\u017c klimatyzacji pomp ciep\u0142a z nami to szybki i tani wyb\u00f3r.  Us\u0142ugi monta\u017cowe i serwisowe W Warszawie i okolicach..","potentialAction":[{"@type":"SearchAction","target":{"@type":"EntryPoint","urlTemplate":"https:\/\/www.fabrykachlodu.pl\/sklep\/?s={search_term_string}"},"query-input":"required name=search_term_string"}],"inLanguage":"pl-PL"}]}},"_links":{"self":[{"href":"https:\/\/www.fabrykachlodu.pl\/sklep\/wp-json\/wp\/v2\/product\/37917"}],"collection":[{"href":"https:\/\/www.fabrykachlodu.pl\/sklep\/wp-json\/wp\/v2\/product"}],"about":[{"href":"https:\/\/www.fabrykachlodu.pl\/sklep\/wp-json\/wp\/v2\/types\/product"}],"wp:featuredmedia":[{"embeddable":true,"href":"https:\/\/www.fabrykachlodu.pl\/sklep\/wp-json\/wp\/v2\/media\/37953"}],"wp:attachment":[{"href":"https:\/\/www.fabrykachlodu.pl\/sklep\/wp-json\/wp\/v2\/media?parent=37917"}],"wp:term":[{"taxonomy":"product_cat","embeddable":true,"href":"https:\/\/www.fabrykachlodu.pl\/sklep\/wp-json\/wp\/v2\/product_cat?post=37917"},{"taxonomy":"product_tag","embeddable":true,"href":"https:\/\/www.fabrykachlodu.pl\/sklep\/wp-json\/wp\/v2\/product_tag?post=37917"}],"curies":[{"name":"wp","href":"https:\/\/api.w.org\/{rel}","templated":true}]}}