{"id":38039,"date":"2018-03-07T15:27:16","date_gmt":"2018-03-07T14:27:16","guid":{"rendered":"http:\/\/fabrykachlodu.pl\/sklep\/?post_type=product&#038;p=38039"},"modified":"2022-06-30T22:19:39","modified_gmt":"2022-06-30T20:19:39","slug":"fujitsu-klimatyzator-do-grzania-mieszkania-domu-biura","status":"publish","type":"product","link":"https:\/\/www.fabrykachlodu.pl\/sklep\/produkt\/fujitsu-klimatyzator-do-grzania-mieszkania-domu-biura\/","title":{"rendered":"Klimatyzator do grzania mieszkania domu biura"},"content":{"rendered":"<p>Klimatyzatory \u015bcienne marki FUJITSU to najwy\u017cszej jako\u015bci urz\u0105dzenia do grzania domu biura, cechuj\u0105ce si\u0119 wysok\u0105 wydajno\u015bci\u0105 i niskim<\/p>\n<p>zu\u017cyciem energii. Urz\u0105dzenie LT wyr\u00f3\u017cnia si\u0119 jako\u015bci\u0105 &#8211; potwierdzeniem tego jest 10 letnia gwarancja.<\/p>\n<p>Jest to \u015bwietny klimatyzator. Fujitsu w bardzo szczeg\u00f3lny spos\u00f3b komponuje zestawy pod wzgl\u0119dem parametr\u00f3w i estetyki. Do tego produkt jest elegancki.<\/p>\n<p>Jest to najmniejszy model serii LT g\u0142\u00f3wnie do pomieszcze\u0144 o powierzchni oko\u0142o 35m2. Sprawdza si\u0119 w ma\u0142ych mieszkaniach, sklepach czy w biurze.<\/p>\n<p>DANE TECHNICZNE ORAZ POMOCNE MATERIA\u0141Y\u2013 Klimatyzator ASYG09LTCA AOYG09LTC<\/p>\n<div class=\"su-tabs su-tabs-style-default su-tabs-mobile-stack\" data-active=\"1\" data-scroll-offset=\"0\" data-anchor-in-url=\"no\"><div class=\"su-tabs-nav\"><span class=\"\" data-url=\"\" data-target=\"blank\" tabindex=\"0\" role=\"button\">Gwarancja jako\u015bci<\/span><span class=\"\" data-url=\"\" data-target=\"blank\" tabindex=\"0\" role=\"button\">Opis funkcji<\/span><span class=\"\" data-url=\"\" data-target=\"blank\" tabindex=\"0\" role=\"button\">Energooszcz\u0119dno\u015b\u0107<\/span><span class=\"\" data-url=\"\" data-target=\"blank\" tabindex=\"0\" role=\"button\">Specyfikacja funkcji<\/span><span class=\"\" data-url=\"\" data-target=\"blank\" tabindex=\"0\" role=\"button\">Funkcje<\/span><span class=\"\" data-url=\"\" data-target=\"blank\" tabindex=\"0\" role=\"button\">Por\u00f3wnanie SERII LT ASYG 09,12<\/span><\/div><div class=\"su-tabs-panes\"><div class=\"su-tabs-pane su-u-clearfix su-u-trim\" data-title=\"Gwarancja jako\u015bci\">\n<div class=\"su-document su-u-responsive-media-yes\"><iframe src=\"\/\/docs.google.com\/viewer?embedded=true&url=http:\/\/fabrykachlodu.pl\/sklep\/wp-content\/uploads\/2018\/03\/10_lat_gwarancja.pdf\" width=\"600\" height=\"400\" class=\"su-document\" title=\"\"><\/iframe><\/div>\n<\/div>\n<div class=\"su-tabs-pane su-u-clearfix su-u-trim\" data-title=\"Opis funkcji\">\n<div class=\"su-document su-u-responsive-media-yes\"><iframe src=\"\/\/docs.google.com\/viewer?embedded=true&url=http:\/\/fabrykachlodu.pl\/sklep\/wp-content\/uploads\/2018\/03\/opis.funkcji.pdf\" width=\"600\" height=\"400\" class=\"su-document\" title=\"\"><\/iframe><\/div>\n<\/div>\n<div class=\"su-tabs-pane su-u-clearfix su-u-trim\" data-title=\"Energooszcz\u0119dno\u015b\u0107\">\n<div class=\"su-document su-u-responsive-media-yes\"><iframe src=\"\/\/docs.google.com\/viewer?embedded=true&url=http:\/\/fabrykachlodu.pl\/sklep\/wp-content\/uploads\/2018\/03\/energooszczednosc.pdf\" width=\"600\" height=\"400\" class=\"su-document\" title=\"\"><\/iframe><\/div>\n<\/div>\n<div class=\"su-tabs-pane su-u-clearfix su-u-trim\" data-title=\"Specyfikacja funkcji\">\n<div class=\"su-document su-u-responsive-media-yes\"><iframe src=\"\/\/docs.google.com\/viewer?embedded=true&url=http:\/\/fabrykachlodu.pl\/sklep\/wp-content\/uploads\/2018\/03\/specyfikacja.funkcji.pdf\" width=\"600\" height=\"400\" class=\"su-document\" title=\"\"><\/iframe><\/div>\n<\/div>\n<div class=\"su-tabs-pane su-u-clearfix su-u-trim\" data-title=\"Funkcje\">\n<div class=\"su-document su-u-responsive-media-yes\"><iframe src=\"\/\/docs.google.com\/viewer?embedded=true&url=http:\/\/fabrykachlodu.pl\/sklep\/wp-content\/uploads\/2018\/03\/FUNKCJE.pdf\" width=\"600\" height=\"400\" class=\"su-document\" title=\"\"><\/iframe><\/div>\n<\/div>\n<div class=\"su-tabs-pane su-u-clearfix su-u-trim\" data-title=\"Por\u00f3wnanie SERII LT ASYG 09,12\">\n<div class=\"su-document su-u-responsive-media-yes\"><iframe src=\"\/\/docs.google.com\/viewer?embedded=true&url=http:\/\/fabrykachlodu.pl\/sklep\/wp-content\/uploads\/2018\/03\/seria.LT_.09.12.parametry.techniczne.pdf\" width=\"600\" height=\"400\" class=\"su-document\" title=\"\"><\/iframe><\/div>\n<\/div><\/div><\/div>\n<p>Dokumenty si\u0119 nie wy\u015bwietlaj\u0105? <input type=\"button\" value=\"Od\u015bwie\u017c stron\u0119\" onclick=\"location.reload();\"> <\/p>\n<div class=\"su-note\"  style=\"border-color:#e5e5e5;border-radius:3px;-moz-border-radius:3px;-webkit-border-radius:3px;\"><div class=\"su-note-inner su-u-clearfix su-u-trim\" style=\"background-color:#ffffff;border-color:#ffffff;color:#afafaf;border-radius:3px;-moz-border-radius:3px;-webkit-border-radius:3px;\">Jakie s\u0105 konsekwencja stosowania gaz\u00f3w zubo\u017caj\u0105cych warstw\u0119 ozonow\u0105 np. freonowych? (ustawa F-gazowa)<\/p>\n<p>Radzimy stosowa\u0107 produkty z czynnikiem ch\u0142odniczym R32. <\/p>\n<p>Do roku 2020 na rynku europejskim <a href=\"http:\/\/fabrykachlodu.pl\/sklep\/wp-content\/uploads\/2018\/03\/ustawa_f-gaz.ulotka.pdf\">zabraknie gaz\u00f3w freonowych<\/a>, przez co dalsze u\u017cytkowanie b\u0119dzie utrudnione oraz koszt gaz\u00f3w zamiennych stosunkowo wy\u017cszy. Jako firma serwisowa oraz pro-ekologiczna rekomendujemy energi\u0119 odnawialn\u0105, kt\u00f3rej celem jest mniejsza emisja CO2 oraz mniejsze zu\u017cycie energii pierwotnej.<\/p>\n<p><strong>Co mog\u0119 zrobi\u0107?<\/strong> Nasza nowa us\u0142uga to wynajem modelu FUJITSU premium, kt\u00f3ry dzia\u0142a na gazie ekologicznym. Minimalny okres wynajmu klimatyzacji to 3,6,9 miesi\u0119cy.  Aby skorzysta\u0107 z wynajmu konieczne jest posiadanie ruroci\u0105gu, gniazda elektrycznego, hak\u00f3w mocuj\u0105cych jednostk\u0119 zewn\u0119trzna. <a href=\"http:\/\/fabrykachlodu.pl\/sklep\/wynajem-klimatyzacji\/\">Dowiedz si\u0119 wi\u0119cej o wynajmie klimatyzacji<\/a><\/p>\n<\/div><\/div>\n<p>Chcesz wiedzie\u0107 jak klimatyzator do grzania mieszkania domu mo\u017ce zast\u0105pi\u0107 tradycyjne ogrzewanie? Zapraszamy do kontaktu.<\/p>\n","protected":false},"excerpt":{"rendered":"<h5>Najwa\u017cniejsze zalety<\/h5>\n[dt_list style=\"1\" bullet_position=\"middle\" dividers=\"true\"][dt_list_item image=\"\"]Cienki i p\u0142aski wygl\u0105d[\/dt_list_item][dt_list_item image=\"\"]Wydajne ogrzewanie[\/dt_list_item][dt_list_item image=\"\"]3 Tryby programowania (tygodniowy\/dzienny\/u\u015bpienie)[\/dt_list_item][dt_list_item image=\"\"]Niska temperatura pracy[\/dt_list_item]<\/p>\n<p>[dt_list_item image=\"\"]Najwy\u017csza wydajno\u015b\u0107 A+++[\/dt_list_item]<\/p>\n<p>[dt_list_item image=\"\"]10 letnia gwarancja[\/dt_list_item]<\/p>\n<p>[\/dt_list]\n<p>&nbsp;<\/p>\n","protected":false},"featured_media":38048,"template":"","meta":[],"product_cat":[191,2991,189],"product_tag":[],"yoast_head":"<!-- This site is optimized with the Yoast SEO plugin v22.1 - https:\/\/yoast.com\/wordpress\/plugins\/seo\/ -->\n<title>\u00b0FC &#187;<\/title>\n<meta name=\"description\" content=\"\u00b0FC klimatyzacja monta\u017c Warszawa\" \/>\n<meta name=\"robots\" content=\"index, follow, max-snippet:-1, max-image-preview:large, max-video-preview:-1\" \/>\n<link rel=\"canonical\" href=\"https:\/\/www.fabrykachlodu.pl\/sklep\/produkt\/fujitsu-klimatyzator-do-grzania-mieszkania-domu-biura\/\" \/>\n<meta name=\"twitter:label1\" content=\"Szacowany czas czytania\" \/>\n\t<meta name=\"twitter:data1\" content=\"2 minuty\" \/>\n<script type=\"application\/ld+json\" class=\"yoast-schema-graph\">{\"@context\":\"https:\/\/schema.org\",\"@graph\":[{\"@type\":\"WebPage\",\"@id\":\"https:\/\/www.fabrykachlodu.pl\/sklep\/produkt\/fujitsu-klimatyzator-do-grzania-mieszkania-domu-biura\/\",\"url\":\"https:\/\/www.fabrykachlodu.pl\/sklep\/produkt\/fujitsu-klimatyzator-do-grzania-mieszkania-domu-biura\/\",\"name\":\"\u00b0FC &#187;\",\"isPartOf\":{\"@id\":\"https:\/\/www.fabrykachlodu.pl\/sklep\/#website\"},\"datePublished\":\"2018-03-07T14:27:16+00:00\",\"dateModified\":\"2022-06-30T20:19:39+00:00\",\"description\":\"\u00b0FC klimatyzacja monta\u017c Warszawa\",\"breadcrumb\":{\"@id\":\"https:\/\/www.fabrykachlodu.pl\/sklep\/produkt\/fujitsu-klimatyzator-do-grzania-mieszkania-domu-biura\/#breadcrumb\"},\"inLanguage\":\"pl-PL\",\"potentialAction\":[{\"@type\":\"ReadAction\",\"target\":[\"https:\/\/www.fabrykachlodu.pl\/sklep\/produkt\/fujitsu-klimatyzator-do-grzania-mieszkania-domu-biura\/\"]}]},{\"@type\":\"BreadcrumbList\",\"@id\":\"https:\/\/www.fabrykachlodu.pl\/sklep\/produkt\/fujitsu-klimatyzator-do-grzania-mieszkania-domu-biura\/#breadcrumb\",\"itemListElement\":[{\"@type\":\"ListItem\",\"position\":1,\"name\":\"Strona g\u0142\u00f3wna\",\"item\":\"https:\/\/www.fabrykachlodu.pl\/sklep\/\"},{\"@type\":\"ListItem\",\"position\":2,\"name\":\"Szukasz klimatzyacji biurowej sklepowej lub do mieszkania?\",\"item\":\"https:\/\/www.fabrykachlodu.pl\/sklep\/\"},{\"@type\":\"ListItem\",\"position\":3,\"name\":\"FUJITSU\",\"item\":\"https:\/\/www.fabrykachlodu.pl\/sklep\/product-category\/fujitsu\/\"},{\"@type\":\"ListItem\",\"position\":4,\"name\":\"Na\u015bcienny\",\"item\":\"https:\/\/www.fabrykachlodu.pl\/sklep\/product-category\/fujitsu\/nascienny-fujitsu\/\"},{\"@type\":\"ListItem\",\"position\":5,\"name\":\"LT\",\"item\":\"https:\/\/www.fabrykachlodu.pl\/sklep\/product-category\/fujitsu\/nascienny-fujitsu\/lt\/\"},{\"@type\":\"ListItem\",\"position\":6,\"name\":\"Klimatyzator do grzania mieszkania domu biura\"}]},{\"@type\":\"WebSite\",\"@id\":\"https:\/\/www.fabrykachlodu.pl\/sklep\/#website\",\"url\":\"https:\/\/www.fabrykachlodu.pl\/sklep\/\",\"name\":\"\u00b0FC Sklep Internetowy monta\u017c klimatyzacji pomp ciep\u0142a\",\"description\":\"\u00b0FC monta\u017c klimatyzacji pomp ciep\u0142a z nami to szybki i tani wyb\u00f3r.  Us\u0142ugi monta\u017cowe i serwisowe W Warszawie i okolicach..\",\"potentialAction\":[{\"@type\":\"SearchAction\",\"target\":{\"@type\":\"EntryPoint\",\"urlTemplate\":\"https:\/\/www.fabrykachlodu.pl\/sklep\/?s={search_term_string}\"},\"query-input\":\"required name=search_term_string\"}],\"inLanguage\":\"pl-PL\"}]}<\/script>\n<!-- \/ Yoast SEO plugin. -->","yoast_head_json":{"title":"\u00b0FC &#187;","description":"\u00b0FC klimatyzacja monta\u017c Warszawa","robots":{"index":"index","follow":"follow","max-snippet":"max-snippet:-1","max-image-preview":"max-image-preview:large","max-video-preview":"max-video-preview:-1"},"canonical":"https:\/\/www.fabrykachlodu.pl\/sklep\/produkt\/fujitsu-klimatyzator-do-grzania-mieszkania-domu-biura\/","twitter_misc":{"Szacowany czas czytania":"2 minuty"},"schema":{"@context":"https:\/\/schema.org","@graph":[{"@type":"WebPage","@id":"https:\/\/www.fabrykachlodu.pl\/sklep\/produkt\/fujitsu-klimatyzator-do-grzania-mieszkania-domu-biura\/","url":"https:\/\/www.fabrykachlodu.pl\/sklep\/produkt\/fujitsu-klimatyzator-do-grzania-mieszkania-domu-biura\/","name":"\u00b0FC &#187;","isPartOf":{"@id":"https:\/\/www.fabrykachlodu.pl\/sklep\/#website"},"datePublished":"2018-03-07T14:27:16+00:00","dateModified":"2022-06-30T20:19:39+00:00","description":"\u00b0FC klimatyzacja monta\u017c Warszawa","breadcrumb":{"@id":"https:\/\/www.fabrykachlodu.pl\/sklep\/produkt\/fujitsu-klimatyzator-do-grzania-mieszkania-domu-biura\/#breadcrumb"},"inLanguage":"pl-PL","potentialAction":[{"@type":"ReadAction","target":["https:\/\/www.fabrykachlodu.pl\/sklep\/produkt\/fujitsu-klimatyzator-do-grzania-mieszkania-domu-biura\/"]}]},{"@type":"BreadcrumbList","@id":"https:\/\/www.fabrykachlodu.pl\/sklep\/produkt\/fujitsu-klimatyzator-do-grzania-mieszkania-domu-biura\/#breadcrumb","itemListElement":[{"@type":"ListItem","position":1,"name":"Strona g\u0142\u00f3wna","item":"https:\/\/www.fabrykachlodu.pl\/sklep\/"},{"@type":"ListItem","position":2,"name":"Szukasz klimatzyacji biurowej sklepowej lub do mieszkania?","item":"https:\/\/www.fabrykachlodu.pl\/sklep\/"},{"@type":"ListItem","position":3,"name":"FUJITSU","item":"https:\/\/www.fabrykachlodu.pl\/sklep\/product-category\/fujitsu\/"},{"@type":"ListItem","position":4,"name":"Na\u015bcienny","item":"https:\/\/www.fabrykachlodu.pl\/sklep\/product-category\/fujitsu\/nascienny-fujitsu\/"},{"@type":"ListItem","position":5,"name":"LT","item":"https:\/\/www.fabrykachlodu.pl\/sklep\/product-category\/fujitsu\/nascienny-fujitsu\/lt\/"},{"@type":"ListItem","position":6,"name":"Klimatyzator do grzania mieszkania domu biura"}]},{"@type":"WebSite","@id":"https:\/\/www.fabrykachlodu.pl\/sklep\/#website","url":"https:\/\/www.fabrykachlodu.pl\/sklep\/","name":"\u00b0FC Sklep Internetowy monta\u017c klimatyzacji pomp ciep\u0142a","description":"\u00b0FC monta\u017c klimatyzacji pomp ciep\u0142a z nami to szybki i tani wyb\u00f3r.  Us\u0142ugi monta\u017cowe i serwisowe W Warszawie i okolicach..","potentialAction":[{"@type":"SearchAction","target":{"@type":"EntryPoint","urlTemplate":"https:\/\/www.fabrykachlodu.pl\/sklep\/?s={search_term_string}"},"query-input":"required name=search_term_string"}],"inLanguage":"pl-PL"}]}},"_links":{"self":[{"href":"https:\/\/www.fabrykachlodu.pl\/sklep\/wp-json\/wp\/v2\/product\/38039"}],"collection":[{"href":"https:\/\/www.fabrykachlodu.pl\/sklep\/wp-json\/wp\/v2\/product"}],"about":[{"href":"https:\/\/www.fabrykachlodu.pl\/sklep\/wp-json\/wp\/v2\/types\/product"}],"wp:featuredmedia":[{"embeddable":true,"href":"https:\/\/www.fabrykachlodu.pl\/sklep\/wp-json\/wp\/v2\/media\/38048"}],"wp:attachment":[{"href":"https:\/\/www.fabrykachlodu.pl\/sklep\/wp-json\/wp\/v2\/media?parent=38039"}],"wp:term":[{"taxonomy":"product_cat","embeddable":true,"href":"https:\/\/www.fabrykachlodu.pl\/sklep\/wp-json\/wp\/v2\/product_cat?post=38039"},{"taxonomy":"product_tag","embeddable":true,"href":"https:\/\/www.fabrykachlodu.pl\/sklep\/wp-json\/wp\/v2\/product_tag?post=38039"}],"curies":[{"name":"wp","href":"https:\/\/api.w.org\/{rel}","templated":true}]}}