{"id":41733,"date":"2019-09-17T17:23:30","date_gmt":"2019-09-17T15:23:30","guid":{"rendered":"http:\/\/www.fabrykachlodu.pl\/sklep\/produkt\/import-placeholder-for-mob01-09hfn8-qrd6gwa\/"},"modified":"2022-05-23T15:41:03","modified_gmt":"2022-05-23T13:41:03","slug":"jednostka-zew-mob01-09hfn8-qrd6gwa","status":"publish","type":"product","link":"https:\/\/www.fabrykachlodu.pl\/sklep\/produkt\/jednostka-zew-mob01-09hfn8-qrd6gwa\/","title":{"rendered":"\u00b0FC Klimatyzator Midea Breezeless+ MIDEA Jednostka zew. MOB01-09HFN8-QRD6GW(A)"},"content":{"rendered":"<p>Jednostki zewn\u0119trzne oferuj\u0105 najnowsz\u0105 technologi\u0119  Midea Inverter Quattro,  kt\u00f3ra  dzi\u0119ki  innowacyjnym  rozwi\u0105zaniom, gwarantuje najni\u017csze zu\u017cycie energii, najwy\u017csz\u0105 efektywno\u015b\u0107 i ekonomiczn\u0105 prac\u0119. To kombinacja 4 funkcjonalno\u015bci:  Gear i  ieCo,  Flash Cooling\/Heating,  praca  w  ekstremalnych warunkach oraz bezstopniowa regulacja.<\/p>\n<h1>Czy wiesz, \u017ce mo\u017cna u\u017cy\u0107 jednej jednostki zewn\u0119trznej do pod\u0142\u0105czenia a\u017c 5 jednostek wewn\u0119trznych np. Breezeless+?  To i wiele innych udogodnie\u0144 oferuje system  MIDEA MULTI Comfort<\/h1>\n<p>Bardzo korzystne ale rozbudowane rozwi\u0105zanie stanowi Klimatyzator na\u015bcienna. Klimatyzator na\u015bcienna to podstawowe metoda kontroli klimatu w obiekcie typu dom, biuro, sklep. Klimatyzator na\u015bcienna podobnie do multi-split, sk\u0142ada si\u0119 ze spr\u0119\u017carki, skraplacza i wymiennika powietrza ch\u0142odz\u0105cego, kt\u00f3re instalowane s\u0105 w jeden system. Zestaw klimatyzacji dzielony jest na dwie jednostki, czyli urz\u0105dzenia wewn\u0119trzne, kt\u00f3re ch\u0142odz\u0105 i cyrkuluje powietrze, a tak\u017ce jednostk\u0119 na zewn\u0105trz, kt\u00f3ra ma spr\u0119\u017cark\u0119.<\/p>\n<p><strong>W jednym miejscu poznasz:<\/strong><br \/>\nInformacje odno\u015bnie klimatyzacji na\u015bciennej MIDEA<br \/>\nPoznasz najwa\u017cniejsze funkcje<br \/>\nPor\u00f3wnasz produkty<br \/>\nPoznasz parametry techniczne<br \/>\nPoznasz cen\u0119 i zrealizujesz zam\u00f3wienie<\/p>\n<p><strong>Zamawiaj\u0105c produkt u nas:<\/strong><br \/>\nOtrzymasz produkt<br \/>\nJednostk\u0119 wewn\u0119trzna<br \/>\nJednostk\u0119 zewn\u0119trzna<br \/>\nSterowanie<\/p>\n<p><strong>Zlecaj\u0105c nam monta\u017c w Warszawie i woj. mazowieckim otrzymasz:<\/strong><br \/>\nRabat na produkty MIDEA<br \/>\nZestawne pod\u0142\u0105czenie elektryczne oraz hydrauliczne<br \/>\nGwarancje<br \/>\nSerwis.<\/p>\n<h2><strong>Zapraszamy do por\u00f3wnania zalet i wad klimatyzacji na\u015bciennej Breezeless+<\/strong><\/h2>\n<p><strong>Jakie s\u0105 zalety takich jednostek zewn\u0119trznych?<\/strong><\/p>\n<div class=\"su-service\"><div class=\"su-service-title\" style=\"padding-left:52px;min-height:38px;line-height:38px\"><i class=\"sui sui-check-circle\" style=\"font-size:38px;color:#22a0ed\"><\/i> Wskaz\u00f3wka naszego eksperta<\/div><div class=\"su-service-content su-u-clearfix su-u-trim\" style=\"padding-left:52px\">Kompaktowa budowa agregatu i mo\u017cliwo\u015b\u0107 pod\u0142\u0105czenia a\u017c do 5 jednostek wewn\u0119trznych typu Breezeless+, w opcji MULTI<br \/>Dzi\u0119ki nowoczesnej technologii inwerterowej, agregaty osi\u0105gaj\u0105 najwy\u017csze klasy efektywno\u015bci energetycznej<br \/>Mono (tylko jedna jednostka wewn\u0119trzna) zapewni szybkie rozwi\u0105zanie w upalne dni<br \/>Multi a\u017c do 5 jednostek wen\u0119trznych<\/div><\/div>\n<p><strong>Jakie s\u0105 wady jednostek zewn\u0119trznych?<\/strong><\/p>\n<div class=\"su-service\"><div class=\"su-service-title\" style=\"padding-left:52px;min-height:38px;line-height:38px\"><i class=\"sui sui-times-circle\" style=\"font-size:38px;color:#22a0ed\"><\/i> Wskaz\u00f3wka naszego eksperta<\/div><div class=\"su-service-content su-u-clearfix su-u-trim\" style=\"padding-left:52px\">Jednostka zewn\u0119trzna, kt\u00f3ra mo\u017ce przeszkadza\u0107 innym<br \/>Doprowadzenie ruroci\u0105gu i odprowadzenia skroplin<br \/>Stosowne pozwolenia od administratora budynku<\/div><\/div>\n<div class=\"hr-thin\"><\/div>\n<div class=\"su-service\"><div class=\"su-service-title\" style=\"padding-left:52px;min-height:38px;line-height:38px\"><i class=\"sui sui-info-circle\" style=\"font-size:38px;color:#22a0ed\"><\/i> Wskaz\u00f3wka naszego eksperta<\/div><div class=\"su-service-content su-u-clearfix su-u-trim\" style=\"padding-left:52px\">\nChcesz zaoszcz\u0119dzi\u0107 na instalacji wielu zestaw\u00f3w, wybierz system MIDEA MULTI Comfort, instaluj\u0105c a\u017c do 5 jednostek wewn\u0119trznych. Dzi\u0119ki temu, temperatur\u0119 np. w pokoju dziecka i b\u0119dzie mo\u017cna utrzyma\u0107 w nieco wy\u017cszych temperaturach ni\u017c w innych pomieszczeniach. Przy niewielkiej inwestycji, Klimatyzator MIDEA MULTI Comfort mo\u017ce by\u0107 zaprojektowana tak, aby s\u0142u\u017cy\u0107 jako systemy grzewcze w ca\u0142ym obiekcie.<br \/>\n<\/div><\/div>\n<div class=\"hr-thin\"><\/div>\n<div class=\"su-service\"><div class=\"su-service-title\" style=\"padding-left:52px;min-height:38px;line-height:38px\"><i class=\"sui sui-info-circle\" style=\"font-size:38px;color:#22a0ed\"><\/i> Wskaz\u00f3wka naszego eksperta<\/div><div class=\"su-service-content su-u-clearfix su-u-trim\" style=\"padding-left:52px\">\nPodsumowuj\u0105c, je\u015bli chcesz zainstalowa\u0107 tylko w jednym pomieszczeniu lub ma\u0142ym mieszkaniu zestaw jest dla Ciebie. Je\u015bli wi\u0119cej ni\u017c jedno pomieszczenie, polecamy system MIDEA MULTI Comfort sk\u0142adaj\u0105cy si\u0119 z szeregu jednostek Breezeless+<br \/>\n<\/div><\/div>\n<div class=\"hr-thin\"><\/div>\n<div class=\"su-service\"><div class=\"su-service-title\" style=\"padding-left:52px;min-height:38px;line-height:38px\"><i class=\"sui sui-info-circle\" style=\"font-size:38px;color:#22a0ed\"><\/i> Wskaz\u00f3wka naszego eksperta<\/div><div class=\"su-service-content su-u-clearfix su-u-trim\" style=\"padding-left:52px\">Urz\u0105dzenie bez zb\u0119dnych inwestycji s\u0142u\u017cy do<strong>ch\u0142odzenia ale r\u00f3wnie\u017c ogrzewania<\/strong>.<\/div><\/div>\n<p>PARAMETRY TECHNICZNE<\/p>\n<div class=\"su-tabs su-tabs-style-default su-tabs-mobile-stack\" data-active=\"1\" data-scroll-offset=\"0\" data-anchor-in-url=\"no\"><div class=\"su-tabs-nav\"><span class=\"\" data-url=\"\" data-target=\"blank\" tabindex=\"0\" role=\"button\">Jdnostka zewn\u0119trzna<\/span><span class=\"\" data-url=\"\" data-target=\"blank\" tabindex=\"0\" role=\"button\">Funkcje MIDEA BREEZELESS+ <\/span><\/div><div class=\"su-tabs-panes\"><div class=\"su-tabs-pane su-u-clearfix su-u-trim\" data-title=\"Jdnostka zewn\u0119trzna\">\n<div class=\"su-document su-u-responsive-media-yes\"><iframe src=\"\/\/docs.google.com\/viewer?embedded=true&url=https:\/\/www.fabrykachlodu.pl\/sklep\/file\/2019\/09\/jednostka.zewnetrzna.do_domu_hotelu_biura_domu_mieszkaniaKatalog_RAC_VRF_Midea_2019.pdf\" width=\"600\" height=\"400\" class=\"su-document\" title=\"\"><\/iframe><\/div>\n<\/div>\n<div class=\"su-tabs-pane su-u-clearfix su-u-trim\" data-title=\"Funkcje MIDEA BREEZELESS+ \">\n<div class=\"su-document su-u-responsive-media-yes\"><iframe src=\"\/\/docs.google.com\/viewer?embedded=true&url=https:\/\/www.fabrykachlodu.pl\/sklep\/file\/2019\/09\/37_FUNKCJE_PODSTAWOWE_Klimatyzacja_MIDEA_do_domu_hotelu_biura_domu_mieszkaniaKatalog_RAC_VRF_Midea_2019.pdf\" width=\"600\" height=\"400\" class=\"su-document\" title=\"\"><\/iframe><\/div>\n<\/div><\/div><\/div>\n<p>Dokumenty si\u0119 nie wy\u015bwietlaj\u0105? <input type=\"button\" value=\"Od\u015bwie\u017c stron\u0119\" onclick=\"location.reload();\"><\/p>\n<p>&nbsp;<\/p>\n<p><strong>Breezeless + to doskona\u0142e rozwi\u0105zanie dla ka\u017cdego rodzaju pomieszcze\u0144: mieszkania, domu; jak r\u00f3wnie\u017c \u0142\u0105cz\u0105c je w szeregu: do biura, sklepu, hotelu, do restauracji.\u00a0 <\/strong>Klimatyzatory z tej serii z powodzeniem wykorzystywane s\u0105 r\u00f3wnie\u017c zim\u0105. Zakres ich pracy rozpoczyna si\u0119 od -20\u02daC w trybie ch\u0142odzenia oraz grzania.<\/p>\n","protected":false},"excerpt":{"rendered":"<p><span style=\"color: #000000;\"><strong>Najwa\u017cniejsze zalety:<\/strong><\/span><br \/>\n[dt_list style=\"1\" bullet_position=\"middle\" dividers=\"true\"][dt_list_item image=\"\"]Urz\u0105dzenia wykorzystuj\u0105 ekologiczny czynnik R32[\/dt_list_item][dt_list_item image=\"\"]Spre\u017carka Midea Inverter Quattro to kombinacja 4 funkcjonalno\u015bci: Gear i iECO, Flash[\/dt_list_item][dt_list_item image=\"\"]Wystarczy tylko 30 sekund na sch\u0142odzenie\/ogrzanie pomieszczenia[\/dt_list_item][dt_list_item image=\"\"]Praca w ekstremalnych warunkach \u2013 zakres pracy dla temperatur zewn\u0119trznych to -25 ~ +50\u02daC[\/dt_list_item][\/dt_list]<\/p>\n","protected":false},"featured_media":41821,"template":"","meta":[],"product_cat":[814,815,189],"product_tag":[5024],"yoast_head":"<!-- This site is optimized with the Yoast SEO plugin v22.1 - https:\/\/yoast.com\/wordpress\/plugins\/seo\/ -->\n<title>\u00b0FC Klimatyzator Midea Breezeless+ MIDEA Jednostka zew. MOB01-09HFN8-QRD6GW(A)<\/title>\n<meta name=\"description\" content=\"MIDEA Jednostka zew. MOB01-09HFN8-QRD6GW(A)\" \/>\n<meta name=\"robots\" content=\"index, follow, max-snippet:-1, max-image-preview:large, max-video-preview:-1\" \/>\n<link rel=\"canonical\" href=\"https:\/\/www.fabrykachlodu.pl\/sklep\/produkt\/jednostka-zew-mob01-09hfn8-qrd6gwa\/\" \/>\n<meta name=\"twitter:label1\" content=\"Szacowany czas czytania\" \/>\n\t<meta name=\"twitter:data1\" content=\"3 minuty\" \/>\n<script type=\"application\/ld+json\" class=\"yoast-schema-graph\">{\"@context\":\"https:\/\/schema.org\",\"@graph\":[{\"@type\":\"WebPage\",\"@id\":\"https:\/\/www.fabrykachlodu.pl\/sklep\/produkt\/jednostka-zew-mob01-09hfn8-qrd6gwa\/\",\"url\":\"https:\/\/www.fabrykachlodu.pl\/sklep\/produkt\/jednostka-zew-mob01-09hfn8-qrd6gwa\/\",\"name\":\"\u00b0FC Klimatyzator Midea Breezeless+ MIDEA Jednostka zew. MOB01-09HFN8-QRD6GW(A)\",\"isPartOf\":{\"@id\":\"https:\/\/www.fabrykachlodu.pl\/sklep\/#website\"},\"datePublished\":\"2019-09-17T15:23:30+00:00\",\"dateModified\":\"2022-05-23T13:41:03+00:00\",\"description\":\"MIDEA Jednostka zew. MOB01-09HFN8-QRD6GW(A)\",\"breadcrumb\":{\"@id\":\"https:\/\/www.fabrykachlodu.pl\/sklep\/produkt\/jednostka-zew-mob01-09hfn8-qrd6gwa\/#breadcrumb\"},\"inLanguage\":\"pl-PL\",\"potentialAction\":[{\"@type\":\"ReadAction\",\"target\":[\"https:\/\/www.fabrykachlodu.pl\/sklep\/produkt\/jednostka-zew-mob01-09hfn8-qrd6gwa\/\"]}]},{\"@type\":\"BreadcrumbList\",\"@id\":\"https:\/\/www.fabrykachlodu.pl\/sklep\/produkt\/jednostka-zew-mob01-09hfn8-qrd6gwa\/#breadcrumb\",\"itemListElement\":[{\"@type\":\"ListItem\",\"position\":1,\"name\":\"Strona g\u0142\u00f3wna\",\"item\":\"https:\/\/www.fabrykachlodu.pl\/sklep\/\"},{\"@type\":\"ListItem\",\"position\":2,\"name\":\"Szukasz klimatzyacji biurowej sklepowej lub do mieszkania?\",\"item\":\"https:\/\/www.fabrykachlodu.pl\/sklep\/\"},{\"@type\":\"ListItem\",\"position\":3,\"name\":\"MIDEA\",\"item\":\"https:\/\/www.fabrykachlodu.pl\/sklep\/product-category\/midea\/\"},{\"@type\":\"ListItem\",\"position\":4,\"name\":\"Na\u015bcienny\",\"item\":\"https:\/\/www.fabrykachlodu.pl\/sklep\/product-category\/midea\/nascienny-midea\/\"},{\"@type\":\"ListItem\",\"position\":5,\"name\":\"BREEZELESS+\",\"item\":\"https:\/\/www.fabrykachlodu.pl\/sklep\/product-category\/midea\/nascienny-midea\/breezeless\/\"},{\"@type\":\"ListItem\",\"position\":6,\"name\":\"\u00b0FC MIDEA Zestaw KFA-09N8-A1, Klimatyzator MIDEA Breezeless+ na\u015bcienny o mocy 2.9kW, A+++ do 26m2, 3 pomieszcze\u0144\",\"item\":\"https:\/\/www.fabrykachlodu.pl\/sklep\/produkt\/zestaw-kfa-09n8-a1\/\"},{\"@type\":\"ListItem\",\"position\":7,\"name\":\"\u00b0FC Klimatyzator Midea Breezeless+ MIDEA Jednostka zew. MOB01-09HFN8-QRD6GW(A)\"}]},{\"@type\":\"WebSite\",\"@id\":\"https:\/\/www.fabrykachlodu.pl\/sklep\/#website\",\"url\":\"https:\/\/www.fabrykachlodu.pl\/sklep\/\",\"name\":\"\u00b0FC Sklep Internetowy monta\u017c klimatyzacji pomp ciep\u0142a\",\"description\":\"\u00b0FC monta\u017c klimatyzacji pomp ciep\u0142a z nami to szybki i tani wyb\u00f3r.  Us\u0142ugi monta\u017cowe i serwisowe W Warszawie i okolicach..\",\"potentialAction\":[{\"@type\":\"SearchAction\",\"target\":{\"@type\":\"EntryPoint\",\"urlTemplate\":\"https:\/\/www.fabrykachlodu.pl\/sklep\/?s={search_term_string}\"},\"query-input\":\"required name=search_term_string\"}],\"inLanguage\":\"pl-PL\"}]}<\/script>\n<!-- \/ Yoast SEO plugin. -->","yoast_head_json":{"title":"\u00b0FC Klimatyzator Midea Breezeless+ MIDEA Jednostka zew. MOB01-09HFN8-QRD6GW(A)","description":"MIDEA Jednostka zew. MOB01-09HFN8-QRD6GW(A)","robots":{"index":"index","follow":"follow","max-snippet":"max-snippet:-1","max-image-preview":"max-image-preview:large","max-video-preview":"max-video-preview:-1"},"canonical":"https:\/\/www.fabrykachlodu.pl\/sklep\/produkt\/jednostka-zew-mob01-09hfn8-qrd6gwa\/","twitter_misc":{"Szacowany czas czytania":"3 minuty"},"schema":{"@context":"https:\/\/schema.org","@graph":[{"@type":"WebPage","@id":"https:\/\/www.fabrykachlodu.pl\/sklep\/produkt\/jednostka-zew-mob01-09hfn8-qrd6gwa\/","url":"https:\/\/www.fabrykachlodu.pl\/sklep\/produkt\/jednostka-zew-mob01-09hfn8-qrd6gwa\/","name":"\u00b0FC Klimatyzator Midea Breezeless+ MIDEA Jednostka zew. MOB01-09HFN8-QRD6GW(A)","isPartOf":{"@id":"https:\/\/www.fabrykachlodu.pl\/sklep\/#website"},"datePublished":"2019-09-17T15:23:30+00:00","dateModified":"2022-05-23T13:41:03+00:00","description":"MIDEA Jednostka zew. MOB01-09HFN8-QRD6GW(A)","breadcrumb":{"@id":"https:\/\/www.fabrykachlodu.pl\/sklep\/produkt\/jednostka-zew-mob01-09hfn8-qrd6gwa\/#breadcrumb"},"inLanguage":"pl-PL","potentialAction":[{"@type":"ReadAction","target":["https:\/\/www.fabrykachlodu.pl\/sklep\/produkt\/jednostka-zew-mob01-09hfn8-qrd6gwa\/"]}]},{"@type":"BreadcrumbList","@id":"https:\/\/www.fabrykachlodu.pl\/sklep\/produkt\/jednostka-zew-mob01-09hfn8-qrd6gwa\/#breadcrumb","itemListElement":[{"@type":"ListItem","position":1,"name":"Strona g\u0142\u00f3wna","item":"https:\/\/www.fabrykachlodu.pl\/sklep\/"},{"@type":"ListItem","position":2,"name":"Szukasz klimatzyacji biurowej sklepowej lub do mieszkania?","item":"https:\/\/www.fabrykachlodu.pl\/sklep\/"},{"@type":"ListItem","position":3,"name":"MIDEA","item":"https:\/\/www.fabrykachlodu.pl\/sklep\/product-category\/midea\/"},{"@type":"ListItem","position":4,"name":"Na\u015bcienny","item":"https:\/\/www.fabrykachlodu.pl\/sklep\/product-category\/midea\/nascienny-midea\/"},{"@type":"ListItem","position":5,"name":"BREEZELESS+","item":"https:\/\/www.fabrykachlodu.pl\/sklep\/product-category\/midea\/nascienny-midea\/breezeless\/"},{"@type":"ListItem","position":6,"name":"\u00b0FC MIDEA Zestaw KFA-09N8-A1, Klimatyzator MIDEA Breezeless+ na\u015bcienny o mocy 2.9kW, A+++ do 26m2, 3 pomieszcze\u0144","item":"https:\/\/www.fabrykachlodu.pl\/sklep\/produkt\/zestaw-kfa-09n8-a1\/"},{"@type":"ListItem","position":7,"name":"\u00b0FC Klimatyzator Midea Breezeless+ MIDEA Jednostka zew. MOB01-09HFN8-QRD6GW(A)"}]},{"@type":"WebSite","@id":"https:\/\/www.fabrykachlodu.pl\/sklep\/#website","url":"https:\/\/www.fabrykachlodu.pl\/sklep\/","name":"\u00b0FC Sklep Internetowy monta\u017c klimatyzacji pomp ciep\u0142a","description":"\u00b0FC monta\u017c klimatyzacji pomp ciep\u0142a z nami to szybki i tani wyb\u00f3r.  Us\u0142ugi monta\u017cowe i serwisowe W Warszawie i okolicach..","potentialAction":[{"@type":"SearchAction","target":{"@type":"EntryPoint","urlTemplate":"https:\/\/www.fabrykachlodu.pl\/sklep\/?s={search_term_string}"},"query-input":"required name=search_term_string"}],"inLanguage":"pl-PL"}]}},"_links":{"self":[{"href":"https:\/\/www.fabrykachlodu.pl\/sklep\/wp-json\/wp\/v2\/product\/41733"}],"collection":[{"href":"https:\/\/www.fabrykachlodu.pl\/sklep\/wp-json\/wp\/v2\/product"}],"about":[{"href":"https:\/\/www.fabrykachlodu.pl\/sklep\/wp-json\/wp\/v2\/types\/product"}],"wp:featuredmedia":[{"embeddable":true,"href":"https:\/\/www.fabrykachlodu.pl\/sklep\/wp-json\/wp\/v2\/media\/41821"}],"wp:attachment":[{"href":"https:\/\/www.fabrykachlodu.pl\/sklep\/wp-json\/wp\/v2\/media?parent=41733"}],"wp:term":[{"taxonomy":"product_cat","embeddable":true,"href":"https:\/\/www.fabrykachlodu.pl\/sklep\/wp-json\/wp\/v2\/product_cat?post=41733"},{"taxonomy":"product_tag","embeddable":true,"href":"https:\/\/www.fabrykachlodu.pl\/sklep\/wp-json\/wp\/v2\/product_tag?post=41733"}],"curies":[{"name":"wp","href":"https:\/\/api.w.org\/{rel}","templated":true}]}}