{"id":42287,"date":"2019-09-23T17:50:32","date_gmt":"2019-09-23T15:50:32","guid":{"rendered":"http:\/\/www.fabrykachlodu.pl\/sklep\/produkt\/import-placeholder-for-gwh12qb-k6dna5i\/"},"modified":"2022-06-20T12:41:38","modified_gmt":"2022-06-20T10:41:38","slug":"zestaw-gwh12qb-k6dna5i-klimatyzacja-gree-o-mocy-3-5kw-a-do-35m2-3-pomieszczen","status":"publish","type":"product","link":"https:\/\/www.fabrykachlodu.pl\/sklep\/produkt\/zestaw-gwh12qb-k6dna5i-klimatyzacja-gree-o-mocy-3-5kw-a-do-35m2-3-pomieszczen\/","title":{"rendered":"Zestaw GWH12QB-K6DNA5I klimatyzacja GREE LOMO ECONOMIC o mocy 3.5kW, A++ do 35m2, 3 pomieszcze\u0144"},"content":{"rendered":"<p><a href=\"https:\/\/www.fabrykachlodu.pl\/sklep\/product-category\/produkty-archiwalne\/\">Produkt archiwalny od 2022 roku<\/a>. Cz\u0119\u015bci s\u0105 dost\u0119pne.<\/p>\n<p>Jego sukcesor od 2022 roku to <a href=\"https:\/\/www.fabrykachlodu.pl\/sklep\/product-category\/gree\/nascienny\/pular\/\">GREE PULAR<\/a><\/p>\n<p>&nbsp;<\/p>\n<div id=\"attachment_86596\" style=\"width: 611px\" class=\"wp-caption alignnone\"><a href=\"https:\/\/www.fabrykachlodu.pl\/sklep\/product-category\/gree\/nascienny\/pular\/\"><img fetchpriority=\"high\" decoding=\"async\" aria-describedby=\"caption-attachment-86596\" class=\"size-full wp-image-86596\" src=\"https:\/\/www.fabrykachlodu.pl\/sklep\/wp-content\/uploads\/2022\/06\/GREE_Pular.z.montazem_Warszawa_cennik-2.jpg\" alt=\"GREE_Pular.z.montazem_Warszawa_cennik-2.jpg\" width=\"601\" height=\"601\" srcset=\"https:\/\/www.fabrykachlodu.pl\/sklep\/wp-content\/uploads\/2022\/06\/GREE_Pular.z.montazem_Warszawa_cennik-2.jpg 601w, https:\/\/www.fabrykachlodu.pl\/sklep\/wp-content\/uploads\/2022\/06\/GREE_Pular.z.montazem_Warszawa_cennik-2-300x300.jpg 300w, https:\/\/www.fabrykachlodu.pl\/sklep\/wp-content\/uploads\/2022\/06\/GREE_Pular.z.montazem_Warszawa_cennik-2-200x200.jpg 200w, https:\/\/www.fabrykachlodu.pl\/sklep\/wp-content\/uploads\/2022\/06\/GREE_Pular.z.montazem_Warszawa_cennik-2-64x64.jpg 64w, https:\/\/www.fabrykachlodu.pl\/sklep\/wp-content\/uploads\/2022\/06\/GREE_Pular.z.montazem_Warszawa_cennik-2-350x350.jpg 350w, https:\/\/www.fabrykachlodu.pl\/sklep\/wp-content\/uploads\/2022\/06\/GREE_Pular.z.montazem_Warszawa_cennik-2-150x150.jpg 150w\" sizes=\"(max-width: 601px) 100vw, 601px\" \/><\/a><p id=\"caption-attachment-86596\" class=\"wp-caption-text\">GREE_Pular.z.montazem_Warszawa_cennik-2.jpg<\/p><\/div>\n<div id=\"attachment_86702\" style=\"width: 990px\" class=\"wp-caption alignleft\"><a href=\"https:\/\/www.fabrykachlodu.pl\/sklep\/product-category\/gree\/nascienny\/pular\/\"><img decoding=\"async\" aria-describedby=\"caption-attachment-86702\" class=\"size-full wp-image-86702\" src=\"https:\/\/www.fabrykachlodu.pl\/sklep\/wp-content\/uploads\/2022\/06\/GREE.Pular_.klimatyzator.do_.mieszkania.w.bloku_.png\" alt=\"GREE.Pular.klimatyzator.do.mieszkania.w.bloku\" width=\"980\" height=\"562\" srcset=\"https:\/\/www.fabrykachlodu.pl\/sklep\/wp-content\/uploads\/2022\/06\/GREE.Pular_.klimatyzator.do_.mieszkania.w.bloku_.png 980w, https:\/\/www.fabrykachlodu.pl\/sklep\/wp-content\/uploads\/2022\/06\/GREE.Pular_.klimatyzator.do_.mieszkania.w.bloku_-600x344.png 600w, https:\/\/www.fabrykachlodu.pl\/sklep\/wp-content\/uploads\/2022\/06\/GREE.Pular_.klimatyzator.do_.mieszkania.w.bloku_-64x37.png 64w, https:\/\/www.fabrykachlodu.pl\/sklep\/wp-content\/uploads\/2022\/06\/GREE.Pular_.klimatyzator.do_.mieszkania.w.bloku_-300x172.png 300w, https:\/\/www.fabrykachlodu.pl\/sklep\/wp-content\/uploads\/2022\/06\/GREE.Pular_.klimatyzator.do_.mieszkania.w.bloku_-768x440.png 768w\" sizes=\"(max-width: 980px) 100vw, 980px\" \/><\/a><p id=\"caption-attachment-86702\" class=\"wp-caption-text\">GREE.Pular.klimatyzator.do.mieszkania.w.bloku<\/p><\/div>\n<p>Czytasz materia\u0142 archiwalny..<\/p>\n<p>&nbsp;<\/p>\n<p>Zam\u00f3wienie dotyczy kompletnego zestawu GWH12QB-K6DNA5I, w kt\u00f3ry wchodz\u0105:<\/p>\n<p>-jednostka wewn\u0119trzna GWH12QB-K6DNA5I\/I<\/p>\n<p>-jednostka zewn\u0119trzna GWH12QB-K6DNB8I\/O<\/p>\n<p>-pilot YAN1F1<\/p>\n<p>*Funkcja WiFi wymaga dodatkowej konfiguracji. Cena nie zawiera sterownika WiFi<\/p>\n<p>Lomo Economic debiut w 2016 ca\u0142kowicie odmieni\u0142 bran\u017ce klimatyzacji. Ten debiut wymusi\u0142 now\u0105 jako\u015b\u0107 w segmencie basic. Charakteryzuje si\u0119 bardzo niskim zu\u017cyciem energii oraz atrakcyjn\u0105 cen\u0105, zapewniaj\u0105c jednocze\u015bnie doskona\u0142\u0105 wydajno\u015b\u0107. Dodatkowym atutem jest mo\u017cliwo\u015b\u0107 uzupe\u0142nienia go o funkcj\u0119 WiFi, dzi\u0119ki kt\u00f3rej mo\u017cemy kontrolowa\u0107 prac\u0119 klimatyzatora Lomo z dowolnego miejsca na \u015bwiecie za pomoc\u0105 telefonu\/tabletu z systemem Android\/iOS. Elegancki wygl\u0105d pozwoli z \u0142atwo\u015bci\u0105 wkomponowa\u0107 go w ka\u017cde pomieszczenie. W roku 2018 przedstawiono nowa ekologiczn\u0105 wersj\u0119 Lomo Economic, kt\u00f3ry pracuje na czynniku ch\u0142odniczym R32 zapoznaj si\u0119 z ofert\u0105 na modele z 2018 roku.<\/p>\n<p>PARAMETRY TECHNICZNE \u2013 Klimatyzatora GREE LOMO ECONOMIC<\/p>\n<div class=\"su-tabs su-tabs-style-default su-tabs-mobile-stack\" data-active=\"1\" data-scroll-offset=\"0\" data-anchor-in-url=\"no\"><div class=\"su-tabs-nav\"><span class=\"\" data-url=\"\" data-target=\"blank\" tabindex=\"0\" role=\"button\">Klimatyzator Lomo debiut w 2016 roku<\/span><span class=\"\" data-url=\"\" data-target=\"blank\" tabindex=\"0\" role=\"button\">Przegl\u0105d funkcji oraz parametr\u00f3w technicznych<\/span><\/div><div class=\"su-tabs-panes\"><div class=\"su-tabs-pane su-u-clearfix su-u-trim\" data-title=\"Klimatyzator Lomo debiut w 2016 roku\">\n<div class=\"su-document su-u-responsive-media-yes\"><iframe src=\"\/\/docs.google.com\/viewer?embedded=true&url=http:\/\/fabrykachlodu.pl\/sklep\/wp-content\/uploads\/2018\/02\/Klimatyzator.Lomo_.Gree_.pdf\" width=\"600\" height=\"400\" class=\"su-document\" title=\"\"><\/iframe><\/div>\n<\/div>\n<div class=\"su-tabs-pane su-u-clearfix su-u-trim\" data-title=\"Przegl\u0105d funkcji oraz parametr\u00f3w technicznych\">\n<div class=\"su-document su-u-responsive-media-yes\"><iframe src=\"\/\/docs.google.com\/viewer?embedded=true&url=http:\/\/fabrykachlodu.pl\/sklep\/wp-content\/uploads\/2018\/02\/LOMO.Economic.gree_.pdf\" width=\"600\" height=\"400\" class=\"su-document\" title=\"\"><\/iframe><\/div>\n<\/div><\/div><\/div>\n<p>Dokumenty si\u0119 nie wy\u015bwietlaj\u0105? <input type=\"button\" value=\"Od\u015bwie\u017c stron\u0119\" \/><\/p>\n<div class=\"su-note\"  style=\"border-color:#e5e5e5;border-radius:3px;-moz-border-radius:3px;-webkit-border-radius:3px;\"><div class=\"su-note-inner su-u-clearfix su-u-trim\" style=\"background-color:#ffffff;border-color:#ffffff;color:#afafaf;border-radius:3px;-moz-border-radius:3px;-webkit-border-radius:3px;\">Jakie s\u0105 konsekwencje stosowania gaz\u00f3w zubo\u017caj\u0105cych warstw\u0119 ozonow\u0105 np. freonowych? (ustawa F-gazowa)<\/p>\n<p>Rekomendujemy produkty dzia\u0142aj\u0105ce z czynnikiem ch\u0142odniczym R32. Do roku 2020 na rynku europejskim zabraknie gaz\u00f3w freonowych, przez co dalsze u\u017cytkowanie b\u0119dzie utrudnione oraz koszt gaz\u00f3w zamiennych stosunkowo wy\u017cszy.<\/p>\n<\/div><\/div>\n<p>Seria Lomo dedykowana jest do mieszka\u0144 i dom\u00f3w jednorodzinnych oraz biur, bo idealnie si\u0119 komponuje.<\/p>\n","protected":false},"excerpt":{"rendered":"<p><span style=\"color: #000000;\"><strong>Najwa\u017cniejsze zalety<\/strong><\/span><\/p>\n[dt_list style=\"1\" bullet_position=\"middle\" dividers=\"true\"][dt_list_item image=\"\"]Sprawdzony i porz\u0105dny klimatyzator[\/dt_list_item][dt_list_item image=\"\"]Atrakcyjna cena[\/dt_list_item][dt_list_item image=\"\"]Przydatne funkcje[\/dt_list_item][dt_list_item image=\"\"]Wydajne grzanie i dogrzewanie[\/dt_list_item][\/dt_list]\n","protected":false},"featured_media":38505,"template":"","meta":[],"product_cat":[6201],"product_tag":[5516,5517,5519,1068,5518,5515,1070,5514],"yoast_head":"<!-- This site is optimized with the Yoast SEO plugin v22.1 - https:\/\/yoast.com\/wordpress\/plugins\/seo\/ -->\n<title>Zestaw GWH12QB-K6DNA5I klimatyzacja GREE LOMO ECONOMIC o mocy 3.5kW, A++ do 35m2, 3 pomieszcze\u0144<\/title>\n<meta name=\"description\" content=\"Zestaw GWH12QB-K6DNA5I klimatyzacja GREE LOMO ECONOMIC o mocy 3.5kW, A++ do 35m2, 3 pomieszcze\u0144\" \/>\n<meta name=\"robots\" content=\"index, nofollow, max-snippet:-1, max-image-preview:large, max-video-preview:-1, noarchive\" \/>\n<link rel=\"canonical\" href=\"https:\/\/www.fabrykachlodu.pl\/sklep\/produkt\/zestaw-gwh12qb-k6dna5i-klimatyzacja-gree-o-mocy-3-5kw-a-do-35m2-3-pomieszczen\/\" \/>\n<meta name=\"twitter:label1\" content=\"Szacowany czas czytania\" \/>\n\t<meta name=\"twitter:data1\" content=\"2 minuty\" \/>\n<script type=\"application\/ld+json\" class=\"yoast-schema-graph\">{\"@context\":\"https:\/\/schema.org\",\"@graph\":[{\"@type\":\"WebPage\",\"@id\":\"https:\/\/www.fabrykachlodu.pl\/sklep\/produkt\/zestaw-gwh12qb-k6dna5i-klimatyzacja-gree-o-mocy-3-5kw-a-do-35m2-3-pomieszczen\/\",\"url\":\"https:\/\/www.fabrykachlodu.pl\/sklep\/produkt\/zestaw-gwh12qb-k6dna5i-klimatyzacja-gree-o-mocy-3-5kw-a-do-35m2-3-pomieszczen\/\",\"name\":\"Zestaw GWH12QB-K6DNA5I klimatyzacja GREE LOMO ECONOMIC o mocy 3.5kW, A++ do 35m2, 3 pomieszcze\u0144\",\"isPartOf\":{\"@id\":\"https:\/\/www.fabrykachlodu.pl\/sklep\/#website\"},\"datePublished\":\"2019-09-23T15:50:32+00:00\",\"dateModified\":\"2022-06-20T10:41:38+00:00\",\"description\":\"Zestaw GWH12QB-K6DNA5I klimatyzacja GREE LOMO ECONOMIC o mocy 3.5kW, A++ do 35m2, 3 pomieszcze\u0144\",\"breadcrumb\":{\"@id\":\"https:\/\/www.fabrykachlodu.pl\/sklep\/produkt\/zestaw-gwh12qb-k6dna5i-klimatyzacja-gree-o-mocy-3-5kw-a-do-35m2-3-pomieszczen\/#breadcrumb\"},\"inLanguage\":\"pl-PL\",\"potentialAction\":[{\"@type\":\"ReadAction\",\"target\":[\"https:\/\/www.fabrykachlodu.pl\/sklep\/produkt\/zestaw-gwh12qb-k6dna5i-klimatyzacja-gree-o-mocy-3-5kw-a-do-35m2-3-pomieszczen\/\"]}]},{\"@type\":\"BreadcrumbList\",\"@id\":\"https:\/\/www.fabrykachlodu.pl\/sklep\/produkt\/zestaw-gwh12qb-k6dna5i-klimatyzacja-gree-o-mocy-3-5kw-a-do-35m2-3-pomieszczen\/#breadcrumb\",\"itemListElement\":[{\"@type\":\"ListItem\",\"position\":1,\"name\":\"Strona g\u0142\u00f3wna\",\"item\":\"https:\/\/www.fabrykachlodu.pl\/sklep\/\"},{\"@type\":\"ListItem\",\"position\":2,\"name\":\"Szukasz klimatzyacji biurowej sklepowej lub do mieszkania?\",\"item\":\"https:\/\/www.fabrykachlodu.pl\/sklep\/\"},{\"@type\":\"ListItem\",\"position\":3,\"name\":\"PRODUKTY ARCHIWALNE\",\"item\":\"https:\/\/www.fabrykachlodu.pl\/sklep\/product-category\/produkty-archiwalne\/\"},{\"@type\":\"ListItem\",\"position\":4,\"name\":\"Zestaw GWH12QB-K6DNA5I klimatyzacja GREE LOMO ECONOMIC o mocy 3.5kW, A++ do 35m2, 3 pomieszcze\u0144\"}]},{\"@type\":\"WebSite\",\"@id\":\"https:\/\/www.fabrykachlodu.pl\/sklep\/#website\",\"url\":\"https:\/\/www.fabrykachlodu.pl\/sklep\/\",\"name\":\"\u00b0FC Sklep Internetowy monta\u017c klimatyzacji pomp ciep\u0142a\",\"description\":\"\u00b0FC monta\u017c klimatyzacji pomp ciep\u0142a z nami to szybki i tani wyb\u00f3r.  Us\u0142ugi monta\u017cowe i serwisowe W Warszawie i okolicach..\",\"potentialAction\":[{\"@type\":\"SearchAction\",\"target\":{\"@type\":\"EntryPoint\",\"urlTemplate\":\"https:\/\/www.fabrykachlodu.pl\/sklep\/?s={search_term_string}\"},\"query-input\":\"required name=search_term_string\"}],\"inLanguage\":\"pl-PL\"}]}<\/script>\n<!-- \/ Yoast SEO plugin. -->","yoast_head_json":{"title":"Zestaw GWH12QB-K6DNA5I klimatyzacja GREE LOMO ECONOMIC o mocy 3.5kW, A++ do 35m2, 3 pomieszcze\u0144","description":"Zestaw GWH12QB-K6DNA5I klimatyzacja GREE LOMO ECONOMIC o mocy 3.5kW, A++ do 35m2, 3 pomieszcze\u0144","robots":{"index":"index","follow":"nofollow","max-snippet":"max-snippet:-1","max-image-preview":"max-image-preview:large","max-video-preview":"max-video-preview:-1","archive":"noarchive"},"canonical":"https:\/\/www.fabrykachlodu.pl\/sklep\/produkt\/zestaw-gwh12qb-k6dna5i-klimatyzacja-gree-o-mocy-3-5kw-a-do-35m2-3-pomieszczen\/","twitter_misc":{"Szacowany czas czytania":"2 minuty"},"schema":{"@context":"https:\/\/schema.org","@graph":[{"@type":"WebPage","@id":"https:\/\/www.fabrykachlodu.pl\/sklep\/produkt\/zestaw-gwh12qb-k6dna5i-klimatyzacja-gree-o-mocy-3-5kw-a-do-35m2-3-pomieszczen\/","url":"https:\/\/www.fabrykachlodu.pl\/sklep\/produkt\/zestaw-gwh12qb-k6dna5i-klimatyzacja-gree-o-mocy-3-5kw-a-do-35m2-3-pomieszczen\/","name":"Zestaw GWH12QB-K6DNA5I klimatyzacja GREE LOMO ECONOMIC o mocy 3.5kW, A++ do 35m2, 3 pomieszcze\u0144","isPartOf":{"@id":"https:\/\/www.fabrykachlodu.pl\/sklep\/#website"},"datePublished":"2019-09-23T15:50:32+00:00","dateModified":"2022-06-20T10:41:38+00:00","description":"Zestaw GWH12QB-K6DNA5I klimatyzacja GREE LOMO ECONOMIC o mocy 3.5kW, A++ do 35m2, 3 pomieszcze\u0144","breadcrumb":{"@id":"https:\/\/www.fabrykachlodu.pl\/sklep\/produkt\/zestaw-gwh12qb-k6dna5i-klimatyzacja-gree-o-mocy-3-5kw-a-do-35m2-3-pomieszczen\/#breadcrumb"},"inLanguage":"pl-PL","potentialAction":[{"@type":"ReadAction","target":["https:\/\/www.fabrykachlodu.pl\/sklep\/produkt\/zestaw-gwh12qb-k6dna5i-klimatyzacja-gree-o-mocy-3-5kw-a-do-35m2-3-pomieszczen\/"]}]},{"@type":"BreadcrumbList","@id":"https:\/\/www.fabrykachlodu.pl\/sklep\/produkt\/zestaw-gwh12qb-k6dna5i-klimatyzacja-gree-o-mocy-3-5kw-a-do-35m2-3-pomieszczen\/#breadcrumb","itemListElement":[{"@type":"ListItem","position":1,"name":"Strona g\u0142\u00f3wna","item":"https:\/\/www.fabrykachlodu.pl\/sklep\/"},{"@type":"ListItem","position":2,"name":"Szukasz klimatzyacji biurowej sklepowej lub do mieszkania?","item":"https:\/\/www.fabrykachlodu.pl\/sklep\/"},{"@type":"ListItem","position":3,"name":"PRODUKTY ARCHIWALNE","item":"https:\/\/www.fabrykachlodu.pl\/sklep\/product-category\/produkty-archiwalne\/"},{"@type":"ListItem","position":4,"name":"Zestaw GWH12QB-K6DNA5I klimatyzacja GREE LOMO ECONOMIC o mocy 3.5kW, A++ do 35m2, 3 pomieszcze\u0144"}]},{"@type":"WebSite","@id":"https:\/\/www.fabrykachlodu.pl\/sklep\/#website","url":"https:\/\/www.fabrykachlodu.pl\/sklep\/","name":"\u00b0FC Sklep Internetowy monta\u017c klimatyzacji pomp ciep\u0142a","description":"\u00b0FC monta\u017c klimatyzacji pomp ciep\u0142a z nami to szybki i tani wyb\u00f3r.  Us\u0142ugi monta\u017cowe i serwisowe W Warszawie i okolicach..","potentialAction":[{"@type":"SearchAction","target":{"@type":"EntryPoint","urlTemplate":"https:\/\/www.fabrykachlodu.pl\/sklep\/?s={search_term_string}"},"query-input":"required name=search_term_string"}],"inLanguage":"pl-PL"}]}},"_links":{"self":[{"href":"https:\/\/www.fabrykachlodu.pl\/sklep\/wp-json\/wp\/v2\/product\/42287"}],"collection":[{"href":"https:\/\/www.fabrykachlodu.pl\/sklep\/wp-json\/wp\/v2\/product"}],"about":[{"href":"https:\/\/www.fabrykachlodu.pl\/sklep\/wp-json\/wp\/v2\/types\/product"}],"wp:featuredmedia":[{"embeddable":true,"href":"https:\/\/www.fabrykachlodu.pl\/sklep\/wp-json\/wp\/v2\/media\/38505"}],"wp:attachment":[{"href":"https:\/\/www.fabrykachlodu.pl\/sklep\/wp-json\/wp\/v2\/media?parent=42287"}],"wp:term":[{"taxonomy":"product_cat","embeddable":true,"href":"https:\/\/www.fabrykachlodu.pl\/sklep\/wp-json\/wp\/v2\/product_cat?post=42287"},{"taxonomy":"product_tag","embeddable":true,"href":"https:\/\/www.fabrykachlodu.pl\/sklep\/wp-json\/wp\/v2\/product_tag?post=42287"}],"curies":[{"name":"wp","href":"https:\/\/api.w.org\/{rel}","templated":true}]}}