{"id":53178,"date":"2020-01-22T11:07:33","date_gmt":"2020-01-22T10:07:33","guid":{"rendered":"http:\/\/www.fabrykachlodu.pl\/sklep\/produkt\/import-placeholder-for-as50s2sd1fa-cl\/"},"modified":"2022-03-27T22:30:41","modified_gmt":"2022-03-27T20:30:41","slug":"dawn-jednostka-wew-as50s2sd1fa-cl","status":"publish","type":"product","link":"https:\/\/www.fabrykachlodu.pl\/sklep\/produkt\/dawn-jednostka-wew-as50s2sd1fa-cl\/","title":{"rendered":"\u00b0FC Haier Dawn Jednostka wew. AS50S2SD1FA-CL"},"content":{"rendered":"<h2>Zam\u00f3wienie dotyczy: Jednostka wew. AS50S2SD1FA-CL HAIER Dawn R32<\/h2>\n<p><h3><strong>W jednym miejscu poznasz:<\/strong><\/h3>\n<p>Informacje odno\u015bnie klimatyzacji HAIER<br \/>\nPoznasz najwa\u017cniejsze funkcje<br \/>\nPor\u00f3wnasz produkty<br \/>\nPoznasz parametry techniczne<br \/>\nPoznasz cen\u0119 i zrealizujesz zam\u00f3wienie<br \/>\n<strong><\/p>\n<h3>Zamawiaj\u0105c produkt u nas:<\/strong><\/h3>\n<p>Otrzymasz produkt<br \/>\nJednostk\u0119 wewn\u0119trzna<br \/>\nJednostk\u0119 zewn\u0119trzna<br \/>\nSterowanie<br \/>\n<strong><\/p>\n<h3>Zlecaj\u0105c nam monta\u017c otrzymasz:<\/strong><\/h3>\n<p>Rabat na produkty HAIER<br \/>\nKompletne pod\u0142\u0105czenie elektryczne oraz hydrauliczne<br \/>\nGwarancje<br \/>\nSerwis<\/p>\n<p>Nasi Klienci oczekuj\u0105 niskiego poziomu ha\u0142asu klimatyzatora (wewn\u0105trz\/na zewn\u0105trz). Ciesz si\u0119 niezwyk\u0142\u0105 cisz\u0105 [najni\u017cej do 15dB(A)] dzi\u0119ki zoptymalizowanemu systemowi strumienia powietrza. To g\u0142\u00f3wna zaleta DAWN Plus firmy HAIER. Jest to model, z kt\u00f3rego b\u0119dziesz zadowolony i polecisz fo znajomym. Jest to \u0142atwy w u\u017cyciu klimatyzator, oferuje czyst\u0105 instalacj\u0119 bez wi\u0119kszych zak\u0142\u00f3ce\u0144 w domu (wiercenie otwor\u00f3w itp.). Nie chcesz zajmowa\u0107 si\u0119 szczeg\u00f3\u0142ami technicznymi? Czujnik ruchu dzieli pomieszczenie na 6 sekcji, wykrywaj\u0105c liczb\u0119, lokalizacj\u0119 i ruchy ludzi inteligentnie kontroluj\u0105c temperatur\u0119 i przep\u0142yw powietrza. Klimatyzacja powinna by\u0107 idealnie autom. W\u0142.\/wy\u0142., gdy nie ma nikogo w pomieszczeniu.<br \/>\nU\u017cytkownicy mog\u0105 dostosowa\u0107 czujniki aby strumie\u0144 powietrza pod\u0105\u017ca\u0142 za ich ruchami, b\u0105d\u017a ich unika\u0142. Poza tym czujnik \u015bwiat\u0142a wykrywa zmiany nat\u0119\u017cenia \u015bwiat\u0142a s\u0142onecznego w pomieszczeniu i automatycznie przechodzi w tryb u\u015bpienia. Temperatura mo\u017ce by\u0107 automatycznie dostosowana do energooszcz\u0119dnego dzia\u0142ania w zale\u017cno\u015bci od liczby os\u00f3b. Ten produkt sprawdzi si\u0119 ka\u017cdym ma\u0142ym lokalu np. ma\u0142y salon fryzjerski, piekarnia, rze\u017anik, apteka, stoisko, kiosk\/magazyn sklep, kwiaciarnia, ma\u0142e gabinety lekarskie, ma\u0142e biura, ma\u0142e biura (cz\u0119sto zintegrowane w domu).<div class=\"su-service\"><div class=\"su-service-title\" style=\"padding-left:52px;min-height:38px;line-height:38px\"><i class=\"sui sui-check-circle\" style=\"font-size:38px;color:#22a0ed\"><\/i> Wskaz\u00f3wka naszego eksperta<\/div><div class=\"su-service-content su-u-clearfix su-u-trim\" style=\"padding-left:52px\">Monta\u017c klimatyzatora musi by\u0107 uzgodniony pomi\u0119dzy najemc\u0105 = > wynajmuj\u0105cym lokal. Pami\u0119taj, \u017ce dzi\u0119ki temu klienci czuj\u0105 si\u0119 bardziej komfortowo, klienci kupuj\u0105 wi\u0119cej\/liczba klient\u00f3w wzrasta. Pracownicy mog\u0105 pracowa\u0107 w bardziej skoncentrowani.<\/div><\/div>\n<h2><strong>Zapraszamy do por\u00f3wnania zalet i wad klimatyzacji HAIER<\/strong><\/h2>\n<p><strong>Jakie s\u0105 zalety takiego systemu?<\/strong><br \/><div class=\"su-service\"><div class=\"su-service-title\" style=\"padding-left:52px;min-height:38px;line-height:38px\"><i class=\"sui sui-check-circle\" style=\"font-size:38px;color:#22a0ed\"><\/i> Wskaz\u00f3wka naszego eksperta<\/div><div class=\"su-service-content su-u-clearfix su-u-trim\" style=\"padding-left:52px\">\u015awiadomo\u015b\u0107 \u015brodowiskowa jest po stronie producenta &#8211; HAIER spe\u0142nia rygorystyczne warunki np. Czynnik R32. Dla ciebie powinno mie\u0107 znaczenie korzy\u015b\u0107 w\u0142asna komfort\/pracownika\/klient\u00f3w.<\/div><\/div><strong>Jakie s\u0105 wady tego klimatyzatora?<\/strong><br \/><div class=\"su-service\"><div class=\"su-service-title\" style=\"padding-left:52px;min-height:38px;line-height:38px\"><i class=\"sui sui-check-circle\" style=\"font-size:38px;color:#22a0ed\"><\/i> Wskaz\u00f3wka naszego eksperta<\/div><div class=\"su-service-content su-u-clearfix su-u-trim\" style=\"padding-left:52px\">Klimatyzator \u015bcienny RAC nie jest zainstalowany dla ca\u0142ego domu, ale tylko w pojedynczych pokojach. Do ca\u0142ego domu lub mieszkania nale\u017cy zainstalowa\u0107 urz\u0105dzenie Multi SPLIT. Wybierz jednostk\u0119 zewn\u0119trzn\u0105 danej ilo\u015bci pomieszcze\u0144, nast\u0119pnie wybierz jednostki wewn\u0119trzne: kasetonowe, przypod\u0142ogowe, sufitowe, kana\u0142owe, na\u015bcienne.<br \/><\/div><\/div>\n<div class=\"hr-thin\"><\/div>\n<div class=\"su-service\"><div class=\"su-service-title\" style=\"padding-left:52px;min-height:38px;line-height:38px\"><i class=\"sui sui-hand-o-right\" style=\"font-size:38px;color:#22a0ed\"><\/i> Podsumowuj\u0105c<\/div><div class=\"su-service-content su-u-clearfix su-u-trim\" style=\"padding-left:52px\">Je\u015bli chcesz mie\u0107 klimatyzacj\u0119 w jednym pomieszczeniu to ten produkt jest dla Ciebie. Je\u015bli w kilku pomieszczeniach to wybierz system MULTI SPLIT. Oba rozwi\u0105zania s\u0105 dobrej jako\u015bci i ekologiczne. Rozwi\u0105zanie jednego pimieszczenia jest ta\u0144sze w zakupie I monta\u017cu. Cz\u0119sci to produkt\u00f3w HAIER posiadamy na stanie.<br \/><\/div><\/div>\n<p>PARAMETRY TECHNICZNE<\/p>\n<div class=\"su-tabs su-tabs-style-default su-tabs-mobile-stack\" data-active=\"1\" data-scroll-offset=\"0\" data-anchor-in-url=\"no\"><div class=\"su-tabs-nav\"><span class=\"\" data-url=\"\" data-target=\"blank\" tabindex=\"0\" role=\"button\">Jednostka Wew\u0119trzna<\/span><span class=\"\" data-url=\"\" data-target=\"blank\" tabindex=\"0\" role=\"button\">Jed. Zewn\u0119trzne<\/span><span class=\"\" data-url=\"\" data-target=\"blank\" tabindex=\"0\" role=\"button\">Tabela korzysci<\/span><span class=\"\" data-url=\"\" data-target=\"blank\" tabindex=\"0\" role=\"button\">Por\u00f3wnanie modeli<\/span><span class=\"\" data-url=\"\" data-target=\"blank\" tabindex=\"0\" role=\"button\">Monta\u017c<\/span><span class=\"\" data-url=\"\" data-target=\"blank\" tabindex=\"0\" role=\"button\">Przepisy F-GAZ<\/span><\/div><div class=\"su-tabs-panes\"><div class=\"su-tabs-pane su-u-clearfix su-u-trim\" data-title=\"Jednostka Wew\u0119trzna\"><div class=\"su-document su-u-responsive-media-yes\"><iframe src=\"\/\/docs.google.com\/viewer?embedded=true&url=https:\/\/www.fabrykachlodu.pl\/sklep\/wp-content\/uploads\/2020\/01\/Klimatyzatory.cienne.HAIER_.DAWN_.Plus_.pdf\" width=\"600\" height=\"400\" class=\"su-document\" title=\"\"><\/iframe><\/div><\/div>\n<div class=\"su-tabs-pane su-u-clearfix su-u-trim\" data-title=\"Jed. Zewn\u0119trzne\"><div class=\"su-document su-u-responsive-media-yes\"><iframe src=\"\/\/docs.google.com\/viewer?embedded=true&url=https:\/\/www.fabrykachlodu.pl\/sklep\/wp-content\/uploads\/2020\/01\/Jednostki.Zewnetrzne.klimatyzacja.HAIER_.pdf\" width=\"600\" height=\"400\" class=\"su-document\" title=\"\"><\/iframe><\/div><\/div>\n<div class=\"su-tabs-pane su-u-clearfix su-u-trim\" data-title=\"Tabela korzysci\"><div class=\"su-document su-u-responsive-media-yes\"><iframe src=\"\/\/docs.google.com\/viewer?embedded=true&url=https:\/\/www.fabrykachlodu.pl\/sklep\/wp-content\/uploads\/2020\/01\/Tabela.korzysci.klimatyzacji.HAIER_.-SPLITR32.pdf\" width=\"600\" height=\"400\" class=\"su-document\" title=\"\"><\/iframe><\/div><\/div>\n<div class=\"su-tabs-pane su-u-clearfix su-u-trim\" data-title=\"Por\u00f3wnanie modeli\"><div class=\"su-document su-u-responsive-media-yes\"><iframe src=\"\/\/docs.google.com\/viewer?embedded=true&url=https:\/\/www.fabrykachlodu.pl\/sklep\/wp-content\/uploads\/2020\/01\/Porownanie_modeli_klimatyzatorow.HAIER_R32_Split.pdf\" width=\"600\" height=\"400\" class=\"su-document\" title=\"\"><\/iframe><\/div><\/div>\n<div class=\"su-tabs-pane su-u-clearfix su-u-trim\" data-title=\"Monta\u017c\"><div class=\"su-document su-u-responsive-media-yes\"><iframe src=\"\/\/docs.google.com\/viewer?embedded=true&url=https:\/\/www.fabrykachlodu.pl\/sklep\/wp-content\/uploads\/2020\/01\/Montaz.klimatyzacji.HAIER_.pdf\" width=\"600\" height=\"400\" class=\"su-document\" title=\"\"><\/iframe><\/div><\/div>\n<div class=\"su-tabs-pane su-u-clearfix su-u-trim\" data-title=\"Przepisy F-GAZ\"><div class=\"su-document su-u-responsive-media-yes\"><iframe src=\"\/\/docs.google.com\/viewer?embedded=true&url=https:\/\/www.fabrykachlodu.pl\/sklep\/wp-content\/uploads\/2020\/01\/Nowe-przepisy-F-Gaz-od-2015-roku.pdf\" width=\"600\" height=\"400\" class=\"su-document\" title=\"\"><\/iframe><\/div><\/div><\/div><\/div>\n<p>Dokumenty si\u0119 nie wy\u015bwietlaj\u0105? <input type=\"button\" value=\"Od\u015bwie\u017c stron\u0119\" onclick=\"location.reload();\"><br \/><div class=\"su-note\"  style=\"border-color:#e5e5e5;border-radius:3px;-moz-border-radius:3px;-webkit-border-radius:3px;\"><div class=\"su-note-inner su-u-clearfix su-u-trim\" style=\"background-color:#ffffff;border-color:#ffffff;color:#afafaf;border-radius:3px;-moz-border-radius:3px;-webkit-border-radius:3px;\">HAIER DAWN to doskona\u0142e rozwi\u0105zanie dla ka\u017cdego rodzaju pomieszcze\u0144: mieszkania, domu; jak r\u00f3wnie\u017c \u0142\u0105cz\u0105c je w szeregu: do biura, sklepu, hotelu, do restauracji. Chcesz kupi\u0107 klimatyzator do domowego biura aby pracowa\u0107 w skoncentrowany spos\u00f3b? Ch\u0142odne powietrze na pewno Ci zapewni spok\u00f3j latem ale w zimne dni dodatkowo oczy\u015bci powietrze. Model DAWN na\u015bcienny minimalizuje ingerencj\u0119 w budynek podczas instalacji.<\/div><\/div>\n","protected":false},"excerpt":{"rendered":"<p><span style=\"color: #000000;\"><strong>Najwa\u017cniejsze zalety<\/strong><\/span> [dt_list style=\"1\" bullet_position=\"middle\" dividers=\"true\"] [dt_list_item image=\"\"]Technologia inwerterowa[\/dt_list_item] [dt_list_item image=\"\"]Wydajny silnik pr\u0105du sta\u0142ego DC[\/dt_list_item] [dt_list_item image=\"\"]Niski poziom ha\u0142asu podnosz\u0105c komfort u\u017cytkowania[\/dt_list_item] [dt_list_item image=\"\"]Pob\u00f3r pr\u0105du na czuwaniu obni\u017cono z 8W do 1W[\/dt_list_item] [\/dt_list]<\/p>\n","protected":false},"featured_media":52426,"template":"","meta":[],"product_cat":[2295,189],"product_tag":[4945,2281,4944,4942,4943],"yoast_head":"<!-- This site is optimized with the Yoast SEO plugin v22.1 - https:\/\/yoast.com\/wordpress\/plugins\/seo\/ -->\n<title>\u00b0FC Haier Dawn Jednostka wew. AS50S2SD1FA-CL<\/title>\n<meta name=\"description\" content=\"Jednostka wew. AS50S2SD1FA-CL HAIER Dawn R32, do biura 50m2, sklepu 50m2, hotelu 50m2, salon fryzjerski, piekarnia, apteka, kwiaciarnia, gabinet lekarski, biuro, restauracja 50m2, Klimatyzacja HAIER Dawn, Na\u015bcienny, Ma\u0142e biuro 50m2, Ma\u0142e mieszkanie 50m2\" \/>\n<meta name=\"robots\" content=\"index, follow, max-snippet:-1, max-image-preview:large, max-video-preview:-1\" \/>\n<link rel=\"canonical\" href=\"https:\/\/www.fabrykachlodu.pl\/sklep\/produkt\/dawn-jednostka-wew-as50s2sd1fa-cl\/\" \/>\n<meta name=\"twitter:label1\" content=\"Szacowany czas czytania\" \/>\n\t<meta name=\"twitter:data1\" content=\"4 minuty\" \/>\n<script type=\"application\/ld+json\" class=\"yoast-schema-graph\">{\"@context\":\"https:\/\/schema.org\",\"@graph\":[{\"@type\":\"WebPage\",\"@id\":\"https:\/\/www.fabrykachlodu.pl\/sklep\/produkt\/dawn-jednostka-wew-as50s2sd1fa-cl\/\",\"url\":\"https:\/\/www.fabrykachlodu.pl\/sklep\/produkt\/dawn-jednostka-wew-as50s2sd1fa-cl\/\",\"name\":\"\u00b0FC Haier Dawn Jednostka wew. AS50S2SD1FA-CL\",\"isPartOf\":{\"@id\":\"https:\/\/www.fabrykachlodu.pl\/sklep\/#website\"},\"datePublished\":\"2020-01-22T10:07:33+00:00\",\"dateModified\":\"2022-03-27T20:30:41+00:00\",\"description\":\"Jednostka wew. AS50S2SD1FA-CL HAIER Dawn R32, do biura 50m2, sklepu 50m2, hotelu 50m2, salon fryzjerski, piekarnia, apteka, kwiaciarnia, gabinet lekarski, biuro, restauracja 50m2, Klimatyzacja HAIER Dawn, Na\u015bcienny, Ma\u0142e biuro 50m2, Ma\u0142e mieszkanie 50m2\",\"breadcrumb\":{\"@id\":\"https:\/\/www.fabrykachlodu.pl\/sklep\/produkt\/dawn-jednostka-wew-as50s2sd1fa-cl\/#breadcrumb\"},\"inLanguage\":\"pl-PL\",\"potentialAction\":[{\"@type\":\"ReadAction\",\"target\":[\"https:\/\/www.fabrykachlodu.pl\/sklep\/produkt\/dawn-jednostka-wew-as50s2sd1fa-cl\/\"]}]},{\"@type\":\"BreadcrumbList\",\"@id\":\"https:\/\/www.fabrykachlodu.pl\/sklep\/produkt\/dawn-jednostka-wew-as50s2sd1fa-cl\/#breadcrumb\",\"itemListElement\":[{\"@type\":\"ListItem\",\"position\":1,\"name\":\"Strona g\u0142\u00f3wna\",\"item\":\"https:\/\/www.fabrykachlodu.pl\/sklep\/\"},{\"@type\":\"ListItem\",\"position\":2,\"name\":\"Szukasz klimatzyacji biurowej sklepowej lub do mieszkania?\",\"item\":\"https:\/\/www.fabrykachlodu.pl\/sklep\/\"},{\"@type\":\"ListItem\",\"position\":3,\"name\":\"HAIER\",\"item\":\"https:\/\/www.fabrykachlodu.pl\/sklep\/product-category\/haier\/\"},{\"@type\":\"ListItem\",\"position\":4,\"name\":\"Na\u015bcienny\",\"item\":\"https:\/\/www.fabrykachlodu.pl\/sklep\/product-category\/haier\/nascienny-haier\/\"},{\"@type\":\"ListItem\",\"position\":5,\"name\":\"DAWN\",\"item\":\"https:\/\/www.fabrykachlodu.pl\/sklep\/product-category\/haier\/nascienny-haier\/dawn\/\"},{\"@type\":\"ListItem\",\"position\":6,\"name\":\"\u00b0FC Haier Dawn Zestaw AS50S2SD1FA-CL\/1U50S2PJ1FA klimatyzacja HAIER o mocy 5.0kW, A+++, do 50m2, 5 pomieszcze\u0144\",\"item\":\"https:\/\/www.fabrykachlodu.pl\/sklep\/produkt\/dawn-zestaw-as50s2sd1fa-cl-1u50s2pj1fa-klimatyzacja-haier-o-mocy-5-0kw-a-do-50m2-5-pomieszczen\/\"},{\"@type\":\"ListItem\",\"position\":7,\"name\":\"\u00b0FC Haier Dawn Jednostka wew. AS50S2SD1FA-CL\"}]},{\"@type\":\"WebSite\",\"@id\":\"https:\/\/www.fabrykachlodu.pl\/sklep\/#website\",\"url\":\"https:\/\/www.fabrykachlodu.pl\/sklep\/\",\"name\":\"\u00b0FC Sklep Internetowy monta\u017c klimatyzacji pomp ciep\u0142a\",\"description\":\"\u00b0FC monta\u017c klimatyzacji pomp ciep\u0142a z nami to szybki i tani wyb\u00f3r.  Us\u0142ugi monta\u017cowe i serwisowe W Warszawie i okolicach..\",\"potentialAction\":[{\"@type\":\"SearchAction\",\"target\":{\"@type\":\"EntryPoint\",\"urlTemplate\":\"https:\/\/www.fabrykachlodu.pl\/sklep\/?s={search_term_string}\"},\"query-input\":\"required name=search_term_string\"}],\"inLanguage\":\"pl-PL\"}]}<\/script>\n<!-- \/ Yoast SEO plugin. -->","yoast_head_json":{"title":"\u00b0FC Haier Dawn Jednostka wew. AS50S2SD1FA-CL","description":"Jednostka wew. AS50S2SD1FA-CL HAIER Dawn R32, do biura 50m2, sklepu 50m2, hotelu 50m2, salon fryzjerski, piekarnia, apteka, kwiaciarnia, gabinet lekarski, biuro, restauracja 50m2, Klimatyzacja HAIER Dawn, Na\u015bcienny, Ma\u0142e biuro 50m2, Ma\u0142e mieszkanie 50m2","robots":{"index":"index","follow":"follow","max-snippet":"max-snippet:-1","max-image-preview":"max-image-preview:large","max-video-preview":"max-video-preview:-1"},"canonical":"https:\/\/www.fabrykachlodu.pl\/sklep\/produkt\/dawn-jednostka-wew-as50s2sd1fa-cl\/","twitter_misc":{"Szacowany czas czytania":"4 minuty"},"schema":{"@context":"https:\/\/schema.org","@graph":[{"@type":"WebPage","@id":"https:\/\/www.fabrykachlodu.pl\/sklep\/produkt\/dawn-jednostka-wew-as50s2sd1fa-cl\/","url":"https:\/\/www.fabrykachlodu.pl\/sklep\/produkt\/dawn-jednostka-wew-as50s2sd1fa-cl\/","name":"\u00b0FC Haier Dawn Jednostka wew. AS50S2SD1FA-CL","isPartOf":{"@id":"https:\/\/www.fabrykachlodu.pl\/sklep\/#website"},"datePublished":"2020-01-22T10:07:33+00:00","dateModified":"2022-03-27T20:30:41+00:00","description":"Jednostka wew. AS50S2SD1FA-CL HAIER Dawn R32, do biura 50m2, sklepu 50m2, hotelu 50m2, salon fryzjerski, piekarnia, apteka, kwiaciarnia, gabinet lekarski, biuro, restauracja 50m2, Klimatyzacja HAIER Dawn, Na\u015bcienny, Ma\u0142e biuro 50m2, Ma\u0142e mieszkanie 50m2","breadcrumb":{"@id":"https:\/\/www.fabrykachlodu.pl\/sklep\/produkt\/dawn-jednostka-wew-as50s2sd1fa-cl\/#breadcrumb"},"inLanguage":"pl-PL","potentialAction":[{"@type":"ReadAction","target":["https:\/\/www.fabrykachlodu.pl\/sklep\/produkt\/dawn-jednostka-wew-as50s2sd1fa-cl\/"]}]},{"@type":"BreadcrumbList","@id":"https:\/\/www.fabrykachlodu.pl\/sklep\/produkt\/dawn-jednostka-wew-as50s2sd1fa-cl\/#breadcrumb","itemListElement":[{"@type":"ListItem","position":1,"name":"Strona g\u0142\u00f3wna","item":"https:\/\/www.fabrykachlodu.pl\/sklep\/"},{"@type":"ListItem","position":2,"name":"Szukasz klimatzyacji biurowej sklepowej lub do mieszkania?","item":"https:\/\/www.fabrykachlodu.pl\/sklep\/"},{"@type":"ListItem","position":3,"name":"HAIER","item":"https:\/\/www.fabrykachlodu.pl\/sklep\/product-category\/haier\/"},{"@type":"ListItem","position":4,"name":"Na\u015bcienny","item":"https:\/\/www.fabrykachlodu.pl\/sklep\/product-category\/haier\/nascienny-haier\/"},{"@type":"ListItem","position":5,"name":"DAWN","item":"https:\/\/www.fabrykachlodu.pl\/sklep\/product-category\/haier\/nascienny-haier\/dawn\/"},{"@type":"ListItem","position":6,"name":"\u00b0FC Haier Dawn Zestaw AS50S2SD1FA-CL\/1U50S2PJ1FA klimatyzacja HAIER o mocy 5.0kW, A+++, do 50m2, 5 pomieszcze\u0144","item":"https:\/\/www.fabrykachlodu.pl\/sklep\/produkt\/dawn-zestaw-as50s2sd1fa-cl-1u50s2pj1fa-klimatyzacja-haier-o-mocy-5-0kw-a-do-50m2-5-pomieszczen\/"},{"@type":"ListItem","position":7,"name":"\u00b0FC Haier Dawn Jednostka wew. AS50S2SD1FA-CL"}]},{"@type":"WebSite","@id":"https:\/\/www.fabrykachlodu.pl\/sklep\/#website","url":"https:\/\/www.fabrykachlodu.pl\/sklep\/","name":"\u00b0FC Sklep Internetowy monta\u017c klimatyzacji pomp ciep\u0142a","description":"\u00b0FC monta\u017c klimatyzacji pomp ciep\u0142a z nami to szybki i tani wyb\u00f3r.  Us\u0142ugi monta\u017cowe i serwisowe W Warszawie i okolicach..","potentialAction":[{"@type":"SearchAction","target":{"@type":"EntryPoint","urlTemplate":"https:\/\/www.fabrykachlodu.pl\/sklep\/?s={search_term_string}"},"query-input":"required name=search_term_string"}],"inLanguage":"pl-PL"}]}},"_links":{"self":[{"href":"https:\/\/www.fabrykachlodu.pl\/sklep\/wp-json\/wp\/v2\/product\/53178"}],"collection":[{"href":"https:\/\/www.fabrykachlodu.pl\/sklep\/wp-json\/wp\/v2\/product"}],"about":[{"href":"https:\/\/www.fabrykachlodu.pl\/sklep\/wp-json\/wp\/v2\/types\/product"}],"wp:featuredmedia":[{"embeddable":true,"href":"https:\/\/www.fabrykachlodu.pl\/sklep\/wp-json\/wp\/v2\/media\/52426"}],"wp:attachment":[{"href":"https:\/\/www.fabrykachlodu.pl\/sklep\/wp-json\/wp\/v2\/media?parent=53178"}],"wp:term":[{"taxonomy":"product_cat","embeddable":true,"href":"https:\/\/www.fabrykachlodu.pl\/sklep\/wp-json\/wp\/v2\/product_cat?post=53178"},{"taxonomy":"product_tag","embeddable":true,"href":"https:\/\/www.fabrykachlodu.pl\/sklep\/wp-json\/wp\/v2\/product_tag?post=53178"}],"curies":[{"name":"wp","href":"https:\/\/api.w.org\/{rel}","templated":true}]}}