{"id":53179,"date":"2020-01-22T11:07:33","date_gmt":"2020-01-22T10:07:33","guid":{"rendered":"http:\/\/www.fabrykachlodu.pl\/sklep\/produkt\/import-placeholder-for-1u50s2pj1fa\/"},"modified":"2022-03-27T22:30:41","modified_gmt":"2022-03-27T20:30:41","slug":"dawn-jednostka-zew-1u50s2pj1fa","status":"publish","type":"product","link":"https:\/\/www.fabrykachlodu.pl\/sklep\/produkt\/dawn-jednostka-zew-1u50s2pj1fa\/","title":{"rendered":"\u00b0FC Haier Dawn Jednostka zew. 1U50S2PJ1FA"},"content":{"rendered":"<h2>Zam\u00f3wienie dotyczy: Kompresor, Agregat, Jednostka zew. 1U50S2PJ1FA  HAIER Dawn R32<\/h2>\n<p><h3><strong>W jednym miejscu poznasz:<\/strong><\/h3>\n<p>Informacje odno\u015bnie klimatyzacji HAIER<br \/>\nPoznasz najwa\u017cniejsze funkcje<br \/>\nPor\u00f3wnasz produkty<br \/>\nPoznasz parametry techniczne<br \/>\nPoznasz cen\u0119 i zrealizujesz zam\u00f3wienie<br \/>\n<strong><\/p>\n<h3>Zamawiaj\u0105c produkt u nas:<\/strong><\/h3>\n<p>Otrzymasz produkt<br \/>\nJednostk\u0119 wewn\u0119trzna<br \/>\nJednostk\u0119 zewn\u0119trzna<br \/>\nSterowanie<br \/>\n<strong><\/p>\n<h3>Zlecaj\u0105c nam monta\u017c otrzymasz:<\/strong><\/h3>\n<p>Rabat na produkty HAIER<br \/>\nKompletne pod\u0142\u0105czenie elektryczne oraz hydrauliczne<br \/>\nGwarancje<br \/>\nSerwis<\/p>\n<p>\nSzukaj\u0105c informacji odno\u015bnie opcji klimatyzacji w warto zapozna\u0107 si\u0119 z technologi\u0105 inwerterow\u0105, kt\u00f3ra zapewnia utrzymanie komfortowej temperatury bez konieczno\u015bci ci\u0105g\u0142ego w\u0142\u0105czania i wy\u0142\u0105czania spr\u0119\u017carki. Klienci ko\u0144cowi maj\u0105 do czynienia z wieloma negatywnymi informacjami w Internecie odno\u015bnie wysokich rachunk\u00f3w za pr\u0105d, jednak ten problem w sumie nie istnieje bo technologia inwertera pozwala uzyska\u0107 maksymaln\u0105 energooszcz\u0119dno\u015b\u0107.<\/p>\n<p>Wed\u0142ug naszych test\u00f3w oraz z do\u015bwiadczenia wiemy, \u017ce w okresie od Maja &#8211; Sierpnia w\u0142\u0105czaj\u0105c urz\u0105dzenie w pokoju 25m2 rachunek za pr\u0105d wzro\u015bnie tylko o oko\u0142o 15-20z\u0142 miesi\u0119cznie. Raporty testowe powierzchownie oraz wi\u0119cej o kryteriach i szczeg\u00f3\u0142ach test\u00f3w mo\u017cemy udost\u0119pni\u0107 na \u017cyczenie. Wa\u017cne jest to, aby zwr\u00f3ci\u0107 uwag\u0119 czy producent dba o energooszcz\u0119dno\u015b\u0107 podaj\u0105c pe\u0142ne informacje. Wybieraj\u0105c produkt w sklepach budowalnych, marketach, lub na platformach online mo\u017cna spotka\u0107 producent\u00f3w kt\u00f3rzy podaj\u0105 niepe\u0142ne informacje np.ujmuj\u0105c w te\u015bcie tylko jednostk\u0119 wewn\u0119trzn\u0105, a nie zestawu.<\/p>\n<p>Aby mie\u0107 klarown\u0105 informacje odno\u015bnie koszt\u00f3w nale\u017cy uwzgl\u0119dni\u0107: koszt produktu\/koszty instalacji\/zmienne koszty energii\/Klasa energetyczna.<div class=\"su-service\"><div class=\"su-service-title\" style=\"padding-left:52px;min-height:38px;line-height:38px\"><i class=\"sui sui-check-circle\" style=\"font-size:38px;color:#22a0ed\"><\/i> Wskaz\u00f3wka naszego eksperta<\/div><div class=\"su-service-content su-u-clearfix su-u-trim\" style=\"padding-left:52px\">Klienci bazuj\u0105c na opcjach o klimatyzacji w Internecie powinni mie\u0107 pe\u0142n\u0105 wiedz\u0119 na temat pochodzenia urz\u0105dzenia, koszt\u00f3w zwi\u0105zanych z zakupem, ekspoatacj\u0105, oraz napraw\u0105. Brak dost\u0119pu do cz\u0119sci zapasowych cz\u0119sto bywa podowem wymiany klimatyzatora.<\/div><\/div>\n<h2><strong>Zapraszamy do por\u00f3wnania zalet i wad klimatyzacji HAIER<\/strong><\/h2>\n<p><strong>Jakie s\u0105 zalety takiego systemu?<\/strong><br \/><div class=\"su-service\"><div class=\"su-service-title\" style=\"padding-left:52px;min-height:38px;line-height:38px\"><i class=\"sui sui-check-circle\" style=\"font-size:38px;color:#22a0ed\"><\/i> Wskaz\u00f3wka naszego eksperta<\/div><div class=\"su-service-content su-u-clearfix su-u-trim\" style=\"padding-left:52px\">Agregat ch\u0142odniczy dopasuje moc ch\u0142odnicz\u0105 to naszych potrzeb czyli ekonomicznie dostarczy dzia\u0142aj\u0105c optymlanie na dostosowanych obrotach.<br \/>\nAnalogicznie, je\u015bli kompresor w\u0142\u0105cza si\u0119 rzadziej, spr\u0119\u017carka pobiera miej napi\u0119cia.<br \/>\nKompresory inwerterowi oraz spr\u0119\u017carki Hitachi, Mitsubishi Panasonic pozwalaj\u0105 na \u0142agodny rozruch czyli agregat w\u0142\u0105czy si\u0119 przy niskim napi\u0119ciu, co r\u00f3wnie\u017c wp\u0142ywa na \u017cywotno\u015b\u0107 spr\u0119\u017carki bo rzadziej si\u0119 w\u0142\u0105cza.<\/div><\/div><strong>Jakie s\u0105 wady tego klimatyzatora?<\/strong><br \/><div class=\"su-service\"><div class=\"su-service-title\" style=\"padding-left:52px;min-height:38px;line-height:38px\"><i class=\"sui sui-check-circle\" style=\"font-size:38px;color:#22a0ed\"><\/i> Wskaz\u00f3wka naszego eksperta<\/div><div class=\"su-service-content su-u-clearfix su-u-trim\" style=\"padding-left:52px\">Klimatyzator \u015bcienny RAC nie jest zainstalowany dla ca\u0142ego domu, ale tylko w pojedynczych pokojach. Do ca\u0142ego domu lub mieszkania nale\u017cy zainstalowa\u0107 urz\u0105dzenie Multi SPLIT. Wybierz jednostk\u0119 zewn\u0119trzn\u0105 danej ilo\u015bci pomieszcze\u0144, nast\u0119pnie wybierz jednostki wewn\u0119trzne: kasetonowe, przypod\u0142ogowe, sufitowe, kana\u0142owe, na\u015bcienne.<br \/><\/div><\/div>\n<div class=\"hr-thin\"><\/div>\n<div class=\"su-service\"><div class=\"su-service-title\" style=\"padding-left:52px;min-height:38px;line-height:38px\"><i class=\"sui sui-hand-o-right\" style=\"font-size:38px;color:#22a0ed\"><\/i> Podsumowuj\u0105c<\/div><div class=\"su-service-content su-u-clearfix su-u-trim\" style=\"padding-left:52px\">Je\u015bli chcesz mie\u0107 klimatyzacj\u0119 w jednym pomieszczeniu to ten produkt jest dla Ciebie. Je\u015bli w kilku pomieszczeniach to wybierz system MULTI SPLIT. Oba rozwi\u0105zania s\u0105 dobrej jako\u015bci i ekologiczne. Rozwi\u0105zanie jednego pimieszczenia jest ta\u0144sze w zakupie I monta\u017cu. Cz\u0119sci to produkt\u00f3w HAIER posiadamy na stanie.<br \/><\/div><\/div>\n<p>PARAMETRY TECHNICZNE<\/p>\n<div class=\"su-tabs su-tabs-style-default su-tabs-mobile-stack\" data-active=\"1\" data-scroll-offset=\"0\" data-anchor-in-url=\"no\"><div class=\"su-tabs-nav\"><span class=\"\" data-url=\"\" data-target=\"blank\" tabindex=\"0\" role=\"button\">Jednostka Wew\u0119trzna<\/span><span class=\"\" data-url=\"\" data-target=\"blank\" tabindex=\"0\" role=\"button\">Jed. Zewn\u0119trzne<\/span><span class=\"\" data-url=\"\" data-target=\"blank\" tabindex=\"0\" role=\"button\">Tabela korzysci<\/span><span class=\"\" data-url=\"\" data-target=\"blank\" tabindex=\"0\" role=\"button\">Por\u00f3wnanie modeli<\/span><span class=\"\" data-url=\"\" data-target=\"blank\" tabindex=\"0\" role=\"button\">Monta\u017c<\/span><span class=\"\" data-url=\"\" data-target=\"blank\" tabindex=\"0\" role=\"button\">Przepisy F-GAZ<\/span><\/div><div class=\"su-tabs-panes\"><div class=\"su-tabs-pane su-u-clearfix su-u-trim\" data-title=\"Jednostka Wew\u0119trzna\"><div class=\"su-document su-u-responsive-media-yes\"><iframe src=\"\/\/docs.google.com\/viewer?embedded=true&url=https:\/\/www.fabrykachlodu.pl\/sklep\/wp-content\/uploads\/2020\/01\/Klimatyzatory.cienne.HAIER_.DAWN_.Plus_.pdf\" width=\"600\" height=\"400\" class=\"su-document\" title=\"\"><\/iframe><\/div><\/div>\n<div class=\"su-tabs-pane su-u-clearfix su-u-trim\" data-title=\"Jed. Zewn\u0119trzne\"><div class=\"su-document su-u-responsive-media-yes\"><iframe src=\"\/\/docs.google.com\/viewer?embedded=true&url=https:\/\/www.fabrykachlodu.pl\/sklep\/wp-content\/uploads\/2020\/01\/Jednostki.Zewnetrzne.klimatyzacja.HAIER_.pdf\" width=\"600\" height=\"400\" class=\"su-document\" title=\"\"><\/iframe><\/div><\/div>\n<div class=\"su-tabs-pane su-u-clearfix su-u-trim\" data-title=\"Tabela korzysci\"><div class=\"su-document su-u-responsive-media-yes\"><iframe src=\"\/\/docs.google.com\/viewer?embedded=true&url=https:\/\/www.fabrykachlodu.pl\/sklep\/wp-content\/uploads\/2020\/01\/Tabela.korzysci.klimatyzacji.HAIER_.-SPLITR32.pdf\" width=\"600\" height=\"400\" class=\"su-document\" title=\"\"><\/iframe><\/div><\/div>\n<div class=\"su-tabs-pane su-u-clearfix su-u-trim\" data-title=\"Por\u00f3wnanie modeli\"><div class=\"su-document su-u-responsive-media-yes\"><iframe src=\"\/\/docs.google.com\/viewer?embedded=true&url=https:\/\/www.fabrykachlodu.pl\/sklep\/wp-content\/uploads\/2020\/01\/Porownanie_modeli_klimatyzatorow.HAIER_R32_Split.pdf\" width=\"600\" height=\"400\" class=\"su-document\" title=\"\"><\/iframe><\/div><\/div>\n<div class=\"su-tabs-pane su-u-clearfix su-u-trim\" data-title=\"Monta\u017c\"><div class=\"su-document su-u-responsive-media-yes\"><iframe src=\"\/\/docs.google.com\/viewer?embedded=true&url=https:\/\/www.fabrykachlodu.pl\/sklep\/wp-content\/uploads\/2020\/01\/Montaz.klimatyzacji.HAIER_.pdf\" width=\"600\" height=\"400\" class=\"su-document\" title=\"\"><\/iframe><\/div><\/div>\n<div class=\"su-tabs-pane su-u-clearfix su-u-trim\" data-title=\"Przepisy F-GAZ\"><div class=\"su-document su-u-responsive-media-yes\"><iframe src=\"\/\/docs.google.com\/viewer?embedded=true&url=https:\/\/www.fabrykachlodu.pl\/sklep\/wp-content\/uploads\/2020\/01\/Nowe-przepisy-F-Gaz-od-2015-roku.pdf\" width=\"600\" height=\"400\" class=\"su-document\" title=\"\"><\/iframe><\/div><\/div><\/div><\/div>\n<p>Dokumenty si\u0119 nie wy\u015bwietlaj\u0105? <input type=\"button\" value=\"Od\u015bwie\u017c stron\u0119\" onclick=\"location.reload();\"><br \/><div class=\"su-note\"  style=\"border-color:#e5e5e5;border-radius:3px;-moz-border-radius:3px;-webkit-border-radius:3px;\"><div class=\"su-note-inner su-u-clearfix su-u-trim\" style=\"background-color:#ffffff;border-color:#ffffff;color:#afafaf;border-radius:3px;-moz-border-radius:3px;-webkit-border-radius:3px;\">HAIER DAWN to doskona\u0142e rozwi\u0105zanie dla ka\u017cdego rodzaju pomieszcze\u0144: mieszkania, domu; jak r\u00f3wnie\u017c \u0142\u0105cz\u0105c je w szeregu: do biura, sklepu, hotelu, do restauracji. Chcesz kupi\u0107 klimatyzator do domowego biura aby pracowa\u0107 w skoncentrowany spos\u00f3b? Ch\u0142odne powietrze na pewno Ci zapewni spok\u00f3j latem ale w zimne dni dodatkowo oczy\u015bci powietrze. Model DAWN na\u015bcienny minimalizuje ingerencj\u0119 w budynek podczas instalacji.<\/div><\/div>\n","protected":false},"excerpt":{"rendered":"<p><span style=\"color: #000000;\"><strong>Najwa\u017cniejsze zalety<\/strong><\/span> [dt_list style=\"1\" bullet_position=\"middle\" dividers=\"true\"] [dt_list_item image=\"\"]Przep\u0142yw powietrza 3D &#8211; polecany klimatyzator na poddasze[\/dt_list_item] [dt_list_item image=\"\"]Precyzyjne osuszanie eliminuj\u0105ce bakterie i grzyby[\/dt_list_item] [dt_list_item image=\"\"]Filtry BIO, Aktywny W\u0119giel, Potr\u00f3jny &#8211; do samodzielnej wymiany bez u\u017cycia narz\u0119dzi[\/dt_list_item] [dt_list_item image=\"\"]Self Clean dbaj\u0105c o ochron\u0119 przed bakteriami i grzybami[\/dt_list_item] [\/dt_list]<\/p>\n","protected":false},"featured_media":52478,"template":"","meta":[],"product_cat":[2295,189],"product_tag":[4954,2281,4956,5063],"yoast_head":"<!-- This site is optimized with the Yoast SEO plugin v22.1 - https:\/\/yoast.com\/wordpress\/plugins\/seo\/ -->\n<title>\u00b0FC Haier Dawn Jednostka zew. 1U50S2PJ1FA<\/title>\n<meta name=\"description\" content=\"Kompresor, Agregat, Jednostka zew. 1U50S2PJ1FA HAIER Dawn R32, do biura 50m2, sklepu 50m2, hotelu 50m2, salon fryzjerski, piekarnia, apteka, kwiaciarnia, gabinet lekarski, biuro, restauracja 50m2, Klimatyzacja HAIER Dawn, Na\u015bcienny, Ma\u0142e biuro 50m2, Ma\u0142e mieszkanie 50m2\" \/>\n<meta name=\"robots\" content=\"index, follow, max-snippet:-1, max-image-preview:large, max-video-preview:-1\" \/>\n<link rel=\"canonical\" href=\"https:\/\/www.fabrykachlodu.pl\/sklep\/produkt\/dawn-jednostka-zew-1u50s2pj1fa\/\" \/>\n<meta name=\"twitter:label1\" content=\"Szacowany czas czytania\" \/>\n\t<meta name=\"twitter:data1\" content=\"4 minuty\" \/>\n<script type=\"application\/ld+json\" class=\"yoast-schema-graph\">{\"@context\":\"https:\/\/schema.org\",\"@graph\":[{\"@type\":\"WebPage\",\"@id\":\"https:\/\/www.fabrykachlodu.pl\/sklep\/produkt\/dawn-jednostka-zew-1u50s2pj1fa\/\",\"url\":\"https:\/\/www.fabrykachlodu.pl\/sklep\/produkt\/dawn-jednostka-zew-1u50s2pj1fa\/\",\"name\":\"\u00b0FC Haier Dawn Jednostka zew. 1U50S2PJ1FA\",\"isPartOf\":{\"@id\":\"https:\/\/www.fabrykachlodu.pl\/sklep\/#website\"},\"datePublished\":\"2020-01-22T10:07:33+00:00\",\"dateModified\":\"2022-03-27T20:30:41+00:00\",\"description\":\"Kompresor, Agregat, Jednostka zew. 1U50S2PJ1FA HAIER Dawn R32, do biura 50m2, sklepu 50m2, hotelu 50m2, salon fryzjerski, piekarnia, apteka, kwiaciarnia, gabinet lekarski, biuro, restauracja 50m2, Klimatyzacja HAIER Dawn, Na\u015bcienny, Ma\u0142e biuro 50m2, Ma\u0142e mieszkanie 50m2\",\"breadcrumb\":{\"@id\":\"https:\/\/www.fabrykachlodu.pl\/sklep\/produkt\/dawn-jednostka-zew-1u50s2pj1fa\/#breadcrumb\"},\"inLanguage\":\"pl-PL\",\"potentialAction\":[{\"@type\":\"ReadAction\",\"target\":[\"https:\/\/www.fabrykachlodu.pl\/sklep\/produkt\/dawn-jednostka-zew-1u50s2pj1fa\/\"]}]},{\"@type\":\"BreadcrumbList\",\"@id\":\"https:\/\/www.fabrykachlodu.pl\/sklep\/produkt\/dawn-jednostka-zew-1u50s2pj1fa\/#breadcrumb\",\"itemListElement\":[{\"@type\":\"ListItem\",\"position\":1,\"name\":\"Strona g\u0142\u00f3wna\",\"item\":\"https:\/\/www.fabrykachlodu.pl\/sklep\/\"},{\"@type\":\"ListItem\",\"position\":2,\"name\":\"Szukasz klimatzyacji biurowej sklepowej lub do mieszkania?\",\"item\":\"https:\/\/www.fabrykachlodu.pl\/sklep\/\"},{\"@type\":\"ListItem\",\"position\":3,\"name\":\"HAIER\",\"item\":\"https:\/\/www.fabrykachlodu.pl\/sklep\/product-category\/haier\/\"},{\"@type\":\"ListItem\",\"position\":4,\"name\":\"Na\u015bcienny\",\"item\":\"https:\/\/www.fabrykachlodu.pl\/sklep\/product-category\/haier\/nascienny-haier\/\"},{\"@type\":\"ListItem\",\"position\":5,\"name\":\"DAWN\",\"item\":\"https:\/\/www.fabrykachlodu.pl\/sklep\/product-category\/haier\/nascienny-haier\/dawn\/\"},{\"@type\":\"ListItem\",\"position\":6,\"name\":\"\u00b0FC Haier Dawn Zestaw AS50S2SD1FA-CL\/1U50S2PJ1FA klimatyzacja HAIER o mocy 5.0kW, A+++, do 50m2, 5 pomieszcze\u0144\",\"item\":\"https:\/\/www.fabrykachlodu.pl\/sklep\/produkt\/dawn-zestaw-as50s2sd1fa-cl-1u50s2pj1fa-klimatyzacja-haier-o-mocy-5-0kw-a-do-50m2-5-pomieszczen\/\"},{\"@type\":\"ListItem\",\"position\":7,\"name\":\"\u00b0FC Haier Dawn Jednostka zew. 1U50S2PJ1FA\"}]},{\"@type\":\"WebSite\",\"@id\":\"https:\/\/www.fabrykachlodu.pl\/sklep\/#website\",\"url\":\"https:\/\/www.fabrykachlodu.pl\/sklep\/\",\"name\":\"\u00b0FC Sklep Internetowy monta\u017c klimatyzacji pomp ciep\u0142a\",\"description\":\"\u00b0FC monta\u017c klimatyzacji pomp ciep\u0142a z nami to szybki i tani wyb\u00f3r.  Us\u0142ugi monta\u017cowe i serwisowe W Warszawie i okolicach..\",\"potentialAction\":[{\"@type\":\"SearchAction\",\"target\":{\"@type\":\"EntryPoint\",\"urlTemplate\":\"https:\/\/www.fabrykachlodu.pl\/sklep\/?s={search_term_string}\"},\"query-input\":\"required name=search_term_string\"}],\"inLanguage\":\"pl-PL\"}]}<\/script>\n<!-- \/ Yoast SEO plugin. -->","yoast_head_json":{"title":"\u00b0FC Haier Dawn Jednostka zew. 1U50S2PJ1FA","description":"Kompresor, Agregat, Jednostka zew. 1U50S2PJ1FA HAIER Dawn R32, do biura 50m2, sklepu 50m2, hotelu 50m2, salon fryzjerski, piekarnia, apteka, kwiaciarnia, gabinet lekarski, biuro, restauracja 50m2, Klimatyzacja HAIER Dawn, Na\u015bcienny, Ma\u0142e biuro 50m2, Ma\u0142e mieszkanie 50m2","robots":{"index":"index","follow":"follow","max-snippet":"max-snippet:-1","max-image-preview":"max-image-preview:large","max-video-preview":"max-video-preview:-1"},"canonical":"https:\/\/www.fabrykachlodu.pl\/sklep\/produkt\/dawn-jednostka-zew-1u50s2pj1fa\/","twitter_misc":{"Szacowany czas czytania":"4 minuty"},"schema":{"@context":"https:\/\/schema.org","@graph":[{"@type":"WebPage","@id":"https:\/\/www.fabrykachlodu.pl\/sklep\/produkt\/dawn-jednostka-zew-1u50s2pj1fa\/","url":"https:\/\/www.fabrykachlodu.pl\/sklep\/produkt\/dawn-jednostka-zew-1u50s2pj1fa\/","name":"\u00b0FC Haier Dawn Jednostka zew. 1U50S2PJ1FA","isPartOf":{"@id":"https:\/\/www.fabrykachlodu.pl\/sklep\/#website"},"datePublished":"2020-01-22T10:07:33+00:00","dateModified":"2022-03-27T20:30:41+00:00","description":"Kompresor, Agregat, Jednostka zew. 1U50S2PJ1FA HAIER Dawn R32, do biura 50m2, sklepu 50m2, hotelu 50m2, salon fryzjerski, piekarnia, apteka, kwiaciarnia, gabinet lekarski, biuro, restauracja 50m2, Klimatyzacja HAIER Dawn, Na\u015bcienny, Ma\u0142e biuro 50m2, Ma\u0142e mieszkanie 50m2","breadcrumb":{"@id":"https:\/\/www.fabrykachlodu.pl\/sklep\/produkt\/dawn-jednostka-zew-1u50s2pj1fa\/#breadcrumb"},"inLanguage":"pl-PL","potentialAction":[{"@type":"ReadAction","target":["https:\/\/www.fabrykachlodu.pl\/sklep\/produkt\/dawn-jednostka-zew-1u50s2pj1fa\/"]}]},{"@type":"BreadcrumbList","@id":"https:\/\/www.fabrykachlodu.pl\/sklep\/produkt\/dawn-jednostka-zew-1u50s2pj1fa\/#breadcrumb","itemListElement":[{"@type":"ListItem","position":1,"name":"Strona g\u0142\u00f3wna","item":"https:\/\/www.fabrykachlodu.pl\/sklep\/"},{"@type":"ListItem","position":2,"name":"Szukasz klimatzyacji biurowej sklepowej lub do mieszkania?","item":"https:\/\/www.fabrykachlodu.pl\/sklep\/"},{"@type":"ListItem","position":3,"name":"HAIER","item":"https:\/\/www.fabrykachlodu.pl\/sklep\/product-category\/haier\/"},{"@type":"ListItem","position":4,"name":"Na\u015bcienny","item":"https:\/\/www.fabrykachlodu.pl\/sklep\/product-category\/haier\/nascienny-haier\/"},{"@type":"ListItem","position":5,"name":"DAWN","item":"https:\/\/www.fabrykachlodu.pl\/sklep\/product-category\/haier\/nascienny-haier\/dawn\/"},{"@type":"ListItem","position":6,"name":"\u00b0FC Haier Dawn Zestaw AS50S2SD1FA-CL\/1U50S2PJ1FA klimatyzacja HAIER o mocy 5.0kW, A+++, do 50m2, 5 pomieszcze\u0144","item":"https:\/\/www.fabrykachlodu.pl\/sklep\/produkt\/dawn-zestaw-as50s2sd1fa-cl-1u50s2pj1fa-klimatyzacja-haier-o-mocy-5-0kw-a-do-50m2-5-pomieszczen\/"},{"@type":"ListItem","position":7,"name":"\u00b0FC Haier Dawn Jednostka zew. 1U50S2PJ1FA"}]},{"@type":"WebSite","@id":"https:\/\/www.fabrykachlodu.pl\/sklep\/#website","url":"https:\/\/www.fabrykachlodu.pl\/sklep\/","name":"\u00b0FC Sklep Internetowy monta\u017c klimatyzacji pomp ciep\u0142a","description":"\u00b0FC monta\u017c klimatyzacji pomp ciep\u0142a z nami to szybki i tani wyb\u00f3r.  Us\u0142ugi monta\u017cowe i serwisowe W Warszawie i okolicach..","potentialAction":[{"@type":"SearchAction","target":{"@type":"EntryPoint","urlTemplate":"https:\/\/www.fabrykachlodu.pl\/sklep\/?s={search_term_string}"},"query-input":"required name=search_term_string"}],"inLanguage":"pl-PL"}]}},"_links":{"self":[{"href":"https:\/\/www.fabrykachlodu.pl\/sklep\/wp-json\/wp\/v2\/product\/53179"}],"collection":[{"href":"https:\/\/www.fabrykachlodu.pl\/sklep\/wp-json\/wp\/v2\/product"}],"about":[{"href":"https:\/\/www.fabrykachlodu.pl\/sklep\/wp-json\/wp\/v2\/types\/product"}],"wp:featuredmedia":[{"embeddable":true,"href":"https:\/\/www.fabrykachlodu.pl\/sklep\/wp-json\/wp\/v2\/media\/52478"}],"wp:attachment":[{"href":"https:\/\/www.fabrykachlodu.pl\/sklep\/wp-json\/wp\/v2\/media?parent=53179"}],"wp:term":[{"taxonomy":"product_cat","embeddable":true,"href":"https:\/\/www.fabrykachlodu.pl\/sklep\/wp-json\/wp\/v2\/product_cat?post=53179"},{"taxonomy":"product_tag","embeddable":true,"href":"https:\/\/www.fabrykachlodu.pl\/sklep\/wp-json\/wp\/v2\/product_tag?post=53179"}],"curies":[{"name":"wp","href":"https:\/\/api.w.org\/{rel}","templated":true}]}}