{"id":53198,"date":"2020-01-22T11:07:38","date_gmt":"2020-01-22T10:07:38","guid":{"rendered":"http:\/\/www.fabrykachlodu.pl\/sklep\/produkt\/import-placeholder-for-as50s2sf1fa-cw\/"},"modified":"2022-06-30T18:04:16","modified_gmt":"2022-06-30T16:04:16","slug":"flexis-plus-white-matt-jednostka-wew-as50s2sf1fa-cw","status":"publish","type":"product","link":"https:\/\/www.fabrykachlodu.pl\/sklep\/produkt\/flexis-plus-white-matt-jednostka-wew-as50s2sf1fa-cw\/","title":{"rendered":"\u00b0FC Haier Flexis Plus White Matt Jednostka wew. AS50S2SF1FA-CW"},"content":{"rendered":"<h2>Zam\u00f3wienie dotyczy: Jednostka wew. AS50S2SF1FA-CW HAIER Flexis Plus White Matt R32<\/h2>\n<p><h3><strong>W jednym miejscu poznasz:<\/strong><\/h3>\n<p>Informacje odno\u015bnie klimatyzacji HAIER<br \/>\nPoznasz najwa\u017cniejsze funkcje<br \/>\nPor\u00f3wnasz produkty<br \/>\nPoznasz parametry techniczne<br \/>\nPoznasz cen\u0119 i zrealizujesz zam\u00f3wienie<br \/>\n<strong><\/p>\n<h3>Zamawiaj\u0105c produkt u nas:<\/strong><\/h3>\n<p>Otrzymasz produkt<br \/>\nJednostk\u0119 wewn\u0119trzna<br \/>\nJednostk\u0119 zewn\u0119trzna<br \/>\nSterowanie<br \/>\n<strong><\/p>\n<h3>Zlecaj\u0105c nam monta\u017c otrzymasz:<\/strong><\/h3>\n<p>Rabat na produkty HAIER<br \/>\nKompletne pod\u0142\u0105czenie elektryczne oraz hydrauliczne<br \/>\nGwarancje<br \/>\nSerwis<\/p>\n<p>W\u0142a\u015bciciele\/pracownicy\/klienci przypisuj\u0105 zwi\u0119kszon\u0105 chorob\u0119 do klimatyzacji ale tylko wtedy kiedy temperatura jest niedostosowana lub klimatyzacja jest zabrudzona. Dzia\u0142anie bakterii z ch\u0142odnym powietrzem zwi\u0119kszaj\u0105 ryzyko wirusowego rozprzestrzeniania si\u0119 chor\u00f3b (angina, grypa). Drogi oddechowe s\u0105 zmuszone do wdychania zanieczyszczonego powietrza a zimno dodatkowo je podra\u017cnia doprowadzaj\u0105c do zaka\u017cenia. System klimatyzacji nie musi by\u0107 postrzegany jako brzydki\/optycznie niepokoj\u0105cy, bo nasza oferta posiada jednostki, kt\u00f3re s\u0105 ergonomiczne i otrzyma\u0142y nagrody za design np.nagrod\u0119 RedDot. Przefiltruj nasz sklep aby znale\u017a\u0107 produkt spe\u0142niaj\u0105cy wymagania pod k\u0105tem estetycznym. <div class=\"su-service\"><div class=\"su-service-title\" style=\"padding-left:52px;min-height:38px;line-height:38px\"><i class=\"sui sui-check-circle\" style=\"font-size:38px;color:#22a0ed\"><\/i> Wskaz\u00f3wka naszego eksperta<\/div><div class=\"su-service-content su-u-clearfix su-u-trim\" style=\"padding-left:52px\">Zawarte umowy o konserwacj\u0119 z nami, zawieraj\u0105 wymagane prawnie badanie szczelno\u015bci oraz wymiana filtra. Skuteczne filtry oczyszczaj\u0105ce (wymienione podczas serwisu) sprawiaj\u0105, \u017ce powietrze w Twoim domu jest wolne od r\u00f3\u017cnych szkodliwych substancji, takich jak w\u0142osy, roztocza, py\u0142ki, zarodniki grzyb\u00f3w, bakterie, spaliny i dym. Filtry oczyszczaj\u0105ce np. w\u0119glowy, antybakteryjny wychwytuj\u0105 zar\u00f3wno, widoczne jak r\u00f3wnie\u017c niewidoczne zanieczyszczenia oraz inne mikroskopijne substancje szkodliwe.<\/div><\/div>\n<h2><strong>Zapraszamy do por\u00f3wnania zalet i wad klimatyzacji HAIER<\/strong><\/h2>\n<p><strong>Jakie s\u0105 zalety takiego systemu?<\/strong><br \/><div class=\"su-service\"><div class=\"su-service-title\" style=\"padding-left:52px;min-height:38px;line-height:38px\"><i class=\"sui sui-check-circle\" style=\"font-size:38px;color:#22a0ed\"><\/i> Wskaz\u00f3wka naszego eksperta<\/div><div class=\"su-service-content su-u-clearfix su-u-trim\" style=\"padding-left:52px\">Kiedy klimatyzacja jest uszkodzona to dotrzesz do obs\u0142ugi i serwisu m\u00f3wi\u0105cego po polsku oferowanego przez Fabryk\u0119 Ch\u0142odu. Kupuj\u0105c na platformach online lub w markecie &#8211; stracisz wiele czasu na samo zg\u0142oszenie problemu, nast\u0119pnie czekaj\u0105c tygodnie na jego rozwi\u0105zanie. Wielu dystrybutor\u00f3w znika z rynku po sprzedaniu kilku kontener\u00f3w sprowadzonych z chin. W tym przypadku brak cz\u0119\u015bci zamiennych zmusza do wymiany zestawu.<\/div><\/div><strong>Jakie s\u0105 wady tego klimatyzatora?<\/strong><br \/><div class=\"su-service\"><div class=\"su-service-title\" style=\"padding-left:52px;min-height:38px;line-height:38px\"><i class=\"sui sui-check-circle\" style=\"font-size:38px;color:#22a0ed\"><\/i> Wskaz\u00f3wka naszego eksperta<\/div><div class=\"su-service-content su-u-clearfix su-u-trim\" style=\"padding-left:52px\">Monta\u017c klimatyzacji z pozoru \u0142atwy, wymaga wiedzy z zakresu hydrauliki, elektryki oraz posiada\u0107 odpowiednie narz\u0119dzia i kwalifikacje do sprawdzenia ci\u015bnienia. Klimatyzatory oferowane w sklepie \u00b0FC musz\u0105 by\u0107 instalowane przez wykwalifikowanego in\u017cyniera posiadaj\u0105cego uprawnienia F-Gas. Mo\u017cemy zainstalowa\u0107 urz\u0105dzenie dla Ciebie za pomoc\u0105 naszych in\u017cynier\u00f3w posiadaj\u0105cych certyfikat F-Gas. Uwaga, je\u015bli nie wybierzesz naszej us\u0142ugi instalacyjnej, nie wy\u015blemy urz\u0105dzenia, dop\u00f3ki nie uzyskamy od ciebie dowodu, \u017ce urz\u0105dzenie zostanie zainstalowane przez wykwalifikowanego in\u017cyniera posiadaj\u0105cego uprawnienia F-Gas.W Fabryce Ch\u0142odu znajdziesz produkty na kt\u00f3rych mo\u017cesz polega\u0107. Sam personel zawsze jest dost\u0119pny aby dzia\u0142a\u0107 dla Ciebie.Decyzja odno\u015bnie jakie marki reprezentujemy jest dokonywana na podstawie ceny\/jako\u015bci i dobrej obs\u0142ugi i wsparcia przez g\u0142\u00f3wnego dystrybutora. . Sam personel zawsze jest dost\u0119pny aby dzia\u0142a\u0107 dla Ciebie.<br \/>\nDecyzja odno\u015bnie jakie marki reprezentujemy jest dokonywana na podstawie ceny\/jako\u015bci i dobrej obs\u0142ugi i wsparcia przez g\u0142\u00f3wnego dystrybutora. <\/div><\/div>\n<div class=\"hr-thin\"><\/div>\n<div class=\"su-service\"><div class=\"su-service-title\" style=\"padding-left:52px;min-height:38px;line-height:38px\"><i class=\"sui sui-hand-o-right\" style=\"font-size:38px;color:#22a0ed\"><\/i> Podsumowuj\u0105c<\/div><div class=\"su-service-content su-u-clearfix su-u-trim\" style=\"padding-left:52px\">Je\u015bli chcesz mie\u0107 klimatyzacj\u0119 w jednym pomieszczeniu to ten produkt jest dla Ciebie. Instalacja RAC jest prosta i wymaga niewielkiego wysi\u0142ku. Je\u015bli w kilku pomieszczeniach to wybierz system MULTI SPLIT. Oba rozwi\u0105zania s\u0105 dobrej jako\u015bci i ekologiczne. Rozwi\u0105zanie jednego pomieszczenia jest ta\u0144sze w zakupie i monta\u017cu. Cz\u0119\u015bci do produkt\u00f3w HAIER posiadamy na stanie.<br \/><\/div><\/div>\n<p>PARAMETRY TECHNICZNE<\/p>\n<div class=\"su-tabs su-tabs-style-default su-tabs-mobile-stack\" data-active=\"1\" data-scroll-offset=\"0\" data-anchor-in-url=\"no\"><div class=\"su-tabs-nav\"><span class=\"\" data-url=\"\" data-target=\"blank\" tabindex=\"0\" role=\"button\">Jednostka Wew\u0119trzna<\/span><span class=\"\" data-url=\"\" data-target=\"blank\" tabindex=\"0\" role=\"button\">Jed. Zewn\u0119trzne<\/span><span class=\"\" data-url=\"\" data-target=\"blank\" tabindex=\"0\" role=\"button\">Tabela korzysci<\/span><span class=\"\" data-url=\"\" data-target=\"blank\" tabindex=\"0\" role=\"button\">Por\u00f3wnanie modeli<\/span><span class=\"\" data-url=\"\" data-target=\"blank\" tabindex=\"0\" role=\"button\">Monta\u017c<\/span><span class=\"\" data-url=\"\" data-target=\"blank\" tabindex=\"0\" role=\"button\">Przepisy F-GAZ<\/span><\/div><div class=\"su-tabs-panes\"><div class=\"su-tabs-pane su-u-clearfix su-u-trim\" data-title=\"Jednostka Wew\u0119trzna\"><div class=\"su-document su-u-responsive-media-yes\"><iframe src=\"\/\/docs.google.com\/viewer?embedded=true&url=https:\/\/www.fabrykachlodu.pl\/sklep\/wp-content\/uploads\/2020\/01\/HAIER.Flexis.R32_klimazyzator.pdf\" width=\"600\" height=\"400\" class=\"su-document\" title=\"\"><\/iframe><\/div><\/div>\n<div class=\"su-tabs-pane su-u-clearfix su-u-trim\" data-title=\"Jed. Zewn\u0119trzne\"><div class=\"su-document su-u-responsive-media-yes\"><iframe src=\"\/\/docs.google.com\/viewer?embedded=true&url=https:\/\/www.fabrykachlodu.pl\/sklep\/wp-content\/uploads\/2020\/01\/Jednostki.Zewnetrzne.klimatyzacja.HAIER_.pdf\" width=\"600\" height=\"400\" class=\"su-document\" title=\"\"><\/iframe><\/div><\/div>\n<div class=\"su-tabs-pane su-u-clearfix su-u-trim\" data-title=\"Tabela korzysci\"><div class=\"su-document su-u-responsive-media-yes\"><iframe src=\"\/\/docs.google.com\/viewer?embedded=true&url=https:\/\/www.fabrykachlodu.pl\/sklep\/wp-content\/uploads\/2020\/01\/Tabela.korzysci.klimatyzacji.HAIER_.-SPLITR32.pdf\" width=\"600\" height=\"400\" class=\"su-document\" title=\"\"><\/iframe><\/div><\/div>\n<div class=\"su-tabs-pane su-u-clearfix su-u-trim\" data-title=\"Por\u00f3wnanie modeli\"><div class=\"su-document su-u-responsive-media-yes\"><iframe src=\"\/\/docs.google.com\/viewer?embedded=true&url=https:\/\/www.fabrykachlodu.pl\/sklep\/wp-content\/uploads\/2020\/01\/Porownanie_modeli_klimatyzatorow.HAIER_R32_Split.pdf\" width=\"600\" height=\"400\" class=\"su-document\" title=\"\"><\/iframe><\/div><\/div>\n<div class=\"su-tabs-pane su-u-clearfix su-u-trim\" data-title=\"Monta\u017c\"><div class=\"su-document su-u-responsive-media-yes\"><iframe src=\"\/\/docs.google.com\/viewer?embedded=true&url=https:\/\/www.fabrykachlodu.pl\/sklep\/wp-content\/uploads\/2020\/01\/Montaz.klimatyzacji.HAIER_.pdf\" width=\"600\" height=\"400\" class=\"su-document\" title=\"\"><\/iframe><\/div><\/div>\n<div class=\"su-tabs-pane su-u-clearfix su-u-trim\" data-title=\"Przepisy F-GAZ\"><div class=\"su-document su-u-responsive-media-yes\"><iframe src=\"\/\/docs.google.com\/viewer?embedded=true&url=https:\/\/www.fabrykachlodu.pl\/sklep\/wp-content\/uploads\/2020\/01\/Nowe-przepisy-F-Gaz-od-2015-roku.pdf\" width=\"600\" height=\"400\" class=\"su-document\" title=\"\"><\/iframe><\/div><\/div><\/div><\/div>\n<p>Dokumenty si\u0119 nie wy\u015bwietlaj\u0105? <input type=\"button\" value=\"Od\u015bwie\u017c stron\u0119\" onclick=\"location.reload();\"><br \/><div class=\"su-note\"  style=\"border-color:#e5e5e5;border-radius:3px;-moz-border-radius:3px;-webkit-border-radius:3px;\"><div class=\"su-note-inner su-u-clearfix su-u-trim\" style=\"background-color:#ffffff;border-color:#ffffff;color:#afafaf;border-radius:3px;-moz-border-radius:3px;-webkit-border-radius:3px;\">Chcesz kupi\u0107 klimatyzator do domowego biura aby pracowa\u0107 w skoncentrowany spos\u00f3b lub spokojnie spa\u0107 w nocy? Ch\u0142odne powietrze na pewno Ci zapewni spok\u00f3j latem ale w zimne dni dodatkowo oczy\u015bci powietrze. Wystarczy u\u017cy\u0107 wyszukiwarki wg kryteri\u00f3w takich jak wielko\u015b\u0107 pomieszczenia, rodzaj czynnika ch\u0142odniczego, cena bo nasz sklep jest dobrze zaopatrzony i posiada ka\u017cdy model klimatyzatora.<\/div><\/div>\n","protected":false},"excerpt":{"rendered":"<p><span style=\"color: #000000;\"><strong>Najwa\u017cniejsze zalety<\/strong><\/span> [dt_list style=\"1\" bullet_position=\"middle\" dividers=\"true\"] [dt_list_item image=\"\"]Spokojny sen &#8211; idealny do sypialni dzi\u0119ki cichej pracy[\/dt_list_item] [dt_list_item image=\"\"]Precyzyjne osuszanie eliminuj\u0105ce bakterie i grzyby[\/dt_list_item] [dt_list_item image=\"\"]Filtry BIO oraz Aktywny w\u0119giel do samodzielnej wymiany bez u\u017cycia narz\u0119dzi[\/dt_list_item] [dt_list_item image=\"\"]Szybki i tani monta\u017c[\/dt_list_item] [\/dt_list]<\/p>\n","protected":false},"featured_media":52408,"template":"","meta":[],"product_cat":[2318,189],"product_tag":[4959,4939,2281,4956],"yoast_head":"<!-- This site is optimized with the Yoast SEO plugin v22.1 - https:\/\/yoast.com\/wordpress\/plugins\/seo\/ -->\n<title>\u00b0FC Haier Flexis Plus White Matt Jednostka wew. AS50S2SF1FA-CW<\/title>\n<meta name=\"description\" content=\"Jednostka wew. AS50S2SF1FA-CW HAIER Flexis Plus White Matt R32, do biura 50m2, sklepu 50m2, hotelu 50m2, salon fryzjerski, piekarnia, apteka, kwiaciarnia, gabinet lekarski, biuro, restauracja 50m2, Klimatyzacja HAIER Flexis Plus White Matt, Na\u015bcienny, Ma\u0142e biuro 50m2, Ma\u0142e mieszkanie 50m2\" \/>\n<meta name=\"robots\" content=\"index, follow, max-snippet:-1, max-image-preview:large, max-video-preview:-1\" \/>\n<link rel=\"canonical\" href=\"https:\/\/www.fabrykachlodu.pl\/sklep\/produkt\/flexis-plus-white-matt-jednostka-wew-as50s2sf1fa-cw\/\" \/>\n<meta name=\"twitter:label1\" content=\"Szacowany czas czytania\" \/>\n\t<meta name=\"twitter:data1\" content=\"4 minuty\" \/>\n<script type=\"application\/ld+json\" class=\"yoast-schema-graph\">{\"@context\":\"https:\/\/schema.org\",\"@graph\":[{\"@type\":\"WebPage\",\"@id\":\"https:\/\/www.fabrykachlodu.pl\/sklep\/produkt\/flexis-plus-white-matt-jednostka-wew-as50s2sf1fa-cw\/\",\"url\":\"https:\/\/www.fabrykachlodu.pl\/sklep\/produkt\/flexis-plus-white-matt-jednostka-wew-as50s2sf1fa-cw\/\",\"name\":\"\u00b0FC Haier Flexis Plus White Matt Jednostka wew. AS50S2SF1FA-CW\",\"isPartOf\":{\"@id\":\"https:\/\/www.fabrykachlodu.pl\/sklep\/#website\"},\"datePublished\":\"2020-01-22T10:07:38+00:00\",\"dateModified\":\"2022-06-30T16:04:16+00:00\",\"description\":\"Jednostka wew. AS50S2SF1FA-CW HAIER Flexis Plus White Matt R32, do biura 50m2, sklepu 50m2, hotelu 50m2, salon fryzjerski, piekarnia, apteka, kwiaciarnia, gabinet lekarski, biuro, restauracja 50m2, Klimatyzacja HAIER Flexis Plus White Matt, Na\u015bcienny, Ma\u0142e biuro 50m2, Ma\u0142e mieszkanie 50m2\",\"breadcrumb\":{\"@id\":\"https:\/\/www.fabrykachlodu.pl\/sklep\/produkt\/flexis-plus-white-matt-jednostka-wew-as50s2sf1fa-cw\/#breadcrumb\"},\"inLanguage\":\"pl-PL\",\"potentialAction\":[{\"@type\":\"ReadAction\",\"target\":[\"https:\/\/www.fabrykachlodu.pl\/sklep\/produkt\/flexis-plus-white-matt-jednostka-wew-as50s2sf1fa-cw\/\"]}]},{\"@type\":\"BreadcrumbList\",\"@id\":\"https:\/\/www.fabrykachlodu.pl\/sklep\/produkt\/flexis-plus-white-matt-jednostka-wew-as50s2sf1fa-cw\/#breadcrumb\",\"itemListElement\":[{\"@type\":\"ListItem\",\"position\":1,\"name\":\"Strona g\u0142\u00f3wna\",\"item\":\"https:\/\/www.fabrykachlodu.pl\/sklep\/\"},{\"@type\":\"ListItem\",\"position\":2,\"name\":\"Szukasz klimatzyacji biurowej sklepowej lub do mieszkania?\",\"item\":\"https:\/\/www.fabrykachlodu.pl\/sklep\/\"},{\"@type\":\"ListItem\",\"position\":3,\"name\":\"HAIER\",\"item\":\"https:\/\/www.fabrykachlodu.pl\/sklep\/product-category\/haier\/\"},{\"@type\":\"ListItem\",\"position\":4,\"name\":\"Na\u015bcienny\",\"item\":\"https:\/\/www.fabrykachlodu.pl\/sklep\/product-category\/haier\/nascienny-haier\/\"},{\"@type\":\"ListItem\",\"position\":5,\"name\":\"FLEXIS\",\"item\":\"https:\/\/www.fabrykachlodu.pl\/sklep\/product-category\/haier\/nascienny-haier\/flexis\/\"},{\"@type\":\"ListItem\",\"position\":6,\"name\":\"\u00b0FC Haier Flexis Plus White Matt Zestaw AS50S2SF1FA-CW\/1U50S2SJ2FA klimatyzacja HAIER o mocy 5.2kW, A++, do 50m2, 6 pomieszcze\u0144\",\"item\":\"https:\/\/www.fabrykachlodu.pl\/sklep\/produkt\/flexis-plus-white-matt-zestaw-as50s2sf1fa-cw-1u50s2sj2fa-klimatyzacja-haier-o-mocy-5-2kw-a-do-50m2-6-pomieszczen\/\"},{\"@type\":\"ListItem\",\"position\":7,\"name\":\"\u00b0FC Haier Flexis Plus White Matt Jednostka wew. AS50S2SF1FA-CW\"}]},{\"@type\":\"WebSite\",\"@id\":\"https:\/\/www.fabrykachlodu.pl\/sklep\/#website\",\"url\":\"https:\/\/www.fabrykachlodu.pl\/sklep\/\",\"name\":\"\u00b0FC Sklep Internetowy monta\u017c klimatyzacji pomp ciep\u0142a\",\"description\":\"\u00b0FC monta\u017c klimatyzacji pomp ciep\u0142a z nami to szybki i tani wyb\u00f3r.  Us\u0142ugi monta\u017cowe i serwisowe W Warszawie i okolicach..\",\"potentialAction\":[{\"@type\":\"SearchAction\",\"target\":{\"@type\":\"EntryPoint\",\"urlTemplate\":\"https:\/\/www.fabrykachlodu.pl\/sklep\/?s={search_term_string}\"},\"query-input\":\"required name=search_term_string\"}],\"inLanguage\":\"pl-PL\"}]}<\/script>\n<!-- \/ Yoast SEO plugin. -->","yoast_head_json":{"title":"\u00b0FC Haier Flexis Plus White Matt Jednostka wew. AS50S2SF1FA-CW","description":"Jednostka wew. AS50S2SF1FA-CW HAIER Flexis Plus White Matt R32, do biura 50m2, sklepu 50m2, hotelu 50m2, salon fryzjerski, piekarnia, apteka, kwiaciarnia, gabinet lekarski, biuro, restauracja 50m2, Klimatyzacja HAIER Flexis Plus White Matt, Na\u015bcienny, Ma\u0142e biuro 50m2, Ma\u0142e mieszkanie 50m2","robots":{"index":"index","follow":"follow","max-snippet":"max-snippet:-1","max-image-preview":"max-image-preview:large","max-video-preview":"max-video-preview:-1"},"canonical":"https:\/\/www.fabrykachlodu.pl\/sklep\/produkt\/flexis-plus-white-matt-jednostka-wew-as50s2sf1fa-cw\/","twitter_misc":{"Szacowany czas czytania":"4 minuty"},"schema":{"@context":"https:\/\/schema.org","@graph":[{"@type":"WebPage","@id":"https:\/\/www.fabrykachlodu.pl\/sklep\/produkt\/flexis-plus-white-matt-jednostka-wew-as50s2sf1fa-cw\/","url":"https:\/\/www.fabrykachlodu.pl\/sklep\/produkt\/flexis-plus-white-matt-jednostka-wew-as50s2sf1fa-cw\/","name":"\u00b0FC Haier Flexis Plus White Matt Jednostka wew. AS50S2SF1FA-CW","isPartOf":{"@id":"https:\/\/www.fabrykachlodu.pl\/sklep\/#website"},"datePublished":"2020-01-22T10:07:38+00:00","dateModified":"2022-06-30T16:04:16+00:00","description":"Jednostka wew. AS50S2SF1FA-CW HAIER Flexis Plus White Matt R32, do biura 50m2, sklepu 50m2, hotelu 50m2, salon fryzjerski, piekarnia, apteka, kwiaciarnia, gabinet lekarski, biuro, restauracja 50m2, Klimatyzacja HAIER Flexis Plus White Matt, Na\u015bcienny, Ma\u0142e biuro 50m2, Ma\u0142e mieszkanie 50m2","breadcrumb":{"@id":"https:\/\/www.fabrykachlodu.pl\/sklep\/produkt\/flexis-plus-white-matt-jednostka-wew-as50s2sf1fa-cw\/#breadcrumb"},"inLanguage":"pl-PL","potentialAction":[{"@type":"ReadAction","target":["https:\/\/www.fabrykachlodu.pl\/sklep\/produkt\/flexis-plus-white-matt-jednostka-wew-as50s2sf1fa-cw\/"]}]},{"@type":"BreadcrumbList","@id":"https:\/\/www.fabrykachlodu.pl\/sklep\/produkt\/flexis-plus-white-matt-jednostka-wew-as50s2sf1fa-cw\/#breadcrumb","itemListElement":[{"@type":"ListItem","position":1,"name":"Strona g\u0142\u00f3wna","item":"https:\/\/www.fabrykachlodu.pl\/sklep\/"},{"@type":"ListItem","position":2,"name":"Szukasz klimatzyacji biurowej sklepowej lub do mieszkania?","item":"https:\/\/www.fabrykachlodu.pl\/sklep\/"},{"@type":"ListItem","position":3,"name":"HAIER","item":"https:\/\/www.fabrykachlodu.pl\/sklep\/product-category\/haier\/"},{"@type":"ListItem","position":4,"name":"Na\u015bcienny","item":"https:\/\/www.fabrykachlodu.pl\/sklep\/product-category\/haier\/nascienny-haier\/"},{"@type":"ListItem","position":5,"name":"FLEXIS","item":"https:\/\/www.fabrykachlodu.pl\/sklep\/product-category\/haier\/nascienny-haier\/flexis\/"},{"@type":"ListItem","position":6,"name":"\u00b0FC Haier Flexis Plus White Matt Zestaw AS50S2SF1FA-CW\/1U50S2SJ2FA klimatyzacja HAIER o mocy 5.2kW, A++, do 50m2, 6 pomieszcze\u0144","item":"https:\/\/www.fabrykachlodu.pl\/sklep\/produkt\/flexis-plus-white-matt-zestaw-as50s2sf1fa-cw-1u50s2sj2fa-klimatyzacja-haier-o-mocy-5-2kw-a-do-50m2-6-pomieszczen\/"},{"@type":"ListItem","position":7,"name":"\u00b0FC Haier Flexis Plus White Matt Jednostka wew. AS50S2SF1FA-CW"}]},{"@type":"WebSite","@id":"https:\/\/www.fabrykachlodu.pl\/sklep\/#website","url":"https:\/\/www.fabrykachlodu.pl\/sklep\/","name":"\u00b0FC Sklep Internetowy monta\u017c klimatyzacji pomp ciep\u0142a","description":"\u00b0FC monta\u017c klimatyzacji pomp ciep\u0142a z nami to szybki i tani wyb\u00f3r.  Us\u0142ugi monta\u017cowe i serwisowe W Warszawie i okolicach..","potentialAction":[{"@type":"SearchAction","target":{"@type":"EntryPoint","urlTemplate":"https:\/\/www.fabrykachlodu.pl\/sklep\/?s={search_term_string}"},"query-input":"required name=search_term_string"}],"inLanguage":"pl-PL"}]}},"_links":{"self":[{"href":"https:\/\/www.fabrykachlodu.pl\/sklep\/wp-json\/wp\/v2\/product\/53198"}],"collection":[{"href":"https:\/\/www.fabrykachlodu.pl\/sklep\/wp-json\/wp\/v2\/product"}],"about":[{"href":"https:\/\/www.fabrykachlodu.pl\/sklep\/wp-json\/wp\/v2\/types\/product"}],"wp:featuredmedia":[{"embeddable":true,"href":"https:\/\/www.fabrykachlodu.pl\/sklep\/wp-json\/wp\/v2\/media\/52408"}],"wp:attachment":[{"href":"https:\/\/www.fabrykachlodu.pl\/sklep\/wp-json\/wp\/v2\/media?parent=53198"}],"wp:term":[{"taxonomy":"product_cat","embeddable":true,"href":"https:\/\/www.fabrykachlodu.pl\/sklep\/wp-json\/wp\/v2\/product_cat?post=53198"},{"taxonomy":"product_tag","embeddable":true,"href":"https:\/\/www.fabrykachlodu.pl\/sklep\/wp-json\/wp\/v2\/product_tag?post=53198"}],"curies":[{"name":"wp","href":"https:\/\/api.w.org\/{rel}","templated":true}]}}