{"id":53261,"date":"2020-01-22T11:08:32","date_gmt":"2020-01-22T10:08:32","guid":{"rendered":"http:\/\/www.fabrykachlodu.pl\/sklep\/produkt\/import-placeholder-for-1u25beffra\/"},"modified":"2022-06-30T18:06:29","modified_gmt":"2022-06-30T16:06:29","slug":"tundra-green-jednostka-zew-1u25beffra","status":"publish","type":"product","link":"https:\/\/www.fabrykachlodu.pl\/sklep\/produkt\/tundra-green-jednostka-zew-1u25beffra\/","title":{"rendered":"\u00b0FC Haier Tundra Green Jednostka zew. 1U25BEFFRA"},"content":{"rendered":"<h2>Zam\u00f3wienie dotyczy: Kompresor, Agregat, Jednostka zew. 1U25BEFFRA HAIER Tundra Green R32<\/h2>\n<p><h3><strong>W jednym miejscu poznasz:<\/strong><\/h3>\n<p>Informacje odno\u015bnie klimatyzacji HAIER<br \/>\nPoznasz najwa\u017cniejsze funkcje<br \/>\nPor\u00f3wnasz produkty<br \/>\nPoznasz parametry techniczne<br \/>\nPoznasz cen\u0119 i zrealizujesz zam\u00f3wienie<br \/>\n<strong><\/p>\n<h3>Zamawiaj\u0105c produkt u nas:<\/strong><\/h3>\n<p>Otrzymasz produkt<br \/>\nJednostk\u0119 wewn\u0119trzna<br \/>\nJednostk\u0119 zewn\u0119trzna<br \/>\nSterowanie<br \/>\n<strong><\/p>\n<h3>Zlecaj\u0105c nam monta\u017c otrzymasz:<\/strong><\/h3>\n<p>Rabat na produkty HAIER<br \/>\nKompletne pod\u0142\u0105czenie elektryczne oraz hydrauliczne<br \/>\nGwarancje<br \/>\nSerwis<\/p>\n<p>Szukaj\u0105c informacji odno\u015bnie opcji klimatyzacji w warto zapozna\u0107 si\u0119 z technologi\u0105 inwerterow\u0105, kt\u00f3ra zapewnia utrzymanie komfortowej temperatury bez konieczno\u015bci ci\u0105g\u0142ego w\u0142\u0105czania i wy\u0142\u0105czania spr\u0119\u017carki. Klienci ko\u0144cowi maj\u0105 do czynienia z wieloma negatywnymi informacjami w Internecie odno\u015bnie wysokich rachunk\u00f3w za pr\u0105d, jednak ten problem w sumie nie istnieje bo technologia inwertera pozwala uzyska\u0107 maksymaln\u0105 energooszcz\u0119dno\u015b\u0107. Nasi Klienci oczekuj\u0105 niskiego poziomu ha\u0142asu klimatyzatora (wewn\u0105trz\/na zewn\u0105trz). Ciesz si\u0119 niezwyk\u0142\u0105 cisz\u0105 [najni\u017cej do 15dB(A)] dzi\u0119ki zoptymalizowanemu systemowi strumienia powietrza. To g\u0142\u00f3wna zaleta Tundra firmy HAIER. Jest to model, z kt\u00f3rego b\u0119dziesz zadowolony i polecisz fo znajomym. Jest to \u0142atwy w u\u017cyciu klimatyzator, oferuje czyst\u0105 instalacj\u0119 bez wi\u0119kszych zak\u0142\u00f3ce\u0144 w domu (wiercenie otwor\u00f3w itp.).<div class=\"su-service\"><div class=\"su-service-title\" style=\"padding-left:52px;min-height:38px;line-height:38px\"><i class=\"sui sui-check-circle\" style=\"font-size:38px;color:#22a0ed\"><\/i> Wskaz\u00f3wka naszego eksperta<\/div><div class=\"su-service-content su-u-clearfix su-u-trim\" style=\"padding-left:52px\">Temperatura mo\u017ce by\u0107 automatycznie dostosowana do energooszcz\u0119dnego dzia\u0142ania w zale\u017cno\u015bci od liczby os\u00f3b. Ten produkt sprawdzi si\u0119 ka\u017cdym ma\u0142ym lokalu np. ma\u0142y salon fryzjerski, piekarnia, rze\u017anik, apteka, stoisko, kiosk\/magazyn sklep, kwiaciarnia, ma\u0142e gabinety lekarskie, ma\u0142e biura, ma\u0142e biura (cz\u0119sto zintegrowane w domu).<\/div><\/div>\n<h2><strong>Zapraszamy do por\u00f3wnania zalet i wad klimatyzacji HAIER<\/strong><\/h2>\n<p><strong>Jakie s\u0105 zalety takiego systemu?<\/strong><br \/><div class=\"su-service\"><div class=\"su-service-title\" style=\"padding-left:52px;min-height:38px;line-height:38px\"><i class=\"sui sui-check-circle\" style=\"font-size:38px;color:#22a0ed\"><\/i> Wskaz\u00f3wka naszego eksperta<\/div><div class=\"su-service-content su-u-clearfix su-u-trim\" style=\"padding-left:52px\">Kiedy klimatyzacja jest uszkodzona to dotrzesz do obs\u0142ugi i serwisu m\u00f3wi\u0105cego po polsku oferowanego przez Fabryk\u0119 Ch\u0142odu. Kupuj\u0105c na platformach online lub w markecie &#8211; stracisz wiele czasu na samo zg\u0142oszenie problemu, nast\u0119pnie czekaj\u0105c tygodnie na jego rozwi\u0105zanie. Wielu dystrybutor\u00f3w znika z rynku po sprzedaniu kilku kontener\u00f3w sprowadzonych z chin. W tym przypadku brak cz\u0119\u015bci zamiennych zmusza do wymiany zestawu.<\/div><\/div><strong>Jakie s\u0105 wady tego klimatyzatora?<\/strong><br \/><div class=\"su-service\"><div class=\"su-service-title\" style=\"padding-left:52px;min-height:38px;line-height:38px\"><i class=\"sui sui-check-circle\" style=\"font-size:38px;color:#22a0ed\"><\/i> Wskaz\u00f3wka naszego eksperta<\/div><div class=\"su-service-content su-u-clearfix su-u-trim\" style=\"padding-left:52px\">Monta\u017c klimatyzacji z pozoru \u0142atwy, wymaga wiedzy z zakresu hydrauliki, elektryki oraz posiada\u0107 odpowiednie narz\u0119dzia i kwalifikacje do sprawdzenia ci\u015bnienia. Klimatyzatory oferowane w sklepie \u00b0FC musz\u0105 by\u0107 instalowane przez wykwalifikowanego in\u017cyniera posiadaj\u0105cego uprawnienia F-Gas. Mo\u017cemy zainstalowa\u0107 urz\u0105dzenie dla Ciebie za pomoc\u0105 naszych in\u017cynier\u00f3w posiadaj\u0105cych certyfikat F-Gas. Uwaga, je\u015bli nie wybierzesz naszej us\u0142ugi instalacyjnej, nie wy\u015blemy urz\u0105dzenia, dop\u00f3ki nie uzyskamy od ciebie dowodu, \u017ce urz\u0105dzenie zostanie zainstalowane przez wykwalifikowanego in\u017cyniera posiadaj\u0105cego uprawnienia F-Gas.W Fabryce Ch\u0142odu znajdziesz produkty na kt\u00f3rych mo\u017cesz polega\u0107. Sam personel zawsze jest dost\u0119pny aby dzia\u0142a\u0107 dla Ciebie.Decyzja odno\u015bnie jakie marki reprezentujemy jest dokonywana na podstawie ceny\/jako\u015bci i dobrej obs\u0142ugi i wsparcia przez g\u0142\u00f3wnego dystrybutora. . Sam personel zawsze jest dost\u0119pny aby dzia\u0142a\u0107 dla Ciebie.<br \/>\nDecyzja odno\u015bnie jakie marki reprezentujemy jest dokonywana na podstawie ceny\/jako\u015bci i dobrej obs\u0142ugi i wsparcia przez g\u0142\u00f3wnego dystrybutora. <\/div><\/div>\n<div class=\"hr-thin\"><\/div>\n<div class=\"su-service\"><div class=\"su-service-title\" style=\"padding-left:52px;min-height:38px;line-height:38px\"><i class=\"sui sui-hand-o-right\" style=\"font-size:38px;color:#22a0ed\"><\/i> Podsumowuj\u0105c<\/div><div class=\"su-service-content su-u-clearfix su-u-trim\" style=\"padding-left:52px\">Je\u015bli chcesz mie\u0107 klimatyzacj\u0119 w jednym pomieszczeniu to ten produkt jest dla Ciebie. Instalacja RAC jest prosta i wymaga niewielkiego wysi\u0142ku. Je\u015bli w kilku pomieszczeniach to wybierz system MULTI SPLIT. Oba rozwi\u0105zania s\u0105 dobrej jako\u015bci i ekologiczne. Rozwi\u0105zanie jednego pomieszczenia jest ta\u0144sze w zakupie i monta\u017cu. Cz\u0119\u015bci do produkt\u00f3w HAIER posiadamy na stanie.<br \/><\/div><\/div>\n<p>PARAMETRY TECHNICZNE<\/p>\n<div class=\"su-tabs su-tabs-style-default su-tabs-mobile-stack\" data-active=\"1\" data-scroll-offset=\"0\" data-anchor-in-url=\"no\"><div class=\"su-tabs-nav\"><span class=\"\" data-url=\"\" data-target=\"blank\" tabindex=\"0\" role=\"button\">Jednostka Wew\u0119trzna<\/span><span class=\"\" data-url=\"\" data-target=\"blank\" tabindex=\"0\" role=\"button\">Jed. Zewn\u0119trzne<\/span><span class=\"\" data-url=\"\" data-target=\"blank\" tabindex=\"0\" role=\"button\">Tabela korzysci<\/span><span class=\"\" data-url=\"\" data-target=\"blank\" tabindex=\"0\" role=\"button\">Por\u00f3wnanie modeli<\/span><span class=\"\" data-url=\"\" data-target=\"blank\" tabindex=\"0\" role=\"button\">Monta\u017c<\/span><span class=\"\" data-url=\"\" data-target=\"blank\" tabindex=\"0\" role=\"button\">Przepisy F-GAZ<\/span><\/div><div class=\"su-tabs-panes\"><div class=\"su-tabs-pane su-u-clearfix su-u-trim\" data-title=\"Jednostka Wew\u0119trzna\"><div class=\"su-document su-u-responsive-media-yes\"><iframe src=\"\/\/docs.google.com\/viewer?embedded=true&url=https:\/\/www.fabrykachlodu.pl\/sklep\/wp-content\/uploads\/2020\/01\/HAIER.TUNDRA.Plus_.klimatyzator.pdf\" width=\"600\" height=\"400\" class=\"su-document\" title=\"\"><\/iframe><\/div><\/div>\n<div class=\"su-tabs-pane su-u-clearfix su-u-trim\" data-title=\"Jed. Zewn\u0119trzne\"><div class=\"su-document su-u-responsive-media-yes\"><iframe src=\"\/\/docs.google.com\/viewer?embedded=true&url=https:\/\/www.fabrykachlodu.pl\/sklep\/wp-content\/uploads\/2020\/01\/Jednostki.Zewnetrzne.klimatyzacja.HAIER_.pdf\" width=\"600\" height=\"400\" class=\"su-document\" title=\"\"><\/iframe><\/div><\/div>\n<div class=\"su-tabs-pane su-u-clearfix su-u-trim\" data-title=\"Tabela korzysci\"><div class=\"su-document su-u-responsive-media-yes\"><iframe src=\"\/\/docs.google.com\/viewer?embedded=true&url=https:\/\/www.fabrykachlodu.pl\/sklep\/wp-content\/uploads\/2020\/01\/Tabela.korzysci.klimatyzacji.HAIER_.-SPLITR32.pdf\" width=\"600\" height=\"400\" class=\"su-document\" title=\"\"><\/iframe><\/div><\/div>\n<div class=\"su-tabs-pane su-u-clearfix su-u-trim\" data-title=\"Por\u00f3wnanie modeli\"><div class=\"su-document su-u-responsive-media-yes\"><iframe src=\"\/\/docs.google.com\/viewer?embedded=true&url=https:\/\/www.fabrykachlodu.pl\/sklep\/wp-content\/uploads\/2020\/01\/Porownanie_modeli_klimatyzatorow.HAIER_R32_Split.pdf\" width=\"600\" height=\"400\" class=\"su-document\" title=\"\"><\/iframe><\/div><\/div>\n<div class=\"su-tabs-pane su-u-clearfix su-u-trim\" data-title=\"Monta\u017c\"><div class=\"su-document su-u-responsive-media-yes\"><iframe src=\"\/\/docs.google.com\/viewer?embedded=true&url=https:\/\/www.fabrykachlodu.pl\/sklep\/wp-content\/uploads\/2020\/01\/Montaz.klimatyzacji.HAIER_.pdf\" width=\"600\" height=\"400\" class=\"su-document\" title=\"\"><\/iframe><\/div><\/div>\n<div class=\"su-tabs-pane su-u-clearfix su-u-trim\" data-title=\"Przepisy F-GAZ\"><div class=\"su-document su-u-responsive-media-yes\"><iframe src=\"\/\/docs.google.com\/viewer?embedded=true&url=https:\/\/www.fabrykachlodu.pl\/sklep\/wp-content\/uploads\/2020\/01\/Nowe-przepisy-F-Gaz-od-2015-roku.pdf\" width=\"600\" height=\"400\" class=\"su-document\" title=\"\"><\/iframe><\/div><\/div><\/div><\/div>\n<p>Dokumenty si\u0119 nie wy\u015bwietlaj\u0105? <input type=\"button\" value=\"Od\u015bwie\u017c stron\u0119\" onclick=\"location.reload();\"><br \/><div class=\"su-note\"  style=\"border-color:#e5e5e5;border-radius:3px;-moz-border-radius:3px;-webkit-border-radius:3px;\"><div class=\"su-note-inner su-u-clearfix su-u-trim\" style=\"background-color:#ffffff;border-color:#ffffff;color:#afafaf;border-radius:3px;-moz-border-radius:3px;-webkit-border-radius:3px;\">\u015awiadomo\u015b\u0107 \u015brodowiskowa jest po stronie producenta &#8211; HAIER spe\u0142nia rygorystyczne warunki np. Czynnik R32. Dla ciebie powinno mie\u0107 znaczenie korzy\u015b\u0107 w\u0142asna komfort\/pracownika\/klient\u00f3w.<\/div><\/div>\n","protected":false},"excerpt":{"rendered":"<p><span style=\"color: #000000;\"><strong>Najwa\u017cniejsze zalety<\/strong><\/span> [dt_list style=\"1\" bullet_position=\"middle\" dividers=\"true\"] [dt_list_item image=\"\"]Technologia inwerterowa[\/dt_list_item] [dt_list_item image=\"\"]Wydajny silnik pr\u0105du sta\u0142ego DC[\/dt_list_item] [dt_list_item image=\"\"]Niski poziom ha\u0142asu podnosz\u0105c komfort u\u017cytkowania[\/dt_list_item] [dt_list_item image=\"\"]Pob\u00f3r pr\u0105du na czuwaniu obni\u017cono z 8W do 1W[\/dt_list_item] [\/dt_list]<\/p>\n","protected":false},"featured_media":52478,"template":"","meta":[],"product_cat":[2420,189],"product_tag":[4945,2281,4944,4942,4943],"yoast_head":"<!-- This site is optimized with the Yoast SEO plugin v22.1 - https:\/\/yoast.com\/wordpress\/plugins\/seo\/ -->\n<title>\u00b0FC Haier Tundra Green Jednostka zew. 1U25BEFFRA<\/title>\n<meta name=\"description\" content=\"Kompresor, Agregat, Jednostka zew. 1U25BEFFRA HAIER Tundra Green R32, do biura 30m2, sklepu 30m2, hotelu 30m2, salon fryzjerski, piekarnia, apteka, kwiaciarnia, gabinet lekarski, biuro, restauracja 30m2, Klimatyzacja HAIER Tundra Green, Na\u015bcienny, Ma\u0142e biuro 30m2, Ma\u0142e mieszkanie 30m2\" \/>\n<meta name=\"robots\" content=\"index, follow, max-snippet:-1, max-image-preview:large, max-video-preview:-1\" \/>\n<link rel=\"canonical\" href=\"https:\/\/www.fabrykachlodu.pl\/sklep\/produkt\/tundra-green-jednostka-zew-1u25beffra\/\" \/>\n<meta name=\"twitter:label1\" content=\"Szacowany czas czytania\" \/>\n\t<meta name=\"twitter:data1\" content=\"4 minuty\" \/>\n<script type=\"application\/ld+json\" class=\"yoast-schema-graph\">{\"@context\":\"https:\/\/schema.org\",\"@graph\":[{\"@type\":\"WebPage\",\"@id\":\"https:\/\/www.fabrykachlodu.pl\/sklep\/produkt\/tundra-green-jednostka-zew-1u25beffra\/\",\"url\":\"https:\/\/www.fabrykachlodu.pl\/sklep\/produkt\/tundra-green-jednostka-zew-1u25beffra\/\",\"name\":\"\u00b0FC Haier Tundra Green Jednostka zew. 1U25BEFFRA\",\"isPartOf\":{\"@id\":\"https:\/\/www.fabrykachlodu.pl\/sklep\/#website\"},\"datePublished\":\"2020-01-22T10:08:32+00:00\",\"dateModified\":\"2022-06-30T16:06:29+00:00\",\"description\":\"Kompresor, Agregat, Jednostka zew. 1U25BEFFRA HAIER Tundra Green R32, do biura 30m2, sklepu 30m2, hotelu 30m2, salon fryzjerski, piekarnia, apteka, kwiaciarnia, gabinet lekarski, biuro, restauracja 30m2, Klimatyzacja HAIER Tundra Green, Na\u015bcienny, Ma\u0142e biuro 30m2, Ma\u0142e mieszkanie 30m2\",\"breadcrumb\":{\"@id\":\"https:\/\/www.fabrykachlodu.pl\/sklep\/produkt\/tundra-green-jednostka-zew-1u25beffra\/#breadcrumb\"},\"inLanguage\":\"pl-PL\",\"potentialAction\":[{\"@type\":\"ReadAction\",\"target\":[\"https:\/\/www.fabrykachlodu.pl\/sklep\/produkt\/tundra-green-jednostka-zew-1u25beffra\/\"]}]},{\"@type\":\"BreadcrumbList\",\"@id\":\"https:\/\/www.fabrykachlodu.pl\/sklep\/produkt\/tundra-green-jednostka-zew-1u25beffra\/#breadcrumb\",\"itemListElement\":[{\"@type\":\"ListItem\",\"position\":1,\"name\":\"Strona g\u0142\u00f3wna\",\"item\":\"https:\/\/www.fabrykachlodu.pl\/sklep\/\"},{\"@type\":\"ListItem\",\"position\":2,\"name\":\"Szukasz klimatzyacji biurowej sklepowej lub do mieszkania?\",\"item\":\"https:\/\/www.fabrykachlodu.pl\/sklep\/\"},{\"@type\":\"ListItem\",\"position\":3,\"name\":\"HAIER\",\"item\":\"https:\/\/www.fabrykachlodu.pl\/sklep\/product-category\/haier\/\"},{\"@type\":\"ListItem\",\"position\":4,\"name\":\"Na\u015bcienny\",\"item\":\"https:\/\/www.fabrykachlodu.pl\/sklep\/product-category\/haier\/nascienny-haier\/\"},{\"@type\":\"ListItem\",\"position\":5,\"name\":\"TUNDRA GREEN\",\"item\":\"https:\/\/www.fabrykachlodu.pl\/sklep\/product-category\/haier\/nascienny-haier\/tundra-green\/\"},{\"@type\":\"ListItem\",\"position\":6,\"name\":\"\u00b0FC Haier Tundra Green Zestaw AS25TABHRA\/1U25BEFFRA klimatyzacja HAIER o mocy 2.6kW, A++, do 30m2, 3 pomieszcze\u0144\",\"item\":\"https:\/\/www.fabrykachlodu.pl\/sklep\/produkt\/tundra-green-zestaw-as25tabhra-1u25beffra-klimatyzacja-haier-o-mocy-2-6kw-a-do-30m2-3-pomieszczen\/\"},{\"@type\":\"ListItem\",\"position\":7,\"name\":\"\u00b0FC Haier Tundra Green Jednostka zew. 1U25BEFFRA\"}]},{\"@type\":\"WebSite\",\"@id\":\"https:\/\/www.fabrykachlodu.pl\/sklep\/#website\",\"url\":\"https:\/\/www.fabrykachlodu.pl\/sklep\/\",\"name\":\"\u00b0FC Sklep Internetowy monta\u017c klimatyzacji pomp ciep\u0142a\",\"description\":\"\u00b0FC monta\u017c klimatyzacji pomp ciep\u0142a z nami to szybki i tani wyb\u00f3r.  Us\u0142ugi monta\u017cowe i serwisowe W Warszawie i okolicach..\",\"potentialAction\":[{\"@type\":\"SearchAction\",\"target\":{\"@type\":\"EntryPoint\",\"urlTemplate\":\"https:\/\/www.fabrykachlodu.pl\/sklep\/?s={search_term_string}\"},\"query-input\":\"required name=search_term_string\"}],\"inLanguage\":\"pl-PL\"}]}<\/script>\n<!-- \/ Yoast SEO plugin. -->","yoast_head_json":{"title":"\u00b0FC Haier Tundra Green Jednostka zew. 1U25BEFFRA","description":"Kompresor, Agregat, Jednostka zew. 1U25BEFFRA HAIER Tundra Green R32, do biura 30m2, sklepu 30m2, hotelu 30m2, salon fryzjerski, piekarnia, apteka, kwiaciarnia, gabinet lekarski, biuro, restauracja 30m2, Klimatyzacja HAIER Tundra Green, Na\u015bcienny, Ma\u0142e biuro 30m2, Ma\u0142e mieszkanie 30m2","robots":{"index":"index","follow":"follow","max-snippet":"max-snippet:-1","max-image-preview":"max-image-preview:large","max-video-preview":"max-video-preview:-1"},"canonical":"https:\/\/www.fabrykachlodu.pl\/sklep\/produkt\/tundra-green-jednostka-zew-1u25beffra\/","twitter_misc":{"Szacowany czas czytania":"4 minuty"},"schema":{"@context":"https:\/\/schema.org","@graph":[{"@type":"WebPage","@id":"https:\/\/www.fabrykachlodu.pl\/sklep\/produkt\/tundra-green-jednostka-zew-1u25beffra\/","url":"https:\/\/www.fabrykachlodu.pl\/sklep\/produkt\/tundra-green-jednostka-zew-1u25beffra\/","name":"\u00b0FC Haier Tundra Green Jednostka zew. 1U25BEFFRA","isPartOf":{"@id":"https:\/\/www.fabrykachlodu.pl\/sklep\/#website"},"datePublished":"2020-01-22T10:08:32+00:00","dateModified":"2022-06-30T16:06:29+00:00","description":"Kompresor, Agregat, Jednostka zew. 1U25BEFFRA HAIER Tundra Green R32, do biura 30m2, sklepu 30m2, hotelu 30m2, salon fryzjerski, piekarnia, apteka, kwiaciarnia, gabinet lekarski, biuro, restauracja 30m2, Klimatyzacja HAIER Tundra Green, Na\u015bcienny, Ma\u0142e biuro 30m2, Ma\u0142e mieszkanie 30m2","breadcrumb":{"@id":"https:\/\/www.fabrykachlodu.pl\/sklep\/produkt\/tundra-green-jednostka-zew-1u25beffra\/#breadcrumb"},"inLanguage":"pl-PL","potentialAction":[{"@type":"ReadAction","target":["https:\/\/www.fabrykachlodu.pl\/sklep\/produkt\/tundra-green-jednostka-zew-1u25beffra\/"]}]},{"@type":"BreadcrumbList","@id":"https:\/\/www.fabrykachlodu.pl\/sklep\/produkt\/tundra-green-jednostka-zew-1u25beffra\/#breadcrumb","itemListElement":[{"@type":"ListItem","position":1,"name":"Strona g\u0142\u00f3wna","item":"https:\/\/www.fabrykachlodu.pl\/sklep\/"},{"@type":"ListItem","position":2,"name":"Szukasz klimatzyacji biurowej sklepowej lub do mieszkania?","item":"https:\/\/www.fabrykachlodu.pl\/sklep\/"},{"@type":"ListItem","position":3,"name":"HAIER","item":"https:\/\/www.fabrykachlodu.pl\/sklep\/product-category\/haier\/"},{"@type":"ListItem","position":4,"name":"Na\u015bcienny","item":"https:\/\/www.fabrykachlodu.pl\/sklep\/product-category\/haier\/nascienny-haier\/"},{"@type":"ListItem","position":5,"name":"TUNDRA GREEN","item":"https:\/\/www.fabrykachlodu.pl\/sklep\/product-category\/haier\/nascienny-haier\/tundra-green\/"},{"@type":"ListItem","position":6,"name":"\u00b0FC Haier Tundra Green Zestaw AS25TABHRA\/1U25BEFFRA klimatyzacja HAIER o mocy 2.6kW, A++, do 30m2, 3 pomieszcze\u0144","item":"https:\/\/www.fabrykachlodu.pl\/sklep\/produkt\/tundra-green-zestaw-as25tabhra-1u25beffra-klimatyzacja-haier-o-mocy-2-6kw-a-do-30m2-3-pomieszczen\/"},{"@type":"ListItem","position":7,"name":"\u00b0FC Haier Tundra Green Jednostka zew. 1U25BEFFRA"}]},{"@type":"WebSite","@id":"https:\/\/www.fabrykachlodu.pl\/sklep\/#website","url":"https:\/\/www.fabrykachlodu.pl\/sklep\/","name":"\u00b0FC Sklep Internetowy monta\u017c klimatyzacji pomp ciep\u0142a","description":"\u00b0FC monta\u017c klimatyzacji pomp ciep\u0142a z nami to szybki i tani wyb\u00f3r.  Us\u0142ugi monta\u017cowe i serwisowe W Warszawie i okolicach..","potentialAction":[{"@type":"SearchAction","target":{"@type":"EntryPoint","urlTemplate":"https:\/\/www.fabrykachlodu.pl\/sklep\/?s={search_term_string}"},"query-input":"required name=search_term_string"}],"inLanguage":"pl-PL"}]}},"_links":{"self":[{"href":"https:\/\/www.fabrykachlodu.pl\/sklep\/wp-json\/wp\/v2\/product\/53261"}],"collection":[{"href":"https:\/\/www.fabrykachlodu.pl\/sklep\/wp-json\/wp\/v2\/product"}],"about":[{"href":"https:\/\/www.fabrykachlodu.pl\/sklep\/wp-json\/wp\/v2\/types\/product"}],"wp:featuredmedia":[{"embeddable":true,"href":"https:\/\/www.fabrykachlodu.pl\/sklep\/wp-json\/wp\/v2\/media\/52478"}],"wp:attachment":[{"href":"https:\/\/www.fabrykachlodu.pl\/sklep\/wp-json\/wp\/v2\/media?parent=53261"}],"wp:term":[{"taxonomy":"product_cat","embeddable":true,"href":"https:\/\/www.fabrykachlodu.pl\/sklep\/wp-json\/wp\/v2\/product_cat?post=53261"},{"taxonomy":"product_tag","embeddable":true,"href":"https:\/\/www.fabrykachlodu.pl\/sklep\/wp-json\/wp\/v2\/product_tag?post=53261"}],"curies":[{"name":"wp","href":"https:\/\/api.w.org\/{rel}","templated":true}]}}