{"id":53266,"date":"2020-01-22T11:08:33","date_gmt":"2020-01-22T10:08:33","guid":{"rendered":"http:\/\/www.fabrykachlodu.pl\/sklep\/produkt\/import-placeholder-for-as50tdbhra-1u50jeffra\/"},"modified":"2022-06-30T18:06:26","modified_gmt":"2022-06-30T16:06:26","slug":"tundra-green-zestaw-as50tdbhra-1u50jeffra-klimatyzacja-haier-o-mocy-5-2kw-a-do-55m2-6-pomieszczen","status":"publish","type":"product","link":"https:\/\/www.fabrykachlodu.pl\/sklep\/produkt\/tundra-green-zestaw-as50tdbhra-1u50jeffra-klimatyzacja-haier-o-mocy-5-2kw-a-do-55m2-6-pomieszczen\/","title":{"rendered":"\u00b0FC Haier Tundra Green Zestaw AS50TDBHRA\/1U50JEFFRA  klimatyzacja HAIER o mocy 5.2kW, A++, do 55m2, 6 pomieszcze\u0144"},"content":{"rendered":"<h2>Zam\u00f3wienie dotyczy: Zestaw AS50TDBHRA\/1U50JEFFRA  klimatyzacja HAIER o mocy 5.2kW, A++, do 55m2, 6 pomieszcze\u0144 HAIER Tundra Green 3 pomieszczenia, 4 pomieszczenia 55m2 A++ R32 kW 5.2<\/h2>\n<p><h3><strong>W jednym miejscu poznasz:<\/strong><\/h3>\n<p>Informacje odno\u015bnie klimatyzacji HAIER<br \/>\nPoznasz najwa\u017cniejsze funkcje<br \/>\nPor\u00f3wnasz produkty<br \/>\nPoznasz parametry techniczne<br \/>\nPoznasz cen\u0119 i zrealizujesz zam\u00f3wienie<br \/>\n<strong><\/p>\n<h3>Zamawiaj\u0105c produkt u nas:<\/strong><\/h3>\n<p>Otrzymasz produkt<br \/>\nJednostk\u0119 wewn\u0119trzna<br \/>\nJednostk\u0119 zewn\u0119trzna<br \/>\nSterowanie<br \/>\n<strong><\/p>\n<h3>Zlecaj\u0105c nam monta\u017c otrzymasz:<\/strong><\/h3>\n<p>Rabat na produkty HAIER<br \/>\nKompletne pod\u0142\u0105czenie elektryczne oraz hydrauliczne<br \/>\nGwarancje<br \/>\nSerwis<\/p>\n<p>Nie chcesz zajmowa\u0107 si\u0119 szczeg\u00f3\u0142ami technicznymi? Czujnik ruchu dzieli pomieszczenie na 6 sekcji, wykrywaj\u0105c liczb\u0119, lokalizacj\u0119 i ruchy ludzi inteligentnie kontroluj\u0105c temperatur\u0119 i przep\u0142yw powietrza. Klimatyzacja powinna by\u0107 idealnie autom. W\u0142.\/wy\u0142., gdy nie ma nikogo w pomieszczeniu.<br \/>\nU\u017cytkownicy mog\u0105 dostosowa\u0107 czujniki aby strumie\u0144 powietrza pod\u0105\u017ca\u0142 za ich ruchami, b\u0105d\u017a ich unika\u0142. Poza tym czujnik \u015bwiat\u0142a wykrywa zmiany nat\u0119\u017cenia \u015bwiat\u0142a s\u0142onecznego w pomieszczeniu i automatycznie przechodzi w tryb u\u015bpienia. Temperatura mo\u017ce by\u0107 automatycznie dostosowana do energooszcz\u0119dnego dzia\u0142ania w zale\u017cno\u015bci od liczby os\u00f3b. Ten produkt sprawdzi si\u0119 ka\u017cdym ma\u0142ym lokalu np. ma\u0142y salon fryzjerski, piekarnia, rze\u017anik, apteka, stoisko, kiosk\/magazyn sklep, kwiaciarnia, ma\u0142e gabinety lekarskie, ma\u0142e biura, ma\u0142e biura (cz\u0119sto zintegrowane w domu). Sama technologia jest zaawansowana bo funkcja Self Clean za pomoc\u0105 wilgotnego powietrza zamra\u017ca powierzchni\u0119 parownika i usuwa zanieczyszczenia przy rozmra\u017caniu. Zanieczyszczenia gromadz\u0105ce si\u0119 na parowniku podczas pracy klimatyzatora u\u0142atwiaj\u0105 rozw\u00f3j bakterii i wp\u0142ywaj\u0105<br \/>\nna jako\u015b\u0107 powietrza. Zar\u00f3wno jednostka wewn\u0119trzna i jednostka zewn\u0119trzna oferuj\u0105 funkcj\u0119 Self Clean.<br \/>\n<div class=\"su-service\"><div class=\"su-service-title\" style=\"padding-left:52px;min-height:38px;line-height:38px\"><i class=\"sui sui-check-circle\" style=\"font-size:38px;color:#22a0ed\"><\/i> Wskaz\u00f3wka naszego eksperta<\/div><div class=\"su-service-content su-u-clearfix su-u-trim\" style=\"padding-left:52px\">Je\u015bli klimatyzator montowany jest na poddaszu, to zak\u0142ada si\u0119 \u017ce powietrze zawiera wi\u0119cej zanieczyszcze\u0144. Poniewa\u017c jest bardzo tam bardzo gor\u0105co to zanieczyszczenia przedostaj\u0105 si\u0119 do tych pomieszcze\u0144 znacznie szybciej. Teraz, zaawansowana siatka filtruj\u0105ca zapewnia wi\u0119ksz\u0105 zdolno\u015b\u0107<br \/>\nusuwania zanieczyszcze\u0144 w powietrzu. Sk\u0142ada si\u0119 z 6816 otwor\u00f3w do poch\u0142aniania py\u0142u. W\u0142\u0105czona funkcja oczyszczania generuje elektryczno\u015b\u0107 statyczn\u0105 adsorbuj\u0105 kurz w powietrzu. Klimatyzator skutecznie oczy\u015bci powietrze po zwierz\u0119tach w gospodarstwie domowym.<\/div><\/div>\n<h2><strong>Zapraszamy do por\u00f3wnania zalet i wad klimatyzacji HAIER<\/strong><\/h2>\n<p><strong>Jakie s\u0105 zalety takiego systemu?<\/strong><br \/><div class=\"su-service\"><div class=\"su-service-title\" style=\"padding-left:52px;min-height:38px;line-height:38px\"><i class=\"sui sui-check-circle\" style=\"font-size:38px;color:#22a0ed\"><\/i> Wskaz\u00f3wka naszego eksperta<\/div><div class=\"su-service-content su-u-clearfix su-u-trim\" style=\"padding-left:52px\">Kiedy klimatyzacja jest uszkodzona to dotrzesz do obs\u0142ugi i serwisu m\u00f3wi\u0105cego po polsku oferowanego przez Fabryk\u0119 Ch\u0142odu. Kupuj\u0105c na platformach online lub w markecie &#8211; stracisz wiele czasu na samo zg\u0142oszenie problemu, nast\u0119pnie czekaj\u0105c tygodnie na jego rozwi\u0105zanie. Wielu dystrybutor\u00f3w znika z rynku po sprzedaniu kilku kontener\u00f3w sprowadzonych z chin. W tym przypadku brak cz\u0119\u015bci zamiennych zmusza do wymiany zestawu.<\/div><\/div><strong>Jakie s\u0105 wady tego klimatyzatora?<\/strong><br \/><div class=\"su-service\"><div class=\"su-service-title\" style=\"padding-left:52px;min-height:38px;line-height:38px\"><i class=\"sui sui-check-circle\" style=\"font-size:38px;color:#22a0ed\"><\/i> Wskaz\u00f3wka naszego eksperta<\/div><div class=\"su-service-content su-u-clearfix su-u-trim\" style=\"padding-left:52px\">Monta\u017c klimatyzacji z pozoru \u0142atwy, wymaga wiedzy z zakresu hydrauliki, elektryki oraz posiada\u0107 odpowiednie narz\u0119dzia i kwalifikacje do sprawdzenia ci\u015bnienia. Klimatyzatory oferowane w sklepie \u00b0FC musz\u0105 by\u0107 instalowane przez wykwalifikowanego in\u017cyniera posiadaj\u0105cego uprawnienia F-Gas. Mo\u017cemy zainstalowa\u0107 urz\u0105dzenie dla Ciebie za pomoc\u0105 naszych in\u017cynier\u00f3w posiadaj\u0105cych certyfikat F-Gas. Uwaga, je\u015bli nie wybierzesz naszej us\u0142ugi instalacyjnej, nie wy\u015blemy urz\u0105dzenia, dop\u00f3ki nie uzyskamy od ciebie dowodu, \u017ce urz\u0105dzenie zostanie zainstalowane przez wykwalifikowanego in\u017cyniera posiadaj\u0105cego uprawnienia F-Gas.W Fabryce Ch\u0142odu znajdziesz produkty na kt\u00f3rych mo\u017cesz polega\u0107. Sam personel zawsze jest dost\u0119pny aby dzia\u0142a\u0107 dla Ciebie.Decyzja odno\u015bnie jakie marki reprezentujemy jest dokonywana na podstawie ceny\/jako\u015bci i dobrej obs\u0142ugi i wsparcia przez g\u0142\u00f3wnego dystrybutora. . Sam personel zawsze jest dost\u0119pny aby dzia\u0142a\u0107 dla Ciebie.<br \/>\nDecyzja odno\u015bnie jakie marki reprezentujemy jest dokonywana na podstawie ceny\/jako\u015bci i dobrej obs\u0142ugi i wsparcia przez g\u0142\u00f3wnego dystrybutora. <\/div><\/div>\n<div class=\"hr-thin\"><\/div>\n<div class=\"su-service\"><div class=\"su-service-title\" style=\"padding-left:52px;min-height:38px;line-height:38px\"><i class=\"sui sui-hand-o-right\" style=\"font-size:38px;color:#22a0ed\"><\/i> Podsumowuj\u0105c<\/div><div class=\"su-service-content su-u-clearfix su-u-trim\" style=\"padding-left:52px\">Je\u015bli chcesz mie\u0107 klimatyzacj\u0119 w jednym pomieszczeniu to ten produkt jest dla Ciebie. Instalacja RAC jest prosta i wymaga niewielkiego wysi\u0142ku. Je\u015bli w kilku pomieszczeniach to wybierz system MULTI SPLIT. Oba rozwi\u0105zania s\u0105 dobrej jako\u015bci i ekologiczne. Rozwi\u0105zanie jednego pomieszczenia jest ta\u0144sze w zakupie i monta\u017cu. Cz\u0119\u015bci do produkt\u00f3w HAIER posiadamy na stanie.<br \/><\/div><\/div>\n<p>PARAMETRY TECHNICZNE<\/p>\n<div class=\"su-tabs su-tabs-style-default su-tabs-mobile-stack\" data-active=\"1\" data-scroll-offset=\"0\" data-anchor-in-url=\"no\"><div class=\"su-tabs-nav\"><span class=\"\" data-url=\"\" data-target=\"blank\" tabindex=\"0\" role=\"button\">Jednostka Wew\u0119trzna<\/span><span class=\"\" data-url=\"\" data-target=\"blank\" tabindex=\"0\" role=\"button\">Jed. Zewn\u0119trzne<\/span><span class=\"\" data-url=\"\" data-target=\"blank\" tabindex=\"0\" role=\"button\">Tabela korzysci<\/span><span class=\"\" data-url=\"\" data-target=\"blank\" tabindex=\"0\" role=\"button\">Por\u00f3wnanie modeli<\/span><span class=\"\" data-url=\"\" data-target=\"blank\" tabindex=\"0\" role=\"button\">Monta\u017c<\/span><span class=\"\" data-url=\"\" data-target=\"blank\" tabindex=\"0\" role=\"button\">Przepisy F-GAZ<\/span><\/div><div class=\"su-tabs-panes\"><div class=\"su-tabs-pane su-u-clearfix su-u-trim\" data-title=\"Jednostka Wew\u0119trzna\"><div class=\"su-document su-u-responsive-media-yes\"><iframe src=\"\/\/docs.google.com\/viewer?embedded=true&url=https:\/\/www.fabrykachlodu.pl\/sklep\/wp-content\/uploads\/2020\/01\/HAIER.TUNDRA.Plus_.klimatyzator.pdf\" width=\"600\" height=\"400\" class=\"su-document\" title=\"\"><\/iframe><\/div><\/div>\n<div class=\"su-tabs-pane su-u-clearfix su-u-trim\" data-title=\"Jed. Zewn\u0119trzne\"><div class=\"su-document su-u-responsive-media-yes\"><iframe src=\"\/\/docs.google.com\/viewer?embedded=true&url=https:\/\/www.fabrykachlodu.pl\/sklep\/wp-content\/uploads\/2020\/01\/Jednostki.Zewnetrzne.klimatyzacja.HAIER_.pdf\" width=\"600\" height=\"400\" class=\"su-document\" title=\"\"><\/iframe><\/div><\/div>\n<div class=\"su-tabs-pane su-u-clearfix su-u-trim\" data-title=\"Tabela korzysci\"><div class=\"su-document su-u-responsive-media-yes\"><iframe src=\"\/\/docs.google.com\/viewer?embedded=true&url=https:\/\/www.fabrykachlodu.pl\/sklep\/wp-content\/uploads\/2020\/01\/Tabela.korzysci.klimatyzacji.HAIER_.-SPLITR32.pdf\" width=\"600\" height=\"400\" class=\"su-document\" title=\"\"><\/iframe><\/div><\/div>\n<div class=\"su-tabs-pane su-u-clearfix su-u-trim\" data-title=\"Por\u00f3wnanie modeli\"><div class=\"su-document su-u-responsive-media-yes\"><iframe src=\"\/\/docs.google.com\/viewer?embedded=true&url=https:\/\/www.fabrykachlodu.pl\/sklep\/wp-content\/uploads\/2020\/01\/Porownanie_modeli_klimatyzatorow.HAIER_R32_Split.pdf\" width=\"600\" height=\"400\" class=\"su-document\" title=\"\"><\/iframe><\/div><\/div>\n<div class=\"su-tabs-pane su-u-clearfix su-u-trim\" data-title=\"Monta\u017c\"><div class=\"su-document su-u-responsive-media-yes\"><iframe src=\"\/\/docs.google.com\/viewer?embedded=true&url=https:\/\/www.fabrykachlodu.pl\/sklep\/wp-content\/uploads\/2020\/01\/Montaz.klimatyzacji.HAIER_.pdf\" width=\"600\" height=\"400\" class=\"su-document\" title=\"\"><\/iframe><\/div><\/div>\n<div class=\"su-tabs-pane su-u-clearfix su-u-trim\" data-title=\"Przepisy F-GAZ\"><div class=\"su-document su-u-responsive-media-yes\"><iframe src=\"\/\/docs.google.com\/viewer?embedded=true&url=https:\/\/www.fabrykachlodu.pl\/sklep\/wp-content\/uploads\/2020\/01\/Nowe-przepisy-F-Gaz-od-2015-roku.pdf\" width=\"600\" height=\"400\" class=\"su-document\" title=\"\"><\/iframe><\/div><\/div><\/div><\/div>\n<p>Dokumenty si\u0119 nie wy\u015bwietlaj\u0105? <input type=\"button\" value=\"Od\u015bwie\u017c stron\u0119\" onclick=\"location.reload();\"><br \/><div class=\"su-note\"  style=\"border-color:#e5e5e5;border-radius:3px;-moz-border-radius:3px;-webkit-border-radius:3px;\"><div class=\"su-note-inner su-u-clearfix su-u-trim\" style=\"background-color:#ffffff;border-color:#ffffff;color:#afafaf;border-radius:3px;-moz-border-radius:3px;-webkit-border-radius:3px;\">\u015awiadomo\u015b\u0107 \u015brodowiskowa jest po stronie producenta &#8211; HAIER spe\u0142nia rygorystyczne warunki np. Czynnik R32. Dla ciebie powinno mie\u0107 znaczenie korzy\u015b\u0107 w\u0142asna komfort\/pracownika\/klient\u00f3w.<\/div><\/div>\n","protected":false},"excerpt":{"rendered":"<p><span style=\"color: #000000;\"><strong>Najwa\u017cniejsze zalety<\/strong><\/span> [dt_list style=\"1\" bullet_position=\"middle\" dividers=\"true\"] [dt_list_item image=\"\"]Inteligentne powietrze do g\u00f3ry przy ch\u0142odzeniu, natomiast w d\u00f3\u0142 przy grzaniu[\/dt_list_item] [dt_list_item image=\"\"]Filtry BIO, Aktywny W\u0119giel, Potr\u00f3jny &#8211; do samodzielnej wymiany bez u\u017cycia narz\u0119dzi[\/dt_list_item] [dt_list_item image=\"\"]Funkcja Self Clean zamra\u017ca powierzchni\u0119 parownika za pomoc\u0105 usuwaj\u0105c bakterie[\/dt_list_item] [dt_list_item image=\"\"]Polecany bo spe\u0142nia rygorystyczne kryteria i szczeg\u00f3\u0142y test\u00f3w  CENA \/ U\u017bYTKOWANIE \/ SERWIS [\/dt_list_item] [\/dt_list]<\/p>\n","protected":false},"featured_media":52441,"template":"","meta":[],"product_cat":[2420,189],"product_tag":[4978,2928,2929,1091,1053,4979,4975,2281,4976,4977],"yoast_head":"<!-- This site is optimized with the Yoast SEO plugin v22.1 - https:\/\/yoast.com\/wordpress\/plugins\/seo\/ -->\n<title>\u00b0FC Haier Tundra Green Zestaw AS50TDBHRA\/1U50JEFFRA klimatyzacja HAIER o mocy 5.2kW, A++, do 55m2, 6 pomieszcze\u0144<\/title>\n<meta name=\"description\" content=\"Zestaw AS50TDBHRA\/1U50JEFFRA klimatyzacja HAIER o mocy, 5.2kW, A++, do 55m2, 6 pomieszcze\u0144 HAIER Tundra Green 3 pomieszczenia, 4 pomieszczenia 55m2 A++ R32, kW 5.2 do biura 55m2, sklepu 55m2, hotelu 55m2, salon fryzjerski, piekarnia, apteka, kwiaciarnia, gabinet lekarski, biuro, restauracja 55m2, Klimatyzacja HAIER Tundra Green, Na\u015bcienny, Ma\u0142e biuro 55m2, Ma\u0142e mieszkanie 55m2\" \/>\n<meta name=\"robots\" content=\"index, follow, max-snippet:-1, max-image-preview:large, max-video-preview:-1\" \/>\n<link rel=\"canonical\" href=\"https:\/\/www.fabrykachlodu.pl\/sklep\/produkt\/tundra-green-zestaw-as50tdbhra-1u50jeffra-klimatyzacja-haier-o-mocy-5-2kw-a-do-55m2-6-pomieszczen\/\" \/>\n<meta name=\"twitter:label1\" content=\"Szacowany czas czytania\" \/>\n\t<meta name=\"twitter:data1\" content=\"5 minut\" \/>\n<script type=\"application\/ld+json\" class=\"yoast-schema-graph\">{\"@context\":\"https:\/\/schema.org\",\"@graph\":[{\"@type\":\"WebPage\",\"@id\":\"https:\/\/www.fabrykachlodu.pl\/sklep\/produkt\/tundra-green-zestaw-as50tdbhra-1u50jeffra-klimatyzacja-haier-o-mocy-5-2kw-a-do-55m2-6-pomieszczen\/\",\"url\":\"https:\/\/www.fabrykachlodu.pl\/sklep\/produkt\/tundra-green-zestaw-as50tdbhra-1u50jeffra-klimatyzacja-haier-o-mocy-5-2kw-a-do-55m2-6-pomieszczen\/\",\"name\":\"\u00b0FC Haier Tundra Green Zestaw AS50TDBHRA\/1U50JEFFRA klimatyzacja HAIER o mocy 5.2kW, A++, do 55m2, 6 pomieszcze\u0144\",\"isPartOf\":{\"@id\":\"https:\/\/www.fabrykachlodu.pl\/sklep\/#website\"},\"datePublished\":\"2020-01-22T10:08:33+00:00\",\"dateModified\":\"2022-06-30T16:06:26+00:00\",\"description\":\"Zestaw AS50TDBHRA\/1U50JEFFRA klimatyzacja HAIER o mocy, 5.2kW, A++, do 55m2, 6 pomieszcze\u0144 HAIER Tundra Green 3 pomieszczenia, 4 pomieszczenia 55m2 A++ R32, kW 5.2 do biura 55m2, sklepu 55m2, hotelu 55m2, salon fryzjerski, piekarnia, apteka, kwiaciarnia, gabinet lekarski, biuro, restauracja 55m2, Klimatyzacja HAIER Tundra Green, Na\u015bcienny, Ma\u0142e biuro 55m2, Ma\u0142e mieszkanie 55m2\",\"breadcrumb\":{\"@id\":\"https:\/\/www.fabrykachlodu.pl\/sklep\/produkt\/tundra-green-zestaw-as50tdbhra-1u50jeffra-klimatyzacja-haier-o-mocy-5-2kw-a-do-55m2-6-pomieszczen\/#breadcrumb\"},\"inLanguage\":\"pl-PL\",\"potentialAction\":[{\"@type\":\"ReadAction\",\"target\":[\"https:\/\/www.fabrykachlodu.pl\/sklep\/produkt\/tundra-green-zestaw-as50tdbhra-1u50jeffra-klimatyzacja-haier-o-mocy-5-2kw-a-do-55m2-6-pomieszczen\/\"]}]},{\"@type\":\"BreadcrumbList\",\"@id\":\"https:\/\/www.fabrykachlodu.pl\/sklep\/produkt\/tundra-green-zestaw-as50tdbhra-1u50jeffra-klimatyzacja-haier-o-mocy-5-2kw-a-do-55m2-6-pomieszczen\/#breadcrumb\",\"itemListElement\":[{\"@type\":\"ListItem\",\"position\":1,\"name\":\"Strona g\u0142\u00f3wna\",\"item\":\"https:\/\/www.fabrykachlodu.pl\/sklep\/\"},{\"@type\":\"ListItem\",\"position\":2,\"name\":\"Szukasz klimatzyacji biurowej sklepowej lub do mieszkania?\",\"item\":\"https:\/\/www.fabrykachlodu.pl\/sklep\/\"},{\"@type\":\"ListItem\",\"position\":3,\"name\":\"HAIER\",\"item\":\"https:\/\/www.fabrykachlodu.pl\/sklep\/product-category\/haier\/\"},{\"@type\":\"ListItem\",\"position\":4,\"name\":\"Na\u015bcienny\",\"item\":\"https:\/\/www.fabrykachlodu.pl\/sklep\/product-category\/haier\/nascienny-haier\/\"},{\"@type\":\"ListItem\",\"position\":5,\"name\":\"TUNDRA GREEN\",\"item\":\"https:\/\/www.fabrykachlodu.pl\/sklep\/product-category\/haier\/nascienny-haier\/tundra-green\/\"},{\"@type\":\"ListItem\",\"position\":6,\"name\":\"\u00b0FC Haier Tundra Green Zestaw AS50TDBHRA\/1U50JEFFRA klimatyzacja HAIER o mocy 5.2kW, A++, do 55m2, 6 pomieszcze\u0144\"}]},{\"@type\":\"WebSite\",\"@id\":\"https:\/\/www.fabrykachlodu.pl\/sklep\/#website\",\"url\":\"https:\/\/www.fabrykachlodu.pl\/sklep\/\",\"name\":\"\u00b0FC Sklep Internetowy monta\u017c klimatyzacji pomp ciep\u0142a\",\"description\":\"\u00b0FC monta\u017c klimatyzacji pomp ciep\u0142a z nami to szybki i tani wyb\u00f3r.  Us\u0142ugi monta\u017cowe i serwisowe W Warszawie i okolicach..\",\"potentialAction\":[{\"@type\":\"SearchAction\",\"target\":{\"@type\":\"EntryPoint\",\"urlTemplate\":\"https:\/\/www.fabrykachlodu.pl\/sklep\/?s={search_term_string}\"},\"query-input\":\"required name=search_term_string\"}],\"inLanguage\":\"pl-PL\"}]}<\/script>\n<!-- \/ Yoast SEO plugin. -->","yoast_head_json":{"title":"\u00b0FC Haier Tundra Green Zestaw AS50TDBHRA\/1U50JEFFRA klimatyzacja HAIER o mocy 5.2kW, A++, do 55m2, 6 pomieszcze\u0144","description":"Zestaw AS50TDBHRA\/1U50JEFFRA klimatyzacja HAIER o mocy, 5.2kW, A++, do 55m2, 6 pomieszcze\u0144 HAIER Tundra Green 3 pomieszczenia, 4 pomieszczenia 55m2 A++ R32, kW 5.2 do biura 55m2, sklepu 55m2, hotelu 55m2, salon fryzjerski, piekarnia, apteka, kwiaciarnia, gabinet lekarski, biuro, restauracja 55m2, Klimatyzacja HAIER Tundra Green, Na\u015bcienny, Ma\u0142e biuro 55m2, Ma\u0142e mieszkanie 55m2","robots":{"index":"index","follow":"follow","max-snippet":"max-snippet:-1","max-image-preview":"max-image-preview:large","max-video-preview":"max-video-preview:-1"},"canonical":"https:\/\/www.fabrykachlodu.pl\/sklep\/produkt\/tundra-green-zestaw-as50tdbhra-1u50jeffra-klimatyzacja-haier-o-mocy-5-2kw-a-do-55m2-6-pomieszczen\/","twitter_misc":{"Szacowany czas czytania":"5 minut"},"schema":{"@context":"https:\/\/schema.org","@graph":[{"@type":"WebPage","@id":"https:\/\/www.fabrykachlodu.pl\/sklep\/produkt\/tundra-green-zestaw-as50tdbhra-1u50jeffra-klimatyzacja-haier-o-mocy-5-2kw-a-do-55m2-6-pomieszczen\/","url":"https:\/\/www.fabrykachlodu.pl\/sklep\/produkt\/tundra-green-zestaw-as50tdbhra-1u50jeffra-klimatyzacja-haier-o-mocy-5-2kw-a-do-55m2-6-pomieszczen\/","name":"\u00b0FC Haier Tundra Green Zestaw AS50TDBHRA\/1U50JEFFRA klimatyzacja HAIER o mocy 5.2kW, A++, do 55m2, 6 pomieszcze\u0144","isPartOf":{"@id":"https:\/\/www.fabrykachlodu.pl\/sklep\/#website"},"datePublished":"2020-01-22T10:08:33+00:00","dateModified":"2022-06-30T16:06:26+00:00","description":"Zestaw AS50TDBHRA\/1U50JEFFRA klimatyzacja HAIER o mocy, 5.2kW, A++, do 55m2, 6 pomieszcze\u0144 HAIER Tundra Green 3 pomieszczenia, 4 pomieszczenia 55m2 A++ R32, kW 5.2 do biura 55m2, sklepu 55m2, hotelu 55m2, salon fryzjerski, piekarnia, apteka, kwiaciarnia, gabinet lekarski, biuro, restauracja 55m2, Klimatyzacja HAIER Tundra Green, Na\u015bcienny, Ma\u0142e biuro 55m2, Ma\u0142e mieszkanie 55m2","breadcrumb":{"@id":"https:\/\/www.fabrykachlodu.pl\/sklep\/produkt\/tundra-green-zestaw-as50tdbhra-1u50jeffra-klimatyzacja-haier-o-mocy-5-2kw-a-do-55m2-6-pomieszczen\/#breadcrumb"},"inLanguage":"pl-PL","potentialAction":[{"@type":"ReadAction","target":["https:\/\/www.fabrykachlodu.pl\/sklep\/produkt\/tundra-green-zestaw-as50tdbhra-1u50jeffra-klimatyzacja-haier-o-mocy-5-2kw-a-do-55m2-6-pomieszczen\/"]}]},{"@type":"BreadcrumbList","@id":"https:\/\/www.fabrykachlodu.pl\/sklep\/produkt\/tundra-green-zestaw-as50tdbhra-1u50jeffra-klimatyzacja-haier-o-mocy-5-2kw-a-do-55m2-6-pomieszczen\/#breadcrumb","itemListElement":[{"@type":"ListItem","position":1,"name":"Strona g\u0142\u00f3wna","item":"https:\/\/www.fabrykachlodu.pl\/sklep\/"},{"@type":"ListItem","position":2,"name":"Szukasz klimatzyacji biurowej sklepowej lub do mieszkania?","item":"https:\/\/www.fabrykachlodu.pl\/sklep\/"},{"@type":"ListItem","position":3,"name":"HAIER","item":"https:\/\/www.fabrykachlodu.pl\/sklep\/product-category\/haier\/"},{"@type":"ListItem","position":4,"name":"Na\u015bcienny","item":"https:\/\/www.fabrykachlodu.pl\/sklep\/product-category\/haier\/nascienny-haier\/"},{"@type":"ListItem","position":5,"name":"TUNDRA GREEN","item":"https:\/\/www.fabrykachlodu.pl\/sklep\/product-category\/haier\/nascienny-haier\/tundra-green\/"},{"@type":"ListItem","position":6,"name":"\u00b0FC Haier Tundra Green Zestaw AS50TDBHRA\/1U50JEFFRA klimatyzacja HAIER o mocy 5.2kW, A++, do 55m2, 6 pomieszcze\u0144"}]},{"@type":"WebSite","@id":"https:\/\/www.fabrykachlodu.pl\/sklep\/#website","url":"https:\/\/www.fabrykachlodu.pl\/sklep\/","name":"\u00b0FC Sklep Internetowy monta\u017c klimatyzacji pomp ciep\u0142a","description":"\u00b0FC monta\u017c klimatyzacji pomp ciep\u0142a z nami to szybki i tani wyb\u00f3r.  Us\u0142ugi monta\u017cowe i serwisowe W Warszawie i okolicach..","potentialAction":[{"@type":"SearchAction","target":{"@type":"EntryPoint","urlTemplate":"https:\/\/www.fabrykachlodu.pl\/sklep\/?s={search_term_string}"},"query-input":"required name=search_term_string"}],"inLanguage":"pl-PL"}]}},"_links":{"self":[{"href":"https:\/\/www.fabrykachlodu.pl\/sklep\/wp-json\/wp\/v2\/product\/53266"}],"collection":[{"href":"https:\/\/www.fabrykachlodu.pl\/sklep\/wp-json\/wp\/v2\/product"}],"about":[{"href":"https:\/\/www.fabrykachlodu.pl\/sklep\/wp-json\/wp\/v2\/types\/product"}],"wp:featuredmedia":[{"embeddable":true,"href":"https:\/\/www.fabrykachlodu.pl\/sklep\/wp-json\/wp\/v2\/media\/52441"}],"wp:attachment":[{"href":"https:\/\/www.fabrykachlodu.pl\/sklep\/wp-json\/wp\/v2\/media?parent=53266"}],"wp:term":[{"taxonomy":"product_cat","embeddable":true,"href":"https:\/\/www.fabrykachlodu.pl\/sklep\/wp-json\/wp\/v2\/product_cat?post=53266"},{"taxonomy":"product_tag","embeddable":true,"href":"https:\/\/www.fabrykachlodu.pl\/sklep\/wp-json\/wp\/v2\/product_tag?post=53266"}],"curies":[{"name":"wp","href":"https:\/\/api.w.org\/{rel}","templated":true}]}}