{"id":53293,"date":"2020-01-22T11:09:29","date_gmt":"2020-01-22T10:09:29","guid":{"rendered":"http:\/\/www.fabrykachlodu.pl\/sklep\/produkt\/import-placeholder-for-adh140h1erg\/"},"modified":"2022-03-27T22:31:16","modified_gmt":"2022-03-27T20:31:16","slug":"kanalowy-slim-wysoki-sprez-jednostka-wew-adh140h1erg","status":"publish","type":"product","link":"https:\/\/www.fabrykachlodu.pl\/sklep\/produkt\/kanalowy-slim-wysoki-sprez-jednostka-wew-adh140h1erg\/","title":{"rendered":"\u00b0FC Haier Kana\u0142owy Slim wysoki spr\u0119\u017c Jednostka wew. ADH140H1ERG"},"content":{"rendered":"<h2>Zam\u00f3wienie dotyczy: Jednostka wew. ADH140H1ERG HAIER Kana\u0142owy Slim wysoki spr\u0119\u017c R32<\/h2>\n<p><h3><strong>W jednym miejscu poznasz:<\/strong><\/h3>\n<p>Informacje odno\u015bnie klimatyzacji HAIER<br \/>\nPoznasz najwa\u017cniejsze funkcje<br \/>\nPor\u00f3wnasz produkty<br \/>\nPoznasz parametry techniczne<br \/>\nPoznasz cen\u0119 i zrealizujesz zam\u00f3wienie<br \/>\n<strong><\/p>\n<h3>Zamawiaj\u0105c produkt u nas:<\/strong><\/h3>\n<p>Otrzymasz produkt<br \/>\nJednostk\u0119 wewn\u0119trzna<br \/>\nJednostk\u0119 zewn\u0119trzna<br \/>\nSterowanie<br \/>\n<strong><\/p>\n<h3>Zlecaj\u0105c nam monta\u017c otrzymasz:<\/strong><\/h3>\n<p>Rabat na produkty HAIER<br \/>\nKompletne pod\u0142\u0105czenie elektryczne oraz hydrauliczne<br \/>\nGwarancje<br \/>\nSerwis<\/p>\n<p>Klimatyzacja kana\u0142owa u\u0142atwia w dyskretny spos\u00f3b ch\u0142odzi\u0107 pomieszczenia. Ch\u0119tnie wybierany przez projektant\u00f3w w przypadku budynk\u00f3w komercyjnych, hoteli czy dom\u00f3w jednorodzinnych. W ofercie HAIER mamy trzy warianty, warto si\u0119 z nimi zapozna\u0107 zanim podejmiemy decyzj\u0119, jaki klimatyzator kana\u0142owy wybra\u0107. Jak to zwykle jest w przypadku ch\u0142odzenia pomieszcze\u0144, dob\u00f3r sprz\u0119tu uzale\u017cniony jest od temperatury utrzymywanej we wn\u0119trzu pomieszczenia, poziomu ha\u0142asu, ale przede wszystkim od warto\u015bci oporu powietrza na instalacji czyli spr\u0119\u017cu dyspozycyjnego.  Na op\u00f3r powietrza maj\u0105 wp\u0142yw d\u0142ugo\u015b\u0107 ruroci\u0105gu ale r\u00f3wnie\u017c komponentami jednostki, rodzajem filtr\u00f3w, ko\u0144c\u00f3wek przy\u0142\u0105czeniowych, r\u00f3\u017cnego rodzaju przepustnic powietrza czy kombinacj\u0105 hybrydow\u0105 w przypadku pod\u0142\u0105czonych kana\u0142\u00f3w wentylacyjnych przy\u0142\u0105czonymi do jednostki. Spr\u0119\u017c jest to ci\u015bnienie w kana\u0142ach tworzone przez wentylator jednostki klimatyzacyjnej aby pokona\u0107 op\u00f3r na swojej drodze. Si\u0142a wentylatora decyduj\u0119 o ci\u015bnieniu wytworzonym i tak mo\u017cemy wybra\u0107 pomi\u0119dzy niskim, \u015brednim i wysokim spr\u0119\u017cem i w\u0142a\u015bnie te trzy rodzaje klimatyzacji kana\u0142owej oferujemy.<div class=\"su-service\"><div class=\"su-service-title\" style=\"padding-left:52px;min-height:38px;line-height:38px\"><i class=\"sui sui-check-circle\" style=\"font-size:38px;color:#22a0ed\"><\/i> Wskaz\u00f3wka naszego eksperta<\/div><div class=\"su-service-content su-u-clearfix su-u-trim\" style=\"padding-left:52px\">Dob\u00f3r odpowiedniego spr\u0119\u017cu nale\u017cy do Fabryki Ch\u0142odu na etapie projektu bior\u0105c pod uwag\u0119 tras\u0119 instalacji, d\u0142ugo\u015b\u0107 instalacji, optymalnym ha\u0142asem, oraz komfort ludzi przebywaj\u0105cych w pomieszczeniu.<\/div><\/div>\n<h2><strong>Zapraszamy do por\u00f3wnania zalet i wad klimatyzacji HAIER<\/strong><\/h2>\n<p><strong>Jakie s\u0105 zalety takiego systemu?<\/strong><br \/><div class=\"su-service\"><div class=\"su-service-title\" style=\"padding-left:52px;min-height:38px;line-height:38px\"><i class=\"sui sui-check-circle\" style=\"font-size:38px;color:#22a0ed\"><\/i> Wskaz\u00f3wka naszego eksperta<\/div><div class=\"su-service-content su-u-clearfix su-u-trim\" style=\"padding-left:52px\">Klimatyzator HAIER Kana\u0142owy Slim niski spr\u0119\u017c posiadaj\u0105 wbudowan\u0105 pompk\u0119 skroplin o wysokiej zdolno\u015bci podnoszenia co pozwala na \u0142atwe projektowanie instalacji. W zale\u017cno\u015bci od specyfikacji pomieszczenia, odp\u0142yw skroplin mo\u017ce by\u0107 wyprowadzony z lewej lub prawej strony urz\u0105dzenia.<\/div><\/div><strong>Jakie s\u0105 wady tego klimatyzatora?<\/strong><br \/><div class=\"su-service\"><div class=\"su-service-title\" style=\"padding-left:52px;min-height:38px;line-height:38px\"><i class=\"sui sui-check-circle\" style=\"font-size:38px;color:#22a0ed\"><\/i> Wskaz\u00f3wka naszego eksperta<\/div><div class=\"su-service-content su-u-clearfix su-u-trim\" style=\"padding-left:52px\">Je\u015bli zaprojektujesz tras\u0119 za kr\u00f3tk\u0105 o wysokim spr\u0119\u017cu, stworzysz uczucie ch\u0142odu i przeci\u0105gu w pomieszczeniu oraz ha\u0142as bo pr\u0119dko\u015b\u0107 przep\u0142ywu b\u0119dzie za du\u017ca.<\/div><\/div>\n<div class=\"hr-thin\"><\/div>\n<div class=\"su-service\"><div class=\"su-service-title\" style=\"padding-left:52px;min-height:38px;line-height:38px\"><i class=\"sui sui-hand-o-right\" style=\"font-size:38px;color:#22a0ed\"><\/i> Podsumowuj\u0105c<\/div><div class=\"su-service-content su-u-clearfix su-u-trim\" style=\"padding-left:52px\">Ha\u0142as i pr\u0119dko\u015b\u0107 przep\u0142ywu powietrza powinna by\u0107 na poziomie 25dB kiedy \u015bcie\u017cka przep\u0142ywu powietrza kiedy \u015bcie\u017cka zosta\u0142y poprawnie, wraz z dobran\u0105 jednostk\u0105.<br \/><\/div><\/div>\n<p>PARAMETRY TECHNICZNE<\/p>\n<div class=\"su-tabs su-tabs-style-default su-tabs-mobile-stack\" data-active=\"1\" data-scroll-offset=\"0\" data-anchor-in-url=\"no\"><div class=\"su-tabs-nav\"><span class=\"\" data-url=\"\" data-target=\"blank\" tabindex=\"0\" role=\"button\">Jednostki kana\u0142owe o wysokim spr\u0119\u017cu<\/span><span class=\"\" data-url=\"\" data-target=\"blank\" tabindex=\"0\" role=\"button\">Jed. Zewn\u0119trzne<\/span><span class=\"\" data-url=\"\" data-target=\"blank\" tabindex=\"0\" role=\"button\">Tabela korzysci<\/span><span class=\"\" data-url=\"\" data-target=\"blank\" tabindex=\"0\" role=\"button\">Por\u00f3wnanie modeli<\/span><span class=\"\" data-url=\"\" data-target=\"blank\" tabindex=\"0\" role=\"button\">Monta\u017c<\/span><span class=\"\" data-url=\"\" data-target=\"blank\" tabindex=\"0\" role=\"button\">Przepisy F-GAZ<\/span><\/div><div class=\"su-tabs-panes\"><div class=\"su-tabs-pane su-u-clearfix su-u-trim\" data-title=\"Jednostki kana\u0142owe o wysokim spr\u0119\u017cu\"><div class=\"su-document su-u-responsive-media-yes\"><iframe src=\"\/\/docs.google.com\/viewer?embedded=true&url=https:\/\/www.fabrykachlodu.pl\/sklep\/wp-content\/uploads\/2020\/01\/www.fabrykachlodu.pl-chlodnictwo-klimatyzacja-duct-o-wysokim-sprezu-r32-split_.pdf\" width=\"600\" height=\"400\" class=\"su-document\" title=\"\"><\/iframe><\/div><\/div>\n<div class=\"su-tabs-pane su-u-clearfix su-u-trim\" data-title=\"Jed. Zewn\u0119trzne\"><div class=\"su-document su-u-responsive-media-yes\"><iframe src=\"\/\/docs.google.com\/viewer?embedded=true&url=https:\/\/www.fabrykachlodu.pl\/sklep\/wp-content\/uploads\/2020\/01\/Jednostki.Zewnetrzne.klimatyzacja.HAIER_.pdf\" width=\"600\" height=\"400\" class=\"su-document\" title=\"\"><\/iframe><\/div><\/div>\n<div class=\"su-tabs-pane su-u-clearfix su-u-trim\" data-title=\"Tabela korzysci\"><div class=\"su-document su-u-responsive-media-yes\"><iframe src=\"\/\/docs.google.com\/viewer?embedded=true&url=https:\/\/www.fabrykachlodu.pl\/sklep\/wp-content\/uploads\/2020\/01\/Tabela.korzysci.klimatyzacji.HAIER_.-SPLITR32.pdf\" width=\"600\" height=\"400\" class=\"su-document\" title=\"\"><\/iframe><\/div><\/div>\n<div class=\"su-tabs-pane su-u-clearfix su-u-trim\" data-title=\"Por\u00f3wnanie modeli\"><div class=\"su-document su-u-responsive-media-yes\"><iframe src=\"\/\/docs.google.com\/viewer?embedded=true&url=https:\/\/www.fabrykachlodu.pl\/sklep\/wp-content\/uploads\/2020\/01\/Porownanie_modeli_klimatyzatorow.HAIER_R32_Split.pdf\" width=\"600\" height=\"400\" class=\"su-document\" title=\"\"><\/iframe><\/div><\/div>\n<div class=\"su-tabs-pane su-u-clearfix su-u-trim\" data-title=\"Monta\u017c\"><div class=\"su-document su-u-responsive-media-yes\"><iframe src=\"\/\/docs.google.com\/viewer?embedded=true&url=https:\/\/www.fabrykachlodu.pl\/sklep\/wp-content\/uploads\/2020\/01\/Montaz.klimatyzacji.HAIER_.pdf\" width=\"600\" height=\"400\" class=\"su-document\" title=\"\"><\/iframe><\/div><\/div>\n<div class=\"su-tabs-pane su-u-clearfix su-u-trim\" data-title=\"Przepisy F-GAZ\"><div class=\"su-document su-u-responsive-media-yes\"><iframe src=\"\/\/docs.google.com\/viewer?embedded=true&url=https:\/\/www.fabrykachlodu.pl\/sklep\/wp-content\/uploads\/2020\/01\/Nowe-przepisy-F-Gaz-od-2015-roku.pdf\" width=\"600\" height=\"400\" class=\"su-document\" title=\"\"><\/iframe><\/div><\/div><\/div><\/div>\n<p>Dokumenty si\u0119 nie wy\u015bwietlaj\u0105? <input type=\"button\" value=\"Od\u015bwie\u017c stron\u0119\" onclick=\"location.reload();\"><br \/><div class=\"su-note\"  style=\"border-color:#e5e5e5;border-radius:3px;-moz-border-radius:3px;-webkit-border-radius:3px;\"><div class=\"su-note-inner su-u-clearfix su-u-trim\" style=\"background-color:#ffffff;border-color:#ffffff;color:#afafaf;border-radius:3px;-moz-border-radius:3px;-webkit-border-radius:3px;\">\u015awiadomo\u015b\u0107 \u015brodowiskowa jest po stronie producenta &#8211; HAIER spe\u0142nia rygorystyczne warunki np. Czynnik R32. Dla ciebie powinno mie\u0107 znaczenie korzy\u015b\u0107 w\u0142asna komfort\/pracownika\/klient\u00f3w.<\/div><\/div>\n","protected":false},"excerpt":{"rendered":"<p><span style=\"color: #000000;\"><strong>Najwa\u017cniejsze zalety<\/strong><\/span> [dt_list style=\"1\" bullet_position=\"middle\" dividers=\"true\"] [dt_list_item image=\"\"]Przyst\u0119pna Cena i \u0142atwy monta\u017c[\/dt_list_item] [dt_list_item image=\"\"]10-stopniowa regulacja ci\u015bnienia[\/dt_list_item] [dt_list_item image=\"\"]Filtry BIO oraz Aktywny w\u0119giel do samodzielnej wymiany bez u\u017cycia narz\u0119dzi[\/dt_list_item] [dt_list_item image=\"\"]Polecany bo spe\u0142nia rygorystyczne kryteria i szczeg\u00f3\u0142y test\u00f3w  CENA \/ U\u017bYTKOWANIE \/ SERWIS[\/dt_list_item] [\/dt_list]<\/p>\n","protected":false},"featured_media":52484,"template":"","meta":[],"product_cat":[2458,189],"product_tag":[4998,4994,4963,635],"yoast_head":"<!-- This site is optimized with the Yoast SEO plugin v22.1 - https:\/\/yoast.com\/wordpress\/plugins\/seo\/ -->\n<title>\u00b0FC Haier Kana\u0142owy Slim wysoki spr\u0119\u017c Jednostka wew. ADH140H1ERG<\/title>\n<meta name=\"description\" content=\"Jednostka wew. ADH140H1ERG HAIER Kana\u0142owy Slim wysoki spr\u0119\u017c R32, do biura 140m2, sklepu 140m2, hotelu 140m2, salon fryzjerski, piekarnia, apteka, kwiaciarnia, gabinet lekarski, biuro, restauracja 140m2, Klimatyzacja HAIER Duct, Kana\u0142owy, Ma\u0142e biuro 140m2, Ma\u0142e mieszkanie 140m2\" \/>\n<meta name=\"robots\" content=\"index, follow, max-snippet:-1, max-image-preview:large, max-video-preview:-1\" \/>\n<link rel=\"canonical\" href=\"https:\/\/www.fabrykachlodu.pl\/sklep\/produkt\/kanalowy-slim-wysoki-sprez-jednostka-wew-adh140h1erg\/\" \/>\n<meta name=\"twitter:label1\" content=\"Szacowany czas czytania\" \/>\n\t<meta name=\"twitter:data1\" content=\"4 minuty\" \/>\n<script type=\"application\/ld+json\" class=\"yoast-schema-graph\">{\"@context\":\"https:\/\/schema.org\",\"@graph\":[{\"@type\":\"WebPage\",\"@id\":\"https:\/\/www.fabrykachlodu.pl\/sklep\/produkt\/kanalowy-slim-wysoki-sprez-jednostka-wew-adh140h1erg\/\",\"url\":\"https:\/\/www.fabrykachlodu.pl\/sklep\/produkt\/kanalowy-slim-wysoki-sprez-jednostka-wew-adh140h1erg\/\",\"name\":\"\u00b0FC Haier Kana\u0142owy Slim wysoki spr\u0119\u017c Jednostka wew. ADH140H1ERG\",\"isPartOf\":{\"@id\":\"https:\/\/www.fabrykachlodu.pl\/sklep\/#website\"},\"datePublished\":\"2020-01-22T10:09:29+00:00\",\"dateModified\":\"2022-03-27T20:31:16+00:00\",\"description\":\"Jednostka wew. ADH140H1ERG HAIER Kana\u0142owy Slim wysoki spr\u0119\u017c R32, do biura 140m2, sklepu 140m2, hotelu 140m2, salon fryzjerski, piekarnia, apteka, kwiaciarnia, gabinet lekarski, biuro, restauracja 140m2, Klimatyzacja HAIER Duct, Kana\u0142owy, Ma\u0142e biuro 140m2, Ma\u0142e mieszkanie 140m2\",\"breadcrumb\":{\"@id\":\"https:\/\/www.fabrykachlodu.pl\/sklep\/produkt\/kanalowy-slim-wysoki-sprez-jednostka-wew-adh140h1erg\/#breadcrumb\"},\"inLanguage\":\"pl-PL\",\"potentialAction\":[{\"@type\":\"ReadAction\",\"target\":[\"https:\/\/www.fabrykachlodu.pl\/sklep\/produkt\/kanalowy-slim-wysoki-sprez-jednostka-wew-adh140h1erg\/\"]}]},{\"@type\":\"BreadcrumbList\",\"@id\":\"https:\/\/www.fabrykachlodu.pl\/sklep\/produkt\/kanalowy-slim-wysoki-sprez-jednostka-wew-adh140h1erg\/#breadcrumb\",\"itemListElement\":[{\"@type\":\"ListItem\",\"position\":1,\"name\":\"Strona g\u0142\u00f3wna\",\"item\":\"https:\/\/www.fabrykachlodu.pl\/sklep\/\"},{\"@type\":\"ListItem\",\"position\":2,\"name\":\"Szukasz klimatzyacji biurowej sklepowej lub do mieszkania?\",\"item\":\"https:\/\/www.fabrykachlodu.pl\/sklep\/\"},{\"@type\":\"ListItem\",\"position\":3,\"name\":\"HAIER\",\"item\":\"https:\/\/www.fabrykachlodu.pl\/sklep\/product-category\/haier\/\"},{\"@type\":\"ListItem\",\"position\":4,\"name\":\"Kana\u0142owy\",\"item\":\"https:\/\/www.fabrykachlodu.pl\/sklep\/product-category\/haier\/kanalowy-haier\/\"},{\"@type\":\"ListItem\",\"position\":5,\"name\":\"\u00b0FC Haier Kana\u0142owy Slim wysoki spr\u0119\u017c Zestaw ADH140H1ERG\/1U140S2SP1FB klimatyzacja HAIER o mocy 13.4kW, do 140m2, 14 pomieszcze\u0144\",\"item\":\"https:\/\/www.fabrykachlodu.pl\/sklep\/produkt\/kanalowy-slim-wysoki-sprez-zestaw-adh140h1erg-1u140s2sp1fb-klimatyzacja-haier-o-mocy-13-4kw-do-140m2-14-pomieszczen\/\"},{\"@type\":\"ListItem\",\"position\":6,\"name\":\"\u00b0FC Haier Kana\u0142owy Slim wysoki spr\u0119\u017c Jednostka wew. ADH140H1ERG\"}]},{\"@type\":\"WebSite\",\"@id\":\"https:\/\/www.fabrykachlodu.pl\/sklep\/#website\",\"url\":\"https:\/\/www.fabrykachlodu.pl\/sklep\/\",\"name\":\"\u00b0FC Sklep Internetowy monta\u017c klimatyzacji pomp ciep\u0142a\",\"description\":\"\u00b0FC monta\u017c klimatyzacji pomp ciep\u0142a z nami to szybki i tani wyb\u00f3r.  Us\u0142ugi monta\u017cowe i serwisowe W Warszawie i okolicach..\",\"potentialAction\":[{\"@type\":\"SearchAction\",\"target\":{\"@type\":\"EntryPoint\",\"urlTemplate\":\"https:\/\/www.fabrykachlodu.pl\/sklep\/?s={search_term_string}\"},\"query-input\":\"required name=search_term_string\"}],\"inLanguage\":\"pl-PL\"}]}<\/script>\n<!-- \/ Yoast SEO plugin. -->","yoast_head_json":{"title":"\u00b0FC Haier Kana\u0142owy Slim wysoki spr\u0119\u017c Jednostka wew. ADH140H1ERG","description":"Jednostka wew. ADH140H1ERG HAIER Kana\u0142owy Slim wysoki spr\u0119\u017c R32, do biura 140m2, sklepu 140m2, hotelu 140m2, salon fryzjerski, piekarnia, apteka, kwiaciarnia, gabinet lekarski, biuro, restauracja 140m2, Klimatyzacja HAIER Duct, Kana\u0142owy, Ma\u0142e biuro 140m2, Ma\u0142e mieszkanie 140m2","robots":{"index":"index","follow":"follow","max-snippet":"max-snippet:-1","max-image-preview":"max-image-preview:large","max-video-preview":"max-video-preview:-1"},"canonical":"https:\/\/www.fabrykachlodu.pl\/sklep\/produkt\/kanalowy-slim-wysoki-sprez-jednostka-wew-adh140h1erg\/","twitter_misc":{"Szacowany czas czytania":"4 minuty"},"schema":{"@context":"https:\/\/schema.org","@graph":[{"@type":"WebPage","@id":"https:\/\/www.fabrykachlodu.pl\/sklep\/produkt\/kanalowy-slim-wysoki-sprez-jednostka-wew-adh140h1erg\/","url":"https:\/\/www.fabrykachlodu.pl\/sklep\/produkt\/kanalowy-slim-wysoki-sprez-jednostka-wew-adh140h1erg\/","name":"\u00b0FC Haier Kana\u0142owy Slim wysoki spr\u0119\u017c Jednostka wew. ADH140H1ERG","isPartOf":{"@id":"https:\/\/www.fabrykachlodu.pl\/sklep\/#website"},"datePublished":"2020-01-22T10:09:29+00:00","dateModified":"2022-03-27T20:31:16+00:00","description":"Jednostka wew. ADH140H1ERG HAIER Kana\u0142owy Slim wysoki spr\u0119\u017c R32, do biura 140m2, sklepu 140m2, hotelu 140m2, salon fryzjerski, piekarnia, apteka, kwiaciarnia, gabinet lekarski, biuro, restauracja 140m2, Klimatyzacja HAIER Duct, Kana\u0142owy, Ma\u0142e biuro 140m2, Ma\u0142e mieszkanie 140m2","breadcrumb":{"@id":"https:\/\/www.fabrykachlodu.pl\/sklep\/produkt\/kanalowy-slim-wysoki-sprez-jednostka-wew-adh140h1erg\/#breadcrumb"},"inLanguage":"pl-PL","potentialAction":[{"@type":"ReadAction","target":["https:\/\/www.fabrykachlodu.pl\/sklep\/produkt\/kanalowy-slim-wysoki-sprez-jednostka-wew-adh140h1erg\/"]}]},{"@type":"BreadcrumbList","@id":"https:\/\/www.fabrykachlodu.pl\/sklep\/produkt\/kanalowy-slim-wysoki-sprez-jednostka-wew-adh140h1erg\/#breadcrumb","itemListElement":[{"@type":"ListItem","position":1,"name":"Strona g\u0142\u00f3wna","item":"https:\/\/www.fabrykachlodu.pl\/sklep\/"},{"@type":"ListItem","position":2,"name":"Szukasz klimatzyacji biurowej sklepowej lub do mieszkania?","item":"https:\/\/www.fabrykachlodu.pl\/sklep\/"},{"@type":"ListItem","position":3,"name":"HAIER","item":"https:\/\/www.fabrykachlodu.pl\/sklep\/product-category\/haier\/"},{"@type":"ListItem","position":4,"name":"Kana\u0142owy","item":"https:\/\/www.fabrykachlodu.pl\/sklep\/product-category\/haier\/kanalowy-haier\/"},{"@type":"ListItem","position":5,"name":"\u00b0FC Haier Kana\u0142owy Slim wysoki spr\u0119\u017c Zestaw ADH140H1ERG\/1U140S2SP1FB klimatyzacja HAIER o mocy 13.4kW, do 140m2, 14 pomieszcze\u0144","item":"https:\/\/www.fabrykachlodu.pl\/sklep\/produkt\/kanalowy-slim-wysoki-sprez-zestaw-adh140h1erg-1u140s2sp1fb-klimatyzacja-haier-o-mocy-13-4kw-do-140m2-14-pomieszczen\/"},{"@type":"ListItem","position":6,"name":"\u00b0FC Haier Kana\u0142owy Slim wysoki spr\u0119\u017c Jednostka wew. ADH140H1ERG"}]},{"@type":"WebSite","@id":"https:\/\/www.fabrykachlodu.pl\/sklep\/#website","url":"https:\/\/www.fabrykachlodu.pl\/sklep\/","name":"\u00b0FC Sklep Internetowy monta\u017c klimatyzacji pomp ciep\u0142a","description":"\u00b0FC monta\u017c klimatyzacji pomp ciep\u0142a z nami to szybki i tani wyb\u00f3r.  Us\u0142ugi monta\u017cowe i serwisowe W Warszawie i okolicach..","potentialAction":[{"@type":"SearchAction","target":{"@type":"EntryPoint","urlTemplate":"https:\/\/www.fabrykachlodu.pl\/sklep\/?s={search_term_string}"},"query-input":"required name=search_term_string"}],"inLanguage":"pl-PL"}]}},"_links":{"self":[{"href":"https:\/\/www.fabrykachlodu.pl\/sklep\/wp-json\/wp\/v2\/product\/53293"}],"collection":[{"href":"https:\/\/www.fabrykachlodu.pl\/sklep\/wp-json\/wp\/v2\/product"}],"about":[{"href":"https:\/\/www.fabrykachlodu.pl\/sklep\/wp-json\/wp\/v2\/types\/product"}],"wp:featuredmedia":[{"embeddable":true,"href":"https:\/\/www.fabrykachlodu.pl\/sklep\/wp-json\/wp\/v2\/media\/52484"}],"wp:attachment":[{"href":"https:\/\/www.fabrykachlodu.pl\/sklep\/wp-json\/wp\/v2\/media?parent=53293"}],"wp:term":[{"taxonomy":"product_cat","embeddable":true,"href":"https:\/\/www.fabrykachlodu.pl\/sklep\/wp-json\/wp\/v2\/product_cat?post=53293"},{"taxonomy":"product_tag","embeddable":true,"href":"https:\/\/www.fabrykachlodu.pl\/sklep\/wp-json\/wp\/v2\/product_tag?post=53293"}],"curies":[{"name":"wp","href":"https:\/\/api.w.org\/{rel}","templated":true}]}}