{"id":53344,"date":"2020-01-22T11:10:23","date_gmt":"2020-01-22T10:10:23","guid":{"rendered":"http:\/\/www.fabrykachlodu.pl\/sklep\/produkt\/import-placeholder-for-ac71s2sg1fa-1u71s2sg1fa\/"},"modified":"2023-04-02T22:30:43","modified_gmt":"2023-04-02T20:30:43","slug":"przypodlogowo-sufitowy-zestaw-ac71s2sg1fa-1u71s2sg1fa-klimatyzacja-haier-o-mocy-7-1kw-do-70m2-7-pomieszczen","status":"publish","type":"product","link":"https:\/\/www.fabrykachlodu.pl\/sklep\/produkt\/przypodlogowo-sufitowy-zestaw-ac71s2sg1fa-1u71s2sg1fa-klimatyzacja-haier-o-mocy-7-1kw-do-70m2-7-pomieszczen\/","title":{"rendered":"\u00b0FC Haier Przypod\u0142ogowo-sufitowy Zestaw AC71S2SG1FA\/1U71S2SG1FA klimatyzacja HAIER o mocy 7.1kW, do 70m2, 7 pomieszcze\u0144"},"content":{"rendered":"<h2>Zam\u00f3wienie dotyczy: Zestaw AC71S2SG1FA\/1U71S2SG1FA klimatyzacja HAIER o mocy 7.1kW, do 70m2, 7 pomieszcze\u0144 HAIER Przypod\u0142ogowo-sufitowy 3 pomieszczenia, 4 pomieszczenia 70m2 A++ R32 kW 7.1<\/h2>\n<p><h3><strong>W jednym miejscu poznasz:<\/strong><\/h3>\n<p>Informacje odno\u015bnie klimatyzacji HAIER<br \/>\nPoznasz najwa\u017cniejsze funkcje<br \/>\nPor\u00f3wnasz produkty<br \/>\nPoznasz parametry techniczne<br \/>\nPoznasz cen\u0119 i zrealizujesz zam\u00f3wienie<br \/>\n<strong><\/p>\n<h3>Zamawiaj\u0105c produkt u nas:<\/strong><\/h3>\n<p>Otrzymasz produkt<br \/>\nJednostk\u0119 wewn\u0119trzna<br \/>\nJednostk\u0119 zewn\u0119trzna<br \/>\nSterowanie<br \/>\n<strong><\/p>\n<h3>Zlecaj\u0105c nam monta\u017c otrzymasz:<\/strong><\/h3>\n<p>Rabat na produkty HAIER<br \/>\nKompletne pod\u0142\u0105czenie elektryczne oraz hydrauliczne<br \/>\nGwarancje<br \/>\nSerwis<\/p>\n<p>Klimatyzacja podstropowa sprawdzi si\u0119 tam gdzie zaprojektowano ruroci\u0105g wchodz\u0105cy z sufitu lub nie ma mo\u017cliwo\u015bci monta\u017cu urz\u0105dzenia typy \u015bcienny, kasetonowy lub kana\u0142owy. Podstropowe kt\u00f3re s\u0105 stosunkowo niskie nie wymagaj\u0105 dodatkowej zabudowy. Walory przemawiaj\u0105ce za klimatyzatorem podstropowym to precyzyjna 5-stopniowa regulacja powietrza i szerokok\u0105tny nawiew, szerokok\u0105tny nawiew w poziomie i w pionie &#8211; posiadaj\u0105 2 silniki, kt\u00f3re automatycznie dostosowuj\u0105 nat\u0119\u017cenie przep\u0142ywu powietrza. Klimatyzacja przypod\u0142ogowa przypomina grzejnik poniewa\u017c ma podobne wymiary oraz neutralny dla oka wygl\u0105d. Skutecznie rozpowadza powietrze bo z do\u0142u i daj\u0105 wiele mo\u017cliwo\u015b\u0107 przeprowadzenia do nich ruroci\u0105gu np.pod pod\u0142oga, w \u015bcianie lub przy pod\u0142odze.<div class=\"su-service\"><div class=\"su-service-title\" style=\"padding-left:52px;min-height:38px;line-height:38px\"><i class=\"sui sui-check-circle\" style=\"font-size:38px;color:#22a0ed\"><\/i> Wskaz\u00f3wka naszego eksperta<\/div><div class=\"su-service-content su-u-clearfix su-u-trim\" style=\"padding-left:52px\">Klimatyzacja podstropowa nie wymaga dodatkowej zabudowy wi\u0119c jest ta\u0144sza w monta\u017cu ni\u017c klimatyzacja kana\u0142owa.<\/div><\/div>\n<h2><strong>Zapraszamy do por\u00f3wnania zalet i wad klimatyzacji HAIER<\/strong><\/h2>\n<p><strong>Jakie s\u0105 zalety takiego systemu?<\/strong><br \/><div class=\"su-service\"><div class=\"su-service-title\" style=\"padding-left:52px;min-height:38px;line-height:38px\"><i class=\"sui sui-check-circle\" style=\"font-size:38px;color:#22a0ed\"><\/i> Wskaz\u00f3wka naszego eksperta<\/div><div class=\"su-service-content su-u-clearfix su-u-trim\" style=\"padding-left:52px\">Monta\u017c klimatyzacji z pozoru \u0142atwy, wymaga wiedzy z zakresu hydrauliki, elektryki oraz posiada\u0107 odpowiednie narz\u0119dzia i kwalifikacje do sprawdzenia ci\u015bnienia. Klimatyzatory oferowane w sklepie \u00b0FC musz\u0105 by\u0107 instalowane przez wykwalifikowanego in\u017cyniera posiadaj\u0105cego uprawnienia F-Gas. Mo\u017cemy zainstalowa\u0107 urz\u0105dzenie dla Ciebie za pomoc\u0105 naszych in\u017cynier\u00f3w posiadaj\u0105cych certyfikat F-Gas. Uwaga, je\u015bli nie wybierzesz naszej us\u0142ugi instalacyjnej, nie wy\u015blemy urz\u0105dzenia, dop\u00f3ki nie uzyskamy od ciebie dowodu, \u017ce urz\u0105dzenie zostanie zainstalowane przez wykwalifikowanego in\u017cyniera posiadaj\u0105cego uprawnienia F-Gas.W Fabryce Ch\u0142odu znajdziesz produkty na kt\u00f3rych mo\u017cesz polega\u0107. Sam personel zawsze jest dost\u0119pny aby dzia\u0142a\u0107 dla Ciebie.Decyzja odno\u015bnie jakie marki reprezentujemy jest dokonywana na podstawie ceny\/jako\u015bci i dobrej obs\u0142ugi i wsparcia przez g\u0142\u00f3wnego dystrybutora. . Sam personel zawsze jest dost\u0119pny aby dzia\u0142a\u0107 dla Ciebie.<br \/>\nDecyzja odno\u015bnie jakie marki reprezentujemy jest dokonywana na podstawie ceny\/jako\u015bci i dobrej obs\u0142ugi i wsparcia przez g\u0142\u00f3wnego dystrybutora. <\/div><\/div><strong>Jakie s\u0105 wady tego klimatyzatora?<\/strong><br \/><div class=\"su-service\"><div class=\"su-service-title\" style=\"padding-left:52px;min-height:38px;line-height:38px\"><i class=\"sui sui-check-circle\" style=\"font-size:38px;color:#22a0ed\"><\/i> Wskaz\u00f3wka naszego eksperta<\/div><div class=\"su-service-content su-u-clearfix su-u-trim\" style=\"padding-left:52px\">Wydajny filtr w\u0119glowy oczyszczaj\u0105cy powietrze w pomieszczeniu ze smogu, zanieczyszczen (niewielki koszt zakupu).<\/div><\/div>\n<div class=\"hr-thin\"><\/div>\n<div class=\"su-service\"><div class=\"su-service-title\" style=\"padding-left:52px;min-height:38px;line-height:38px\"><i class=\"sui sui-hand-o-right\" style=\"font-size:38px;color:#22a0ed\"><\/i> Podsumowuj\u0105c<\/div><div class=\"su-service-content su-u-clearfix su-u-trim\" style=\"padding-left:52px\">Klimatyzacja podstropowa i przypod\u0142ogowa sprawdzi si\u0119 ka\u017cdym ma\u0142ym lokalu np. ma\u0142y salon fryzjerski, piekarnia, rze\u017anik, apteka, stoisko, kiosk\/magazyn sklep, kwiaciarnia, ma\u0142e gabinety lekarskie, ma\u0142e biura, ma\u0142e biura (cz\u0119sto zintegrowane w domu).<\/div><\/div>\n<p>PARAMETRY TECHNICZNE<\/p>\n<div class=\"su-tabs su-tabs-style-default su-tabs-mobile-stack\" data-active=\"1\" data-scroll-offset=\"0\" data-anchor-in-url=\"no\"><div class=\"su-tabs-nav\"><span class=\"\" data-url=\"\" data-target=\"blank\" tabindex=\"0\" role=\"button\">Przypod\u0142ogowo-sufitowy<\/span><span class=\"\" data-url=\"\" data-target=\"blank\" tabindex=\"0\" role=\"button\">Jed. Zewn\u0119trzne<\/span><span class=\"\" data-url=\"\" data-target=\"blank\" tabindex=\"0\" role=\"button\">Tabela korzysci<\/span><span class=\"\" data-url=\"\" data-target=\"blank\" tabindex=\"0\" role=\"button\">Por\u00f3wnanie modeli<\/span><span class=\"\" data-url=\"\" data-target=\"blank\" tabindex=\"0\" role=\"button\">Monta\u017c<\/span><span class=\"\" data-url=\"\" data-target=\"blank\" tabindex=\"0\" role=\"button\">Przepisy F-GAZ<\/span><\/div><div class=\"su-tabs-panes\"><div class=\"su-tabs-pane su-u-clearfix su-u-trim\" data-title=\"Przypod\u0142ogowo-sufitowy\"><div class=\"su-document su-u-responsive-media-yes\"><iframe src=\"\/\/docs.google.com\/viewer?embedded=true&url=https:\/\/www.fabrykachlodu.pl\/sklep\/wp-content\/uploads\/2020\/01\/Klimatyzatory_przysufitowo-przypodlogowe_konsole_HAIER.pdf\" width=\"600\" height=\"400\" class=\"su-document\" title=\"\"><\/iframe><\/div><\/div>\n<div class=\"su-tabs-pane su-u-clearfix su-u-trim\" data-title=\"Jed. Zewn\u0119trzne\"><div class=\"su-document su-u-responsive-media-yes\"><iframe src=\"\/\/docs.google.com\/viewer?embedded=true&url=https:\/\/www.fabrykachlodu.pl\/sklep\/wp-content\/uploads\/2020\/01\/Jednostki.Zewnetrzne.klimatyzacja.HAIER_.pdf\" width=\"600\" height=\"400\" class=\"su-document\" title=\"\"><\/iframe><\/div><\/div>\n<div class=\"su-tabs-pane su-u-clearfix su-u-trim\" data-title=\"Tabela korzysci\"><div class=\"su-document su-u-responsive-media-yes\"><iframe src=\"\/\/docs.google.com\/viewer?embedded=true&url=https:\/\/www.fabrykachlodu.pl\/sklep\/wp-content\/uploads\/2020\/01\/Tabela.korzysci.klimatyzacji.HAIER_.-SPLITR32.pdf\" width=\"600\" height=\"400\" class=\"su-document\" title=\"\"><\/iframe><\/div><\/div>\n<div class=\"su-tabs-pane su-u-clearfix su-u-trim\" data-title=\"Por\u00f3wnanie modeli\"><div class=\"su-document su-u-responsive-media-yes\"><iframe src=\"\/\/docs.google.com\/viewer?embedded=true&url=https:\/\/www.fabrykachlodu.pl\/sklep\/wp-content\/uploads\/2020\/01\/Porownanie_modeli_klimatyzatorow.HAIER_R32_Split.pdf\" width=\"600\" height=\"400\" class=\"su-document\" title=\"\"><\/iframe><\/div><\/div>\n<div class=\"su-tabs-pane su-u-clearfix su-u-trim\" data-title=\"Monta\u017c\"><div class=\"su-document su-u-responsive-media-yes\"><iframe src=\"\/\/docs.google.com\/viewer?embedded=true&url=https:\/\/www.fabrykachlodu.pl\/sklep\/wp-content\/uploads\/2020\/01\/Montaz.klimatyzacji.HAIER_.pdf\" width=\"600\" height=\"400\" class=\"su-document\" title=\"\"><\/iframe><\/div><\/div>\n<div class=\"su-tabs-pane su-u-clearfix su-u-trim\" data-title=\"Przepisy F-GAZ\"><div class=\"su-document su-u-responsive-media-yes\"><iframe src=\"\/\/docs.google.com\/viewer?embedded=true&url=https:\/\/www.fabrykachlodu.pl\/sklep\/wp-content\/uploads\/2020\/01\/Nowe-przepisy-F-Gaz-od-2015-roku.pdf\" width=\"600\" height=\"400\" class=\"su-document\" title=\"\"><\/iframe><\/div><\/div><\/div><\/div>\n<p>Dokumenty si\u0119 nie wy\u015bwietlaj\u0105? <input type=\"button\" value=\"Od\u015bwie\u017c stron\u0119\" onclick=\"location.reload();\"><br \/><div class=\"su-note\"  style=\"border-color:#e5e5e5;border-radius:3px;-moz-border-radius:3px;-webkit-border-radius:3px;\"><div class=\"su-note-inner su-u-clearfix su-u-trim\" style=\"background-color:#ffffff;border-color:#ffffff;color:#afafaf;border-radius:3px;-moz-border-radius:3px;-webkit-border-radius:3px;\">\u015awiadomo\u015b\u0107 \u015brodowiskowa jest po stronie producenta &#8211; HAIER spe\u0142nia rygorystyczne warunki np. Czynnik R32. Dla ciebie powinno mie\u0107 znaczenie korzy\u015b\u0107 w\u0142asna komfort\/pracownika\/klient\u00f3w.<\/div><\/div>\n","protected":false},"excerpt":{"rendered":"<p><span style=\"color: #000000;\"><strong>Najwa\u017cniejsze zalety<\/strong><\/span> [dt_list style=\"1\" bullet_position=\"middle\" dividers=\"true\"] [dt_list_item image=\"\"]Regulacja \u017caluzji w pionie[\/dt_list_item] [dt_list_item image=\"\"]Filtry BIO, Aktywny W\u0119giel, Potr\u00f3jny &#8211; do samodzielnej wymiany bez u\u017cycia narz\u0119dzi[\/dt_list_item] [dt_list_item image=\"\"]Ciep\u0142y start[\/dt_list_item] [dt_list_item image=\"\"]Polecany do sypialni bo cicho dzia\u0142a [\/dt_list_item] [\/dt_list]<\/p>\n","protected":false},"featured_media":52470,"template":"","meta":[],"product_cat":[2551,189],"product_tag":[2928,2929,1094,5065,4994,4963,5011,4989],"yoast_head":"<!-- This site is optimized with the Yoast SEO plugin v22.1 - https:\/\/yoast.com\/wordpress\/plugins\/seo\/ -->\n<title>\u00b0FC Haier Przypod\u0142ogowo-sufitowy Zestaw AC71S2SG1FA\/1U71S2SG1FA klimatyzacja HAIER o mocy 7.1kW, do 70m2, 7 pomieszcze\u0144<\/title>\n<meta name=\"description\" content=\"Zestaw AC71S2SG1FA\/1U71S2SG1FA klimatyzacja HAIER o mocy, 7.1kW, do 70m2, 7 pomieszcze\u0144 HAIER Przypod\u0142ogowo-sufitowy 3 pomieszczenia, 4 pomieszczenia 70m2 A++ R32, kW 7.1 do biura 70m2, sklepu 70m2, hotelu 70m2, salon fryzjerski, piekarnia, apteka, kwiaciarnia, gabinet lekarski, biuro, restauracja 70m2, Klimatyzacja HAIER Convertible, Przypod\u0142odowo- przysufitowy, Ma\u0142e biuro 70m2, Ma\u0142e mieszkanie 70m2\" \/>\n<meta name=\"robots\" content=\"index, follow, max-snippet:-1, max-image-preview:large, max-video-preview:-1\" \/>\n<link rel=\"canonical\" href=\"https:\/\/www.fabrykachlodu.pl\/sklep\/produkt\/przypodlogowo-sufitowy-zestaw-ac71s2sg1fa-1u71s2sg1fa-klimatyzacja-haier-o-mocy-7-1kw-do-70m2-7-pomieszczen\/\" \/>\n<meta name=\"twitter:label1\" content=\"Szacowany czas czytania\" \/>\n\t<meta name=\"twitter:data1\" content=\"4 minuty\" \/>\n<script type=\"application\/ld+json\" class=\"yoast-schema-graph\">{\"@context\":\"https:\/\/schema.org\",\"@graph\":[{\"@type\":\"WebPage\",\"@id\":\"https:\/\/www.fabrykachlodu.pl\/sklep\/produkt\/przypodlogowo-sufitowy-zestaw-ac71s2sg1fa-1u71s2sg1fa-klimatyzacja-haier-o-mocy-7-1kw-do-70m2-7-pomieszczen\/\",\"url\":\"https:\/\/www.fabrykachlodu.pl\/sklep\/produkt\/przypodlogowo-sufitowy-zestaw-ac71s2sg1fa-1u71s2sg1fa-klimatyzacja-haier-o-mocy-7-1kw-do-70m2-7-pomieszczen\/\",\"name\":\"\u00b0FC Haier Przypod\u0142ogowo-sufitowy Zestaw AC71S2SG1FA\/1U71S2SG1FA klimatyzacja HAIER o mocy 7.1kW, do 70m2, 7 pomieszcze\u0144\",\"isPartOf\":{\"@id\":\"https:\/\/www.fabrykachlodu.pl\/sklep\/#website\"},\"datePublished\":\"2020-01-22T10:10:23+00:00\",\"dateModified\":\"2023-04-02T20:30:43+00:00\",\"description\":\"Zestaw AC71S2SG1FA\/1U71S2SG1FA klimatyzacja HAIER o mocy, 7.1kW, do 70m2, 7 pomieszcze\u0144 HAIER Przypod\u0142ogowo-sufitowy 3 pomieszczenia, 4 pomieszczenia 70m2 A++ R32, kW 7.1 do biura 70m2, sklepu 70m2, hotelu 70m2, salon fryzjerski, piekarnia, apteka, kwiaciarnia, gabinet lekarski, biuro, restauracja 70m2, Klimatyzacja HAIER Convertible, Przypod\u0142odowo- przysufitowy, Ma\u0142e biuro 70m2, Ma\u0142e mieszkanie 70m2\",\"breadcrumb\":{\"@id\":\"https:\/\/www.fabrykachlodu.pl\/sklep\/produkt\/przypodlogowo-sufitowy-zestaw-ac71s2sg1fa-1u71s2sg1fa-klimatyzacja-haier-o-mocy-7-1kw-do-70m2-7-pomieszczen\/#breadcrumb\"},\"inLanguage\":\"pl-PL\",\"potentialAction\":[{\"@type\":\"ReadAction\",\"target\":[\"https:\/\/www.fabrykachlodu.pl\/sklep\/produkt\/przypodlogowo-sufitowy-zestaw-ac71s2sg1fa-1u71s2sg1fa-klimatyzacja-haier-o-mocy-7-1kw-do-70m2-7-pomieszczen\/\"]}]},{\"@type\":\"BreadcrumbList\",\"@id\":\"https:\/\/www.fabrykachlodu.pl\/sklep\/produkt\/przypodlogowo-sufitowy-zestaw-ac71s2sg1fa-1u71s2sg1fa-klimatyzacja-haier-o-mocy-7-1kw-do-70m2-7-pomieszczen\/#breadcrumb\",\"itemListElement\":[{\"@type\":\"ListItem\",\"position\":1,\"name\":\"Strona g\u0142\u00f3wna\",\"item\":\"https:\/\/www.fabrykachlodu.pl\/sklep\/\"},{\"@type\":\"ListItem\",\"position\":2,\"name\":\"Szukasz klimatzyacji biurowej sklepowej lub do mieszkania?\",\"item\":\"https:\/\/www.fabrykachlodu.pl\/sklep\/\"},{\"@type\":\"ListItem\",\"position\":3,\"name\":\"HAIER\",\"item\":\"https:\/\/www.fabrykachlodu.pl\/sklep\/product-category\/haier\/\"},{\"@type\":\"ListItem\",\"position\":4,\"name\":\"Przypod\u0142ogowo-sufitowy\",\"item\":\"https:\/\/www.fabrykachlodu.pl\/sklep\/product-category\/haier\/przypodlogowo-sufitowy-haier\/\"},{\"@type\":\"ListItem\",\"position\":5,\"name\":\"\u00b0FC Haier Przypod\u0142ogowo-sufitowy Zestaw AC71S2SG1FA\/1U71S2SG1FA klimatyzacja HAIER o mocy 7.1kW, do 70m2, 7 pomieszcze\u0144\"}]},{\"@type\":\"WebSite\",\"@id\":\"https:\/\/www.fabrykachlodu.pl\/sklep\/#website\",\"url\":\"https:\/\/www.fabrykachlodu.pl\/sklep\/\",\"name\":\"\u00b0FC Sklep Internetowy monta\u017c klimatyzacji pomp ciep\u0142a\",\"description\":\"\u00b0FC monta\u017c klimatyzacji pomp ciep\u0142a z nami to szybki i tani wyb\u00f3r.  Us\u0142ugi monta\u017cowe i serwisowe W Warszawie i okolicach..\",\"potentialAction\":[{\"@type\":\"SearchAction\",\"target\":{\"@type\":\"EntryPoint\",\"urlTemplate\":\"https:\/\/www.fabrykachlodu.pl\/sklep\/?s={search_term_string}\"},\"query-input\":\"required name=search_term_string\"}],\"inLanguage\":\"pl-PL\"}]}<\/script>\n<!-- \/ Yoast SEO plugin. -->","yoast_head_json":{"title":"\u00b0FC Haier Przypod\u0142ogowo-sufitowy Zestaw AC71S2SG1FA\/1U71S2SG1FA klimatyzacja HAIER o mocy 7.1kW, do 70m2, 7 pomieszcze\u0144","description":"Zestaw AC71S2SG1FA\/1U71S2SG1FA klimatyzacja HAIER o mocy, 7.1kW, do 70m2, 7 pomieszcze\u0144 HAIER Przypod\u0142ogowo-sufitowy 3 pomieszczenia, 4 pomieszczenia 70m2 A++ R32, kW 7.1 do biura 70m2, sklepu 70m2, hotelu 70m2, salon fryzjerski, piekarnia, apteka, kwiaciarnia, gabinet lekarski, biuro, restauracja 70m2, Klimatyzacja HAIER Convertible, Przypod\u0142odowo- przysufitowy, Ma\u0142e biuro 70m2, Ma\u0142e mieszkanie 70m2","robots":{"index":"index","follow":"follow","max-snippet":"max-snippet:-1","max-image-preview":"max-image-preview:large","max-video-preview":"max-video-preview:-1"},"canonical":"https:\/\/www.fabrykachlodu.pl\/sklep\/produkt\/przypodlogowo-sufitowy-zestaw-ac71s2sg1fa-1u71s2sg1fa-klimatyzacja-haier-o-mocy-7-1kw-do-70m2-7-pomieszczen\/","twitter_misc":{"Szacowany czas czytania":"4 minuty"},"schema":{"@context":"https:\/\/schema.org","@graph":[{"@type":"WebPage","@id":"https:\/\/www.fabrykachlodu.pl\/sklep\/produkt\/przypodlogowo-sufitowy-zestaw-ac71s2sg1fa-1u71s2sg1fa-klimatyzacja-haier-o-mocy-7-1kw-do-70m2-7-pomieszczen\/","url":"https:\/\/www.fabrykachlodu.pl\/sklep\/produkt\/przypodlogowo-sufitowy-zestaw-ac71s2sg1fa-1u71s2sg1fa-klimatyzacja-haier-o-mocy-7-1kw-do-70m2-7-pomieszczen\/","name":"\u00b0FC Haier Przypod\u0142ogowo-sufitowy Zestaw AC71S2SG1FA\/1U71S2SG1FA klimatyzacja HAIER o mocy 7.1kW, do 70m2, 7 pomieszcze\u0144","isPartOf":{"@id":"https:\/\/www.fabrykachlodu.pl\/sklep\/#website"},"datePublished":"2020-01-22T10:10:23+00:00","dateModified":"2023-04-02T20:30:43+00:00","description":"Zestaw AC71S2SG1FA\/1U71S2SG1FA klimatyzacja HAIER o mocy, 7.1kW, do 70m2, 7 pomieszcze\u0144 HAIER Przypod\u0142ogowo-sufitowy 3 pomieszczenia, 4 pomieszczenia 70m2 A++ R32, kW 7.1 do biura 70m2, sklepu 70m2, hotelu 70m2, salon fryzjerski, piekarnia, apteka, kwiaciarnia, gabinet lekarski, biuro, restauracja 70m2, Klimatyzacja HAIER Convertible, Przypod\u0142odowo- przysufitowy, Ma\u0142e biuro 70m2, Ma\u0142e mieszkanie 70m2","breadcrumb":{"@id":"https:\/\/www.fabrykachlodu.pl\/sklep\/produkt\/przypodlogowo-sufitowy-zestaw-ac71s2sg1fa-1u71s2sg1fa-klimatyzacja-haier-o-mocy-7-1kw-do-70m2-7-pomieszczen\/#breadcrumb"},"inLanguage":"pl-PL","potentialAction":[{"@type":"ReadAction","target":["https:\/\/www.fabrykachlodu.pl\/sklep\/produkt\/przypodlogowo-sufitowy-zestaw-ac71s2sg1fa-1u71s2sg1fa-klimatyzacja-haier-o-mocy-7-1kw-do-70m2-7-pomieszczen\/"]}]},{"@type":"BreadcrumbList","@id":"https:\/\/www.fabrykachlodu.pl\/sklep\/produkt\/przypodlogowo-sufitowy-zestaw-ac71s2sg1fa-1u71s2sg1fa-klimatyzacja-haier-o-mocy-7-1kw-do-70m2-7-pomieszczen\/#breadcrumb","itemListElement":[{"@type":"ListItem","position":1,"name":"Strona g\u0142\u00f3wna","item":"https:\/\/www.fabrykachlodu.pl\/sklep\/"},{"@type":"ListItem","position":2,"name":"Szukasz klimatzyacji biurowej sklepowej lub do mieszkania?","item":"https:\/\/www.fabrykachlodu.pl\/sklep\/"},{"@type":"ListItem","position":3,"name":"HAIER","item":"https:\/\/www.fabrykachlodu.pl\/sklep\/product-category\/haier\/"},{"@type":"ListItem","position":4,"name":"Przypod\u0142ogowo-sufitowy","item":"https:\/\/www.fabrykachlodu.pl\/sklep\/product-category\/haier\/przypodlogowo-sufitowy-haier\/"},{"@type":"ListItem","position":5,"name":"\u00b0FC Haier Przypod\u0142ogowo-sufitowy Zestaw AC71S2SG1FA\/1U71S2SG1FA klimatyzacja HAIER o mocy 7.1kW, do 70m2, 7 pomieszcze\u0144"}]},{"@type":"WebSite","@id":"https:\/\/www.fabrykachlodu.pl\/sklep\/#website","url":"https:\/\/www.fabrykachlodu.pl\/sklep\/","name":"\u00b0FC Sklep Internetowy monta\u017c klimatyzacji pomp ciep\u0142a","description":"\u00b0FC monta\u017c klimatyzacji pomp ciep\u0142a z nami to szybki i tani wyb\u00f3r.  Us\u0142ugi monta\u017cowe i serwisowe W Warszawie i okolicach..","potentialAction":[{"@type":"SearchAction","target":{"@type":"EntryPoint","urlTemplate":"https:\/\/www.fabrykachlodu.pl\/sklep\/?s={search_term_string}"},"query-input":"required name=search_term_string"}],"inLanguage":"pl-PL"}]}},"_links":{"self":[{"href":"https:\/\/www.fabrykachlodu.pl\/sklep\/wp-json\/wp\/v2\/product\/53344"}],"collection":[{"href":"https:\/\/www.fabrykachlodu.pl\/sklep\/wp-json\/wp\/v2\/product"}],"about":[{"href":"https:\/\/www.fabrykachlodu.pl\/sklep\/wp-json\/wp\/v2\/types\/product"}],"wp:featuredmedia":[{"embeddable":true,"href":"https:\/\/www.fabrykachlodu.pl\/sklep\/wp-json\/wp\/v2\/media\/52470"}],"wp:attachment":[{"href":"https:\/\/www.fabrykachlodu.pl\/sklep\/wp-json\/wp\/v2\/media?parent=53344"}],"wp:term":[{"taxonomy":"product_cat","embeddable":true,"href":"https:\/\/www.fabrykachlodu.pl\/sklep\/wp-json\/wp\/v2\/product_cat?post=53344"},{"taxonomy":"product_tag","embeddable":true,"href":"https:\/\/www.fabrykachlodu.pl\/sklep\/wp-json\/wp\/v2\/product_tag?post=53344"}],"curies":[{"name":"wp","href":"https:\/\/api.w.org\/{rel}","templated":true}]}}