{"id":69714,"date":"2020-04-16T10:16:59","date_gmt":"2020-04-16T08:16:59","guid":{"rendered":"http:\/\/www.fabrykachlodu.pl\/sklep\/produkt\/import-placeholder-for-850vr020105\/"},"modified":"2023-04-03T12:07:13","modified_gmt":"2023-04-03T10:07:13","slug":"akcesoria-do-izolacji-farba-25l","status":"publish","type":"product","link":"https:\/\/www.fabrykachlodu.pl\/sklep\/produkt\/akcesoria-do-izolacji-farba-25l\/","title":{"rendered":"AKCESORIA DO IZOLACJI Farba 2,5L"},"content":{"rendered":"<h2>Zam\u00f3wienie dotyczy: AKCESORIA DO IZOLACJI Farba 2,5L <\/h2>\n<p><h3><strong>W jednym miejscu poznasz:<\/strong><\/h3>\n<p>Informacje odno\u015bnie akcesori\u00f3w do klimatyzacji<br \/> Poznasz najwa\u017cniejsze funkcje<br \/> Por\u00f3wnasz produkty<br \/> Poznasz parametry techniczne<br \/> Poznasz cen\u0119 i zrealizujesz zam\u00f3wienie<br \/> <strong><\/p>\n<h3>Zamawiaj\u0105c produkt u nas:<\/strong><\/h3>\n<p>Otrzymasz produkt<br \/>\nJednostk\u0119 wewn\u0119trzna<br \/>\nJednostk\u0119 zewn\u0119trzna<br \/>\nSterowanie<br \/>\nAkcesoria<br \/> Serwis<br \/><strong><\/p>\n<h3>Zlecaj\u0105c nam monta\u017c otrzymasz:<\/strong><\/h3>\n<p>Rabat na wiele produkt\u00f3w<br \/> Kompletne pod\u0142\u0105czenie elektryczne oraz hydrauliczne<br \/> Gwarancje<br \/> Serwis<\/p>\n<p>K-FINISH jest farb\u0105 wyko\u0144czeniow\u0105 na bazie wodnej do zaizolowanych produktami K-Flex instalacji wewn\u0119trznych<br \/>\ni zewn\u0119trznych. Bezwonna i niezanieczyszczaj\u0105ca jest w szczeg\u00f3lno\u015bci wskazana do pomieszcze\u0144 zamkni\u0119tych.<br \/>\nJest farb\u0105 szybkoschn\u0105c\u0105, dobrze si\u0119 rozprowadza, a tak\u017ce charakteryzuje si\u0119 wysok\u0105 trwa\u0142o\u015bci\u0105. Zalecane jest<br \/>\npomalowanie zaizolowanych powierzchni instalacji zewn\u0119trznych. Sugerowane jest zastosowanie dw\u00f3ch warstw farby<br \/>\nK-FINISH. Farba dost\u0119pna w wiadrach o pojemno\u015bci 2,5 litra.<\/p>\n<p>Masz pop\u0119kan\u0105 lub uszkodzon\u0105 podczas instalacj\u0119 izolacyjn\u0105 lub otulin\u0119. Oferujemy r\u00f3wnie\u017c specjalna farba przeznaczona do uzupe\u0142niania pow\u0142oki COLOR. Gotowa do u\u017cycia farba powinna by\u0107 nak\u0142adana przy pomocy p\u0119dzla. Nieizolowane rury lub pow\u0142oki kt\u00f3re s\u0105 pop\u0119kane pobieraj\u0105 wi\u0119cej energii aby zwi\u0119kszy\u0107 wydajno\u015b\u0107 na wskutek utraty ciep\u0142a. Kiedy zastosujesz farb\u0119 FARBA K-FLEX COLOR uzupe\u0142nisz ni\u0105 p\u0119kni\u0119cia przywracaj\u0105c jedn\u0105 pow\u0142ok\u0119. Stosowana przez profesjonalist\u00f3w aby skutecznie przywr\u00f3ci\u0107 szczelno\u015b\u0107 izolacji. FARBA K-FLEX COLOR sprawdzi si\u0119 gdzie wykonano otulin\u0119 zbiornik\u00f3w oraz kszta\u0142tek mosi\u0119\u017cnych lub miedzianych, rur, kana\u0142\u00f3w wentylacyjnych.Fabryka Ch\u0142odu oferuje izolacje na bazie kauczuku syntetycznego do \u0142atwej i profesjonalnej izolacji i ochrony rur, kana\u0142\u00f3w powietrznych, zbiornik\u00f3w (tak\u017ce kszta\u0142tek i armatury) w ch\u0142odnictwie przemys\u0142owym i u\u017cytkowym, klimatyzacji i wentylacji firmy Armaflex. <br \/>Armaflex ACE to izolacja na bazie kauczuku syntetycznego cechuj\u0105c\u0105 si\u0119<br \/>\nwysok\u0105 odporno\u015bci\u0105 na dyfuzj\u0119 pary wodnej, nisk\u0105 przewodno\u015bci\u0105 ciepln\u0105 oraz wyj\u0105tkow\u0105 elastyczno\u015bci\u0105. <br \/> <div class=\"su-service\"><div class=\"su-service-title\" style=\"padding-left:52px;min-height:38px;line-height:38px\"><i class=\"sui sui-check-circle\" style=\"font-size:38px;color:#22a0ed\"><\/i> Wskaz\u00f3wka naszego eksperta<\/div><div class=\"su-service-content su-u-clearfix su-u-trim\" style=\"padding-left:52px\">Armaflex ACE jest przyjazny dla wykonawc\u00f3w, nie wymaga specjalnych narz\u0119dzi, daje si\u0119 w bardzo \u0142atwy spos\u00f3b klei\u0107, gwarantuj\u0105c trwa\u0142e i szczelne po\u0142\u0105czenia. Jest to szczeg\u00f3lnie wa\u017cne w chwili, kiedy izolacja ma za zadanie, opr\u00f3cz ograniczenia strat energii, zapobiega\u0107 kondensacji pary wodnej. Zdolno\u015b\u0107 do zachowania bardzo dobrych parametr\u00f3w w d\u0142ugim okresie czasu przyczynia si\u0119 do wydatnego zmniejszenie koszt\u00f3w eksploatacji instalacji oraz redukcj\u0119 ilo\u015bci emitowanego CO2 do \u015brodowiska. Wysoka jako\u015b\u0107 i niezawodno\u015b\u0107 izolacji Armaflex ACE, szeroki asortyment i \u0142atwa dost\u0119pno\u015b\u0107, szybko znalaz\u0142y uznanie w oczach inwestor\u00f3w, projektant\u00f3w i wykonawc\u00f3w.<br \/><\/div><\/div>\n<h2><strong>Zalety i wady producenta<\/strong><\/h2>\n<p><strong>Czy wybra\u0107 produkt tej firmy?<\/strong><br \/><div class=\"su-service\"><div class=\"su-service-title\" style=\"padding-left:52px;min-height:38px;line-height:38px\"><i class=\"sui sui-check-circle\" style=\"font-size:38px;color:#22a0ed\"><\/i> Wskaz\u00f3wka naszego eksperta<\/div><div class=\"su-service-content su-u-clearfix su-u-trim\" style=\"padding-left:52px\">Od momentu rozpocz\u0119cia dzia\u0142alno\u015bci celem Armacell jest d\u0105\u017cenie do jak najszybszego spe\u0142nienia oczekiwa\u0144 i wymaga\u0144 naszych Klient\u00f3w oraz poprawy stanu \u015brodowiska naturalnego. Firma systematycznie podnosi jako\u015b\u0107 produkt\u00f3w ze szczeg\u00f3lnym uwzgl\u0119dnieniem wp\u0142ywu na \u015brodowisko naturalne np.wdro\u017cono system zarz\u0105dzania jako\u015bci\u0105 ISO 9001:2015 oraz system zarz\u0105dzania \u015brodowiskowego oparty o wymagania normy ISO 14001:2076<\/div><\/div><strong>Mam w\u0105tpliwo\u015bci odno\u015bnie produktu, co zrobi\u0107?<\/strong><br \/><div class=\"su-service\"><div class=\"su-service-title\" style=\"padding-left:52px;min-height:38px;line-height:38px\"><i class=\"sui sui-check-circle\" style=\"font-size:38px;color:#22a0ed\"><\/i> Wskaz\u00f3wka naszego eksperta<\/div><div class=\"su-service-content su-u-clearfix su-u-trim\" style=\"padding-left:52px\">Osobiste podej\u015bcie<br \/>\nKomunikacja ma dla Fabryki Ch\u0142odu kluczowe znaczenie. Dbamy o ka\u017cdego klienta z indywidualnym i osobistym podej\u015bciem. Nasz zesp\u00f3\u0142 sprzeda\u017cy, w razie w\u0105tpliwo\u015bci  przeprowadzi Ci\u0119 krok po kroku, aby zrozumie\u0107 Twoje potrzeby, doradzi\u0107 wyb\u00f3r odpowiednich produkt\u00f3w, wys\u0142a\u0107 ofert\u0119 i upewnij si\u0119, \u017ce twoje zam\u00f3wienie zostanie dostarczone do magazynu.<\/div><\/div><div class=\"su-service\"><div class=\"su-service-title\" style=\"padding-left:52px;min-height:38px;line-height:38px\"><i class=\"sui sui-hand-o-right\" style=\"font-size:38px;color:#22a0ed\"><\/i> Podsumowuj\u0105c<\/div><div class=\"su-service-content su-u-clearfix su-u-trim\" style=\"padding-left:52px\">  W Fabryce Ch\u0142odu produkty Armacell Armaflex ACE stosowane s\u0105 w ka\u017cdym projekcie zar\u00f3wno w ma\u0142ych instalacjach jak i rozbudowanych projektach. Teraz, ka\u017cdy ma do nich dost\u0119p dzi\u0119ki sk\u0142adaj\u0105c zam\u00f3wienie w naszym sklepie online. Ju\u017c teraz znajdziesz najlepsze odpowiednie rozwi\u0105zanie dla swoich projekt\u00f3w.<\/p>\n<p>Zapasy i transport <br \/>\nOferujemy szybki i konkurencje rozwi\u0105zania transportowe, dzi\u0119ki utrzymywaniu dobrze wype\u0142nionego zapasu w magazynie. Z naszego magazynu zlokalizowanego pod Warszaw\u0105, dostarczymy produktu ju\u017c nast\u0119pnego dnia od z\u0142o\u017cenia zam\u00f3wienia. <\/div><\/div>\n<div class=\"hr-thin\"><\/div>\n<p>PARAMETRY TECHNICZNE<\/p>\n<div class=\"su-tabs su-tabs-style-default su-tabs-mobile-stack\" data-active=\"1\" data-scroll-offset=\"0\" data-anchor-in-url=\"no\"><div class=\"su-tabs-nav\"><span class=\"\" data-url=\"\" data-target=\"blank\" tabindex=\"0\" role=\"button\">Fabra FARBA K-FINISH<\/span><span class=\"\" data-url=\"\" data-target=\"blank\" tabindex=\"0\" role=\"button\">Profesjonalna instalacja<\/span><span class=\"\" data-url=\"\" data-target=\"blank\" tabindex=\"0\" role=\"button\">Przegl\u0105d oferty<\/span><span class=\"\" data-url=\"\" data-target=\"blank\" tabindex=\"0\" role=\"button\">Asortyment<\/span><span class=\"\" data-url=\"\" data-target=\"blank\" tabindex=\"0\" role=\"button\">Asortyment<\/span><\/div><div class=\"su-tabs-panes\"><div class=\"su-tabs-pane su-u-clearfix su-u-trim\" data-title=\"Fabra FARBA K-FINISH\"><div class=\"su-document su-u-responsive-media-yes\"><iframe src=\"\/\/docs.google.com\/viewer?embedded=true&url=https:\/\/www.fabrykachlodu.pl\/sklep\/wp-content\/uploads\/2020\/04\/132_kflex.otuliny.tasmy_.farby_.klejeKatalog-K-FLEX-2017.pdf\" width=\"600\" height=\"400\" class=\"su-document\" title=\"\"><\/iframe><\/div><\/div>\n<div class=\"su-tabs-pane su-u-clearfix su-u-trim\" data-title=\"Profesjonalna instalacja\"><div class=\"su-document su-u-responsive-media-yes\"><iframe src=\"\/\/docs.google.com\/viewer?embedded=true&url=https:\/\/www.fabrykachlodu.pl\/sklep\/wp-content\/uploads\/2020\/04\/13_Akcesoria.Klimatyzacjacastel_airco_2018.pdf\" width=\"600\" height=\"400\" class=\"su-document\" title=\"\"><\/iframe><\/div><\/div>\n<div class=\"su-tabs-pane su-u-clearfix su-u-trim\" data-title=\"Przegl\u0105d oferty\"><div class=\"su-document su-u-responsive-media-yes\"><iframe src=\"\/\/docs.google.com\/viewer?embedded=true&url=https:\/\/www.fabrykachlodu.pl\/sklep\/wp-content\/uploads\/2020\/04\/25_Akcesoria.Klimatyzacjacastel_airco_2018.pdf\" width=\"600\" height=\"400\" class=\"su-document\" title=\"\"><\/iframe><\/div><div class=\"su-document su-u-responsive-media-yes\"><iframe src=\"\/\/docs.google.com\/viewer?embedded=true&url=https:\/\/www.fabrykachlodu.pl\/sklep\/wp-content\/uploads\/2020\/04\/26_Akcesoria.Klimatyzacjacastel_airco_2018.pdf\" width=\"600\" height=\"400\" class=\"su-document\" title=\"\"><\/iframe><\/div><\/div>\n<div class=\"su-tabs-pane su-u-clearfix su-u-trim\" data-title=\"Asortyment\"><div class=\"su-document su-u-responsive-media-yes\"><iframe src=\"\/\/docs.google.com\/viewer?embedded=true&url=https:\/\/www.fabrykachlodu.pl\/sklep\/wp-content\/uploads\/2020\/04\/33.334.35.Akcesoria.Klimatyzacja.castel_airco_2018.pdf\" width=\"600\" height=\"400\" class=\"su-document\" title=\"\"><\/iframe><\/div><\/div>\n<div class=\"su-tabs-pane su-u-clearfix su-u-trim\" data-title=\"Asortyment\"><div class=\"su-document su-u-responsive-media-yes\"><iframe src=\"\/\/docs.google.com\/viewer?embedded=true&url=https:\/\/www.fabrykachlodu.pl\/sklep\/wp-content\/uploads\/2020\/04\/36.37.Akcesoria.Klimatyzacja.castel_airco_2018.pdf\" width=\"600\" height=\"400\" class=\"su-document\" title=\"\"><\/iframe><\/div><\/div><\/div><\/div>\n<p>Dokumenty si\u0119 nie wy\u015bwietlaj\u0105? <input type=\"button\" value=\"Od\u015bwie\u017c stron\u0119\" onclick=\"location.reload();\"><br \/><div class=\"su-note\"  style=\"border-color:#e5e5e5;border-radius:3px;-moz-border-radius:3px;-webkit-border-radius:3px;\"><div class=\"su-note-inner su-u-clearfix su-u-trim\" style=\"background-color:#ffffff;border-color:#ffffff;color:#afafaf;border-radius:3px;-moz-border-radius:3px;-webkit-border-radius:3px;\">AKCESORIA DO IZOLACJI Farba 2,5L <br \/>Akcesoria do \u0142atwej i profesjonalnej instalacji, belgijskiej firmy Castel Engineering<br \/>\nProdukty bardzo wysokiej jako\u015bci<br \/>\nPoszanowanie \u015brodowiska<br \/>\nOsobiste podej\u015bcie<\/p>\n<p>W Fabryce Ch\u0142odu produkty Castel Engineering stosowane s\u0105 w ka\u017cdym projekcie zar\u00f3wno w ma\u0142ych instalacjach jak i rozbudowanych projektach.<\/p>\n<p>Zapasy i transport <br \/>\nOferujemy szybki i konkurencje rozwi\u0105zania transportowe, dzi\u0119ki utrzymywaniu dobrze wype\u0142nionego zapasu w magazynie. Z naszego magazynu zlokalizowanego pod Warszaw\u0105, dostarczymy produktu ju\u017c nast\u0119pnego dnia od z\u0142o\u017cenia zam\u00f3wienia. <br \/><\/div><\/div>\n","protected":false},"excerpt":{"rendered":"<p><span style=\"color: #000000;\"><strong>Najwa\u017cniejsze zalety<\/strong><\/span>[dt_list style=\"1\" bullet_position=\"middle\" dividers=\"true\"][dt_list style=\"1\" bullet_position=\"middle\" dividers=\"true\"][dt_list_item image=\"\"]Farba wyko\u0144czeniow\u0105 na bazie wodnej [\/dt_list_item][dt_list_item image=\"\"]Do zaizolowanych instalacji wewn\u0119trznych i zewn\u0119trznych[\/dt_list_item][dt_list_item image=\"\"]Bezwonna i niezanieczyszczaj\u0105ca [\/dt_list_item][dt_list_item image=\"\"]Szybkoschn\u0105ca, dobrze si\u0119 rozprowadza, wysoka trwa\u0142o\u015bc[\/dt_list_item][\/dt_list]<\/p>\n","protected":false},"featured_media":61082,"template":"","meta":[],"product_cat":[4470,4538,189],"product_tag":[4472,4539],"yoast_head":"<!-- This site is optimized with the Yoast SEO plugin v22.1 - https:\/\/yoast.com\/wordpress\/plugins\/seo\/ -->\n<title>AKCESORIA DO IZOLACJI Farba 2,5L<\/title>\n<meta name=\"description\" content=\"AKCESORIA DO IZOLACJI Farba 2,5L\" \/>\n<meta name=\"robots\" content=\"index, follow, max-snippet:-1, max-image-preview:large, max-video-preview:-1\" \/>\n<link rel=\"canonical\" href=\"https:\/\/www.fabrykachlodu.pl\/sklep\/produkt\/akcesoria-do-izolacji-farba-25l\/\" \/>\n<meta name=\"twitter:label1\" content=\"Szacowany czas czytania\" \/>\n\t<meta name=\"twitter:data1\" content=\"5 minut\" \/>\n<script type=\"application\/ld+json\" class=\"yoast-schema-graph\">{\"@context\":\"https:\/\/schema.org\",\"@graph\":[{\"@type\":\"WebPage\",\"@id\":\"https:\/\/www.fabrykachlodu.pl\/sklep\/produkt\/akcesoria-do-izolacji-farba-25l\/\",\"url\":\"https:\/\/www.fabrykachlodu.pl\/sklep\/produkt\/akcesoria-do-izolacji-farba-25l\/\",\"name\":\"AKCESORIA DO IZOLACJI Farba 2,5L\",\"isPartOf\":{\"@id\":\"https:\/\/www.fabrykachlodu.pl\/sklep\/#website\"},\"datePublished\":\"2020-04-16T08:16:59+00:00\",\"dateModified\":\"2023-04-03T10:07:13+00:00\",\"description\":\"AKCESORIA DO IZOLACJI Farba 2,5L\",\"breadcrumb\":{\"@id\":\"https:\/\/www.fabrykachlodu.pl\/sklep\/produkt\/akcesoria-do-izolacji-farba-25l\/#breadcrumb\"},\"inLanguage\":\"pl-PL\",\"potentialAction\":[{\"@type\":\"ReadAction\",\"target\":[\"https:\/\/www.fabrykachlodu.pl\/sklep\/produkt\/akcesoria-do-izolacji-farba-25l\/\"]}]},{\"@type\":\"BreadcrumbList\",\"@id\":\"https:\/\/www.fabrykachlodu.pl\/sklep\/produkt\/akcesoria-do-izolacji-farba-25l\/#breadcrumb\",\"itemListElement\":[{\"@type\":\"ListItem\",\"position\":1,\"name\":\"Strona g\u0142\u00f3wna\",\"item\":\"https:\/\/www.fabrykachlodu.pl\/sklep\/\"},{\"@type\":\"ListItem\",\"position\":2,\"name\":\"Szukasz klimatzyacji biurowej sklepowej lub do mieszkania?\",\"item\":\"https:\/\/www.fabrykachlodu.pl\/sklep\/\"},{\"@type\":\"ListItem\",\"position\":3,\"name\":\"AKCESORIA-MONTAZOWE\",\"item\":\"https:\/\/www.fabrykachlodu.pl\/sklep\/product-category\/akcesoria-montazowe\/\"},{\"@type\":\"ListItem\",\"position\":4,\"name\":\"IZOLACJE\",\"item\":\"https:\/\/www.fabrykachlodu.pl\/sklep\/product-category\/akcesoria-montazowe\/izolacje\/\"},{\"@type\":\"ListItem\",\"position\":5,\"name\":\"AKCESORIA DO IZOLACJI Farba 2,5L\"}]},{\"@type\":\"WebSite\",\"@id\":\"https:\/\/www.fabrykachlodu.pl\/sklep\/#website\",\"url\":\"https:\/\/www.fabrykachlodu.pl\/sklep\/\",\"name\":\"\u00b0FC Sklep Internetowy monta\u017c klimatyzacji pomp ciep\u0142a\",\"description\":\"\u00b0FC monta\u017c klimatyzacji pomp ciep\u0142a z nami to szybki i tani wyb\u00f3r.  Us\u0142ugi monta\u017cowe i serwisowe W Warszawie i okolicach..\",\"potentialAction\":[{\"@type\":\"SearchAction\",\"target\":{\"@type\":\"EntryPoint\",\"urlTemplate\":\"https:\/\/www.fabrykachlodu.pl\/sklep\/?s={search_term_string}\"},\"query-input\":\"required name=search_term_string\"}],\"inLanguage\":\"pl-PL\"}]}<\/script>\n<!-- \/ Yoast SEO plugin. -->","yoast_head_json":{"title":"AKCESORIA DO IZOLACJI Farba 2,5L","description":"AKCESORIA DO IZOLACJI Farba 2,5L","robots":{"index":"index","follow":"follow","max-snippet":"max-snippet:-1","max-image-preview":"max-image-preview:large","max-video-preview":"max-video-preview:-1"},"canonical":"https:\/\/www.fabrykachlodu.pl\/sklep\/produkt\/akcesoria-do-izolacji-farba-25l\/","twitter_misc":{"Szacowany czas czytania":"5 minut"},"schema":{"@context":"https:\/\/schema.org","@graph":[{"@type":"WebPage","@id":"https:\/\/www.fabrykachlodu.pl\/sklep\/produkt\/akcesoria-do-izolacji-farba-25l\/","url":"https:\/\/www.fabrykachlodu.pl\/sklep\/produkt\/akcesoria-do-izolacji-farba-25l\/","name":"AKCESORIA DO IZOLACJI Farba 2,5L","isPartOf":{"@id":"https:\/\/www.fabrykachlodu.pl\/sklep\/#website"},"datePublished":"2020-04-16T08:16:59+00:00","dateModified":"2023-04-03T10:07:13+00:00","description":"AKCESORIA DO IZOLACJI Farba 2,5L","breadcrumb":{"@id":"https:\/\/www.fabrykachlodu.pl\/sklep\/produkt\/akcesoria-do-izolacji-farba-25l\/#breadcrumb"},"inLanguage":"pl-PL","potentialAction":[{"@type":"ReadAction","target":["https:\/\/www.fabrykachlodu.pl\/sklep\/produkt\/akcesoria-do-izolacji-farba-25l\/"]}]},{"@type":"BreadcrumbList","@id":"https:\/\/www.fabrykachlodu.pl\/sklep\/produkt\/akcesoria-do-izolacji-farba-25l\/#breadcrumb","itemListElement":[{"@type":"ListItem","position":1,"name":"Strona g\u0142\u00f3wna","item":"https:\/\/www.fabrykachlodu.pl\/sklep\/"},{"@type":"ListItem","position":2,"name":"Szukasz klimatzyacji biurowej sklepowej lub do mieszkania?","item":"https:\/\/www.fabrykachlodu.pl\/sklep\/"},{"@type":"ListItem","position":3,"name":"AKCESORIA-MONTAZOWE","item":"https:\/\/www.fabrykachlodu.pl\/sklep\/product-category\/akcesoria-montazowe\/"},{"@type":"ListItem","position":4,"name":"IZOLACJE","item":"https:\/\/www.fabrykachlodu.pl\/sklep\/product-category\/akcesoria-montazowe\/izolacje\/"},{"@type":"ListItem","position":5,"name":"AKCESORIA DO IZOLACJI Farba 2,5L"}]},{"@type":"WebSite","@id":"https:\/\/www.fabrykachlodu.pl\/sklep\/#website","url":"https:\/\/www.fabrykachlodu.pl\/sklep\/","name":"\u00b0FC Sklep Internetowy monta\u017c klimatyzacji pomp ciep\u0142a","description":"\u00b0FC monta\u017c klimatyzacji pomp ciep\u0142a z nami to szybki i tani wyb\u00f3r.  Us\u0142ugi monta\u017cowe i serwisowe W Warszawie i okolicach..","potentialAction":[{"@type":"SearchAction","target":{"@type":"EntryPoint","urlTemplate":"https:\/\/www.fabrykachlodu.pl\/sklep\/?s={search_term_string}"},"query-input":"required name=search_term_string"}],"inLanguage":"pl-PL"}]}},"_links":{"self":[{"href":"https:\/\/www.fabrykachlodu.pl\/sklep\/wp-json\/wp\/v2\/product\/69714"}],"collection":[{"href":"https:\/\/www.fabrykachlodu.pl\/sklep\/wp-json\/wp\/v2\/product"}],"about":[{"href":"https:\/\/www.fabrykachlodu.pl\/sklep\/wp-json\/wp\/v2\/types\/product"}],"wp:featuredmedia":[{"embeddable":true,"href":"https:\/\/www.fabrykachlodu.pl\/sklep\/wp-json\/wp\/v2\/media\/61082"}],"wp:attachment":[{"href":"https:\/\/www.fabrykachlodu.pl\/sklep\/wp-json\/wp\/v2\/media?parent=69714"}],"wp:term":[{"taxonomy":"product_cat","embeddable":true,"href":"https:\/\/www.fabrykachlodu.pl\/sklep\/wp-json\/wp\/v2\/product_cat?post=69714"},{"taxonomy":"product_tag","embeddable":true,"href":"https:\/\/www.fabrykachlodu.pl\/sklep\/wp-json\/wp\/v2\/product_tag?post=69714"}],"curies":[{"name":"wp","href":"https:\/\/api.w.org\/{rel}","templated":true}]}}